{"id":7478,"date":"2024-10-17T18:19:00","date_gmt":"2024-10-17T16:19:00","guid":{"rendered":"https:\/\/www.matyasnovak.eu\/?post_type=aktuality&#038;p=7478"},"modified":"2024-11-23T18:32:46","modified_gmt":"2024-11-23T17:32:46","slug":"rozhovor-s-matyasem-novakem-muj-nabity-diar","status":"publish","type":"aktuality","link":"https:\/\/www.matyasnovak.eu\/en\/aktuality\/rozhovor-s-matyasem-novakem-muj-nabity-diar\/","title":{"rendered":"Rozhovor s Maty\u00e1\u0161em Nov\u00e1kem: M\u016fj nabit\u00fd di\u00e1\u0159"},"content":{"rendered":"<p><strong>Klav\u00edrn\u00ed virtuos Maty\u00e1\u0161 Nov\u00e1k m\u00e1 nabit\u00fd di\u00e1\u0159 jako m\u00e1lokdo. Koncertuje po cel\u00e9m sv\u011bt\u011b, studuje, rekonstruuje starou usedlost, chov\u00e1 slepice, chce si postavit sklen\u00edk a zu\u0161lechtit ovocn\u00fd sad.<\/strong><\/p>\n\n\n\n<p>M\u00edt n\u011bkolik \u017eivot\u016f, v\u011bd\u011bl by, jak s nimi nalo\u017eit. Kdyby ho od d\u011btstv\u00ed nepohltila hudba a nestal se klav\u00edrn\u00edm virtuosem, m\u011bl by v z\u00e1loze hned n\u011bkolik profes\u00ed, jim\u017e by se r\u00e1d v\u011bnoval. T\u011b\u0161\u00ed se, \u017ee ve sv\u00e9 usedlosti, kterou buduje ve v\u00fdchodn\u00edch \u010cech\u00e1ch, bude m\u00edt jak koncertn\u00ed s\u00e1l, tak dobr\u00e9 z\u00e1zem\u00ed pro chov slepic.<\/p>\n\n\n\n<figure class=\"wp-block-gallery has-nested-images columns-default is-cropped wp-block-gallery-1 is-layout-flex wp-block-gallery-is-layout-flex\">\n<figure class=\"wp-block-image size-large\"><a href=\"https:\/\/www.matyasnovak.eu\/wp-content\/uploads\/2024\/11\/rozhovor-s-matyasem-novakem-muj-nabity-diar-01.jpg\"><img fetchpriority=\"high\" decoding=\"async\" width=\"754\" height=\"1024\" data-id=\"7483\" src=\"https:\/\/www.matyasnovak.eu\/wp-content\/uploads\/2024\/11\/rozhovor-s-matyasem-novakem-muj-nabity-diar-01-754x1024.jpg\" alt=\"\" class=\"wp-image-7483\" srcset=\"https:\/\/www.matyasnovak.eu\/wp-content\/uploads\/2024\/11\/rozhovor-s-matyasem-novakem-muj-nabity-diar-01-754x1024.jpg 754w, https:\/\/www.matyasnovak.eu\/wp-content\/uploads\/2024\/11\/rozhovor-s-matyasem-novakem-muj-nabity-diar-01-221x300.jpg 221w, https:\/\/www.matyasnovak.eu\/wp-content\/uploads\/2024\/11\/rozhovor-s-matyasem-novakem-muj-nabity-diar-01-768x1042.jpg 768w, https:\/\/www.matyasnovak.eu\/wp-content\/uploads\/2024\/11\/rozhovor-s-matyasem-novakem-muj-nabity-diar-01-1132x1536.jpg 1132w, https:\/\/www.matyasnovak.eu\/wp-content\/uploads\/2024\/11\/rozhovor-s-matyasem-novakem-muj-nabity-diar-01-9x12.jpg 9w, https:\/\/www.matyasnovak.eu\/wp-content\/uploads\/2024\/11\/rozhovor-s-matyasem-novakem-muj-nabity-diar-01.jpg 1240w\" sizes=\"(max-width: 754px) 100vw, 754px\" \/><\/a><\/figure>\n\n\n\n<figure class=\"wp-block-image size-large\"><a href=\"https:\/\/www.matyasnovak.eu\/wp-content\/uploads\/2024\/11\/rozhovor-s-matyasem-novakem-muj-nabity-diar-02.jpg\"><img decoding=\"async\" width=\"754\" height=\"1024\" data-id=\"7482\" src=\"https:\/\/www.matyasnovak.eu\/wp-content\/uploads\/2024\/11\/rozhovor-s-matyasem-novakem-muj-nabity-diar-02-754x1024.jpg\" alt=\"\" class=\"wp-image-7482\" srcset=\"https:\/\/www.matyasnovak.eu\/wp-content\/uploads\/2024\/11\/rozhovor-s-matyasem-novakem-muj-nabity-diar-02-754x1024.jpg 754w, https:\/\/www.matyasnovak.eu\/wp-content\/uploads\/2024\/11\/rozhovor-s-matyasem-novakem-muj-nabity-diar-02-221x300.jpg 221w, https:\/\/www.matyasnovak.eu\/wp-content\/uploads\/2024\/11\/rozhovor-s-matyasem-novakem-muj-nabity-diar-02-768x1042.jpg 768w, https:\/\/www.matyasnovak.eu\/wp-content\/uploads\/2024\/11\/rozhovor-s-matyasem-novakem-muj-nabity-diar-02-1132x1536.jpg 1132w, https:\/\/www.matyasnovak.eu\/wp-content\/uploads\/2024\/11\/rozhovor-s-matyasem-novakem-muj-nabity-diar-02-9x12.jpg 9w, https:\/\/www.matyasnovak.eu\/wp-content\/uploads\/2024\/11\/rozhovor-s-matyasem-novakem-muj-nabity-diar-02.jpg 1240w\" sizes=\"(max-width: 754px) 100vw, 754px\" \/><\/a><\/figure>\n\n\n\n<figure class=\"wp-block-image size-large\"><a href=\"https:\/\/www.matyasnovak.eu\/wp-content\/uploads\/2024\/11\/rozhovor-s-matyasem-novakem-muj-nabity-diar-03.jpg\"><img decoding=\"async\" width=\"763\" height=\"1024\" data-id=\"7484\" src=\"https:\/\/www.matyasnovak.eu\/wp-content\/uploads\/2024\/11\/rozhovor-s-matyasem-novakem-muj-nabity-diar-03-763x1024.jpg\" alt=\"\" class=\"wp-image-7484\" srcset=\"https:\/\/www.matyasnovak.eu\/wp-content\/uploads\/2024\/11\/rozhovor-s-matyasem-novakem-muj-nabity-diar-03-763x1024.jpg 763w, https:\/\/www.matyasnovak.eu\/wp-content\/uploads\/2024\/11\/rozhovor-s-matyasem-novakem-muj-nabity-diar-03-224x300.jpg 224w, https:\/\/www.matyasnovak.eu\/wp-content\/uploads\/2024\/11\/rozhovor-s-matyasem-novakem-muj-nabity-diar-03-768x1031.jpg 768w, https:\/\/www.matyasnovak.eu\/wp-content\/uploads\/2024\/11\/rozhovor-s-matyasem-novakem-muj-nabity-diar-03-1145x1536.jpg 1145w, https:\/\/www.matyasnovak.eu\/wp-content\/uploads\/2024\/11\/rozhovor-s-matyasem-novakem-muj-nabity-diar-03-9x12.jpg 9w, https:\/\/www.matyasnovak.eu\/wp-content\/uploads\/2024\/11\/rozhovor-s-matyasem-novakem-muj-nabity-diar-03.jpg 1240w\" sizes=\"(max-width: 763px) 100vw, 763px\" \/><\/a><\/figure>\n\n\n\n<figure class=\"wp-block-image size-large\"><a href=\"https:\/\/www.matyasnovak.eu\/wp-content\/uploads\/2024\/11\/rozhovor-s-matyasem-novakem-muj-nabity-diar-04.jpg\"><img loading=\"lazy\" decoding=\"async\" width=\"1024\" height=\"567\" data-id=\"7480\" src=\"https:\/\/www.matyasnovak.eu\/wp-content\/uploads\/2024\/11\/rozhovor-s-matyasem-novakem-muj-nabity-diar-04-1024x567.jpg\" alt=\"\" class=\"wp-image-7480\" srcset=\"https:\/\/www.matyasnovak.eu\/wp-content\/uploads\/2024\/11\/rozhovor-s-matyasem-novakem-muj-nabity-diar-04-1024x567.jpg 1024w, https:\/\/www.matyasnovak.eu\/wp-content\/uploads\/2024\/11\/rozhovor-s-matyasem-novakem-muj-nabity-diar-04-300x166.jpg 300w, https:\/\/www.matyasnovak.eu\/wp-content\/uploads\/2024\/11\/rozhovor-s-matyasem-novakem-muj-nabity-diar-04-768x425.jpg 768w, https:\/\/www.matyasnovak.eu\/wp-content\/uploads\/2024\/11\/rozhovor-s-matyasem-novakem-muj-nabity-diar-04-18x10.jpg 18w, https:\/\/www.matyasnovak.eu\/wp-content\/uploads\/2024\/11\/rozhovor-s-matyasem-novakem-muj-nabity-diar-04.jpg 1240w\" sizes=\"(max-width: 1024px) 100vw, 1024px\" \/><\/a><\/figure>\n\n\n\n<figure class=\"wp-block-image size-large\"><a href=\"https:\/\/www.matyasnovak.eu\/wp-content\/uploads\/2024\/11\/rozhovor-s-matyasem-novakem-muj-nabity-diar-05.jpg\"><img loading=\"lazy\" decoding=\"async\" width=\"748\" height=\"1024\" data-id=\"7485\" src=\"https:\/\/www.matyasnovak.eu\/wp-content\/uploads\/2024\/11\/rozhovor-s-matyasem-novakem-muj-nabity-diar-05-748x1024.jpg\" alt=\"\" class=\"wp-image-7485\" srcset=\"https:\/\/www.matyasnovak.eu\/wp-content\/uploads\/2024\/11\/rozhovor-s-matyasem-novakem-muj-nabity-diar-05-748x1024.jpg 748w, https:\/\/www.matyasnovak.eu\/wp-content\/uploads\/2024\/11\/rozhovor-s-matyasem-novakem-muj-nabity-diar-05-219x300.jpg 219w, https:\/\/www.matyasnovak.eu\/wp-content\/uploads\/2024\/11\/rozhovor-s-matyasem-novakem-muj-nabity-diar-05-768x1051.jpg 768w, https:\/\/www.matyasnovak.eu\/wp-content\/uploads\/2024\/11\/rozhovor-s-matyasem-novakem-muj-nabity-diar-05-1123x1536.jpg 1123w, https:\/\/www.matyasnovak.eu\/wp-content\/uploads\/2024\/11\/rozhovor-s-matyasem-novakem-muj-nabity-diar-05-9x12.jpg 9w, https:\/\/www.matyasnovak.eu\/wp-content\/uploads\/2024\/11\/rozhovor-s-matyasem-novakem-muj-nabity-diar-05.jpg 1230w\" sizes=\"(max-width: 748px) 100vw, 748px\" \/><\/a><\/figure>\n\n\n\n<figure class=\"wp-block-image size-large\"><a href=\"https:\/\/www.matyasnovak.eu\/wp-content\/uploads\/2024\/11\/rozhovor-s-matyasem-novakem-muj-nabity-diar-06.jpg\"><img loading=\"lazy\" decoding=\"async\" width=\"1024\" height=\"543\" data-id=\"7481\" src=\"https:\/\/www.matyasnovak.eu\/wp-content\/uploads\/2024\/11\/rozhovor-s-matyasem-novakem-muj-nabity-diar-06-1024x543.jpg\" alt=\"\" class=\"wp-image-7481\" srcset=\"https:\/\/www.matyasnovak.eu\/wp-content\/uploads\/2024\/11\/rozhovor-s-matyasem-novakem-muj-nabity-diar-06-1024x543.jpg 1024w, https:\/\/www.matyasnovak.eu\/wp-content\/uploads\/2024\/11\/rozhovor-s-matyasem-novakem-muj-nabity-diar-06-300x159.jpg 300w, https:\/\/www.matyasnovak.eu\/wp-content\/uploads\/2024\/11\/rozhovor-s-matyasem-novakem-muj-nabity-diar-06-768x407.jpg 768w, https:\/\/www.matyasnovak.eu\/wp-content\/uploads\/2024\/11\/rozhovor-s-matyasem-novakem-muj-nabity-diar-06-18x10.jpg 18w, https:\/\/www.matyasnovak.eu\/wp-content\/uploads\/2024\/11\/rozhovor-s-matyasem-novakem-muj-nabity-diar-06.jpg 1240w\" sizes=\"(max-width: 1024px) 100vw, 1024px\" \/><\/a><\/figure>\n<\/figure>\n\n\n\n<p><strong>Zdroj:<\/strong>&nbsp;Dnes Magaz\u00edn TV, 42; 17.10.2024,&nbsp;<strong>Autor:<\/strong>&nbsp;Ivana Kar\u00e1skov\u00e1<a href=\"https:\/\/janadioszegi.cz\/media\/rozhovor-s-matyasem-novakem-muj-nabity-diar\/\"><\/a><\/p>","protected":false},"featured_media":7479,"template":"","meta":{"_acf_changed":false},"categories":[13,161],"class_list":["post-7478","aktuality","type-aktuality","status-publish","has-post-thumbnail","hentry","category-aktuality","category-tisk"],"acf":[],"yoast_head":"<!-- This site is optimized with the Yoast SEO plugin v27.4 - https:\/\/yoast.com\/product\/yoast-seo-wordpress\/ -->\n<title>Rozhovor s Maty\u00e1\u0161em Nov\u00e1kem: M\u016fj nabit\u00fd di\u00e1\u0159 ~ Maty\u00e1\u0161 Nov\u00e1k<\/title>\n<meta name=\"robots\" content=\"index, follow, max-snippet:-1, max-image-preview:large, max-video-preview:-1\" \/>\n<link rel=\"canonical\" href=\"https:\/\/www.matyasnovak.eu\/en\/aktuality\/rozhovor-s-matyasem-novakem-muj-nabity-diar\/\" \/>\n<meta property=\"og:locale\" content=\"en_GB\" \/>\n<meta property=\"og:type\" content=\"article\" \/>\n<meta property=\"og:title\" content=\"Rozhovor s Maty\u00e1\u0161em Nov\u00e1kem: M\u016fj nabit\u00fd di\u00e1\u0159 ~ Maty\u00e1\u0161 Nov\u00e1k\" \/>\n<meta property=\"og:description\" content=\"Klav\u00edrn\u00ed virtuos Maty\u00e1\u0161 Nov\u00e1k m\u00e1 nabit\u00fd di\u00e1\u0159 jako m\u00e1lokdo. Koncertuje po cel\u00e9m sv\u011bt\u011b, studuje, rekonstruuje starou usedlost, chov\u00e1 slepice, chce si postavit sklen\u00edk a zu\u0161lechtit ovocn\u00fd sad. M\u00edt n\u011bkolik \u017eivot\u016f, v\u011bd\u011bl by, jak s nimi nalo\u017eit. Kdyby ho od d\u011btstv\u00ed nepohltila hudba a nestal se klav\u00edrn\u00edm virtuosem, m\u011bl by v z\u00e1loze hned n\u011bkolik profes\u00ed, jim\u017e [&hellip;]\" \/>\n<meta property=\"og:url\" content=\"https:\/\/www.matyasnovak.eu\/en\/aktuality\/rozhovor-s-matyasem-novakem-muj-nabity-diar\/\" \/>\n<meta property=\"og:site_name\" content=\"Maty\u00e1\u0161 Nov\u00e1k\" \/>\n<meta property=\"article:publisher\" content=\"https:\/\/www.facebook.com\/matyasnovakpianist\/\" \/>\n<meta property=\"article:modified_time\" content=\"2024-11-23T17:32:46+00:00\" \/>\n<meta property=\"og:image\" content=\"https:\/\/www.matyasnovak.eu\/wp-content\/uploads\/2024\/11\/rozhovor-s-matyasem-novakem-muj-nabity-diar.jpg\" \/>\n\t<meta property=\"og:image:width\" content=\"800\" \/>\n\t<meta property=\"og:image:height\" content=\"540\" \/>\n\t<meta property=\"og:image:type\" content=\"image\/jpeg\" \/>\n<meta name=\"twitter:card\" content=\"summary_large_image\" \/>\n<meta name=\"twitter:label1\" content=\"Estimated reading time\" \/>\n\t<meta name=\"twitter:data1\" content=\"2 minutes\" \/>\n<script type=\"application\/ld+json\" class=\"yoast-schema-graph\">{\"@context\":\"https:\\\/\\\/schema.org\",\"@graph\":[{\"@type\":\"WebPage\",\"@id\":\"https:\\\/\\\/www.matyasnovak.eu\\\/aktuality\\\/rozhovor-s-matyasem-novakem-muj-nabity-diar\\\/\",\"url\":\"https:\\\/\\\/www.matyasnovak.eu\\\/aktuality\\\/rozhovor-s-matyasem-novakem-muj-nabity-diar\\\/\",\"name\":\"Rozhovor s Maty\u00e1\u0161em Nov\u00e1kem: M\u016fj nabit\u00fd di\u00e1\u0159 ~ Maty\u00e1\u0161 Nov\u00e1k\",\"isPartOf\":{\"@id\":\"https:\\\/\\\/novakweb2.eu\\\/#website\"},\"primaryImageOfPage\":{\"@id\":\"https:\\\/\\\/www.matyasnovak.eu\\\/aktuality\\\/rozhovor-s-matyasem-novakem-muj-nabity-diar\\\/#primaryimage\"},\"image\":{\"@id\":\"https:\\\/\\\/www.matyasnovak.eu\\\/aktuality\\\/rozhovor-s-matyasem-novakem-muj-nabity-diar\\\/#primaryimage\"},\"thumbnailUrl\":\"https:\\\/\\\/www.matyasnovak.eu\\\/wp-content\\\/uploads\\\/2024\\\/11\\\/rozhovor-s-matyasem-novakem-muj-nabity-diar.jpg\",\"datePublished\":\"2024-10-17T16:19:00+00:00\",\"dateModified\":\"2024-11-23T17:32:46+00:00\",\"breadcrumb\":{\"@id\":\"https:\\\/\\\/www.matyasnovak.eu\\\/aktuality\\\/rozhovor-s-matyasem-novakem-muj-nabity-diar\\\/#breadcrumb\"},\"inLanguage\":\"en-GB\",\"potentialAction\":[{\"@type\":\"ReadAction\",\"target\":[\"https:\\\/\\\/www.matyasnovak.eu\\\/aktuality\\\/rozhovor-s-matyasem-novakem-muj-nabity-diar\\\/\"]}]},{\"@type\":\"ImageObject\",\"inLanguage\":\"en-GB\",\"@id\":\"https:\\\/\\\/www.matyasnovak.eu\\\/aktuality\\\/rozhovor-s-matyasem-novakem-muj-nabity-diar\\\/#primaryimage\",\"url\":\"https:\\\/\\\/www.matyasnovak.eu\\\/wp-content\\\/uploads\\\/2024\\\/11\\\/rozhovor-s-matyasem-novakem-muj-nabity-diar.jpg\",\"contentUrl\":\"https:\\\/\\\/www.matyasnovak.eu\\\/wp-content\\\/uploads\\\/2024\\\/11\\\/rozhovor-s-matyasem-novakem-muj-nabity-diar.jpg\",\"width\":800,\"height\":540},{\"@type\":\"BreadcrumbList\",\"@id\":\"https:\\\/\\\/www.matyasnovak.eu\\\/aktuality\\\/rozhovor-s-matyasem-novakem-muj-nabity-diar\\\/#breadcrumb\",\"itemListElement\":[{\"@type\":\"ListItem\",\"position\":1,\"name\":\"Dom\u016f\",\"item\":\"https:\\\/\\\/www.matyasnovak.eu\\\/\"},{\"@type\":\"ListItem\",\"position\":2,\"name\":\"Rozhovor s Maty\u00e1\u0161em Nov\u00e1kem: M\u016fj nabit\u00fd di\u00e1\u0159\"}]},{\"@type\":\"WebSite\",\"@id\":\"https:\\\/\\\/novakweb2.eu\\\/#website\",\"url\":\"https:\\\/\\\/novakweb2.eu\\\/\",\"name\":\"Maty\u00e1\u0161 Nov\u00e1k\",\"description\":\"\",\"publisher\":{\"@id\":\"https:\\\/\\\/novakweb2.eu\\\/#\\\/schema\\\/person\\\/3fd5dc2f65072c5a94a64eb54623e857\"},\"potentialAction\":[{\"@type\":\"SearchAction\",\"target\":{\"@type\":\"EntryPoint\",\"urlTemplate\":\"https:\\\/\\\/novakweb2.eu\\\/?s={search_term_string}\"},\"query-input\":{\"@type\":\"PropertyValueSpecification\",\"valueRequired\":true,\"valueName\":\"search_term_string\"}}],\"inLanguage\":\"en-GB\"},{\"@type\":[\"Person\",\"Organization\"],\"@id\":\"https:\\\/\\\/novakweb2.eu\\\/#\\\/schema\\\/person\\\/3fd5dc2f65072c5a94a64eb54623e857\",\"name\":\"Maty\u00e1\u0161 Nov\u00e1k\",\"image\":{\"@type\":\"ImageObject\",\"inLanguage\":\"en-GB\",\"@id\":\"https:\\\/\\\/www.matyasnovak.eu\\\/wp-content\\\/uploads\\\/2023\\\/07\\\/foto-lenka-hatasova7233-scaled-1.webp\",\"url\":\"https:\\\/\\\/www.matyasnovak.eu\\\/wp-content\\\/uploads\\\/2023\\\/07\\\/foto-lenka-hatasova7233-scaled-1.webp\",\"contentUrl\":\"https:\\\/\\\/www.matyasnovak.eu\\\/wp-content\\\/uploads\\\/2023\\\/07\\\/foto-lenka-hatasova7233-scaled-1.webp\",\"width\":1792,\"height\":1194,\"caption\":\"Maty\u00e1\u0161 Nov\u00e1k\"},\"logo\":{\"@id\":\"https:\\\/\\\/www.matyasnovak.eu\\\/wp-content\\\/uploads\\\/2023\\\/07\\\/foto-lenka-hatasova7233-scaled-1.webp\"},\"sameAs\":[\"https:\\\/\\\/www.matyasnovak.eu\\\/\",\"https:\\\/\\\/www.facebook.com\\\/matyasnovakpianist\\\/\",\"https:\\\/\\\/www.youtube.com\\\/@matyasnovakpianist1921\"]}]}<\/script>\n<!-- \/ Yoast SEO plugin. -->","yoast_head_json":{"title":"Rozhovor s Maty\u00e1\u0161em Nov\u00e1kem: M\u016fj nabit\u00fd di\u00e1\u0159 ~ Maty\u00e1\u0161 Nov\u00e1k","robots":{"index":"index","follow":"follow","max-snippet":"max-snippet:-1","max-image-preview":"max-image-preview:large","max-video-preview":"max-video-preview:-1"},"canonical":"https:\/\/www.matyasnovak.eu\/en\/aktuality\/rozhovor-s-matyasem-novakem-muj-nabity-diar\/","og_locale":"en_GB","og_type":"article","og_title":"Rozhovor s Maty\u00e1\u0161em Nov\u00e1kem: M\u016fj nabit\u00fd di\u00e1\u0159 ~ Maty\u00e1\u0161 Nov\u00e1k","og_description":"Klav\u00edrn\u00ed virtuos Maty\u00e1\u0161 Nov\u00e1k m\u00e1 nabit\u00fd di\u00e1\u0159 jako m\u00e1lokdo. Koncertuje po cel\u00e9m sv\u011bt\u011b, studuje, rekonstruuje starou usedlost, chov\u00e1 slepice, chce si postavit sklen\u00edk a zu\u0161lechtit ovocn\u00fd sad. M\u00edt n\u011bkolik \u017eivot\u016f, v\u011bd\u011bl by, jak s nimi nalo\u017eit. Kdyby ho od d\u011btstv\u00ed nepohltila hudba a nestal se klav\u00edrn\u00edm virtuosem, m\u011bl by v z\u00e1loze hned n\u011bkolik profes\u00ed, jim\u017e [&hellip;]","og_url":"https:\/\/www.matyasnovak.eu\/en\/aktuality\/rozhovor-s-matyasem-novakem-muj-nabity-diar\/","og_site_name":"Maty\u00e1\u0161 Nov\u00e1k","article_publisher":"https:\/\/www.facebook.com\/matyasnovakpianist\/","article_modified_time":"2024-11-23T17:32:46+00:00","og_image":[{"width":800,"height":540,"url":"https:\/\/www.matyasnovak.eu\/wp-content\/uploads\/2024\/11\/rozhovor-s-matyasem-novakem-muj-nabity-diar.jpg","type":"image\/jpeg"}],"twitter_card":"summary_large_image","twitter_misc":{"Estimated reading time":"2 minutes"},"schema":{"@context":"https:\/\/schema.org","@graph":[{"@type":"WebPage","@id":"https:\/\/www.matyasnovak.eu\/aktuality\/rozhovor-s-matyasem-novakem-muj-nabity-diar\/","url":"https:\/\/www.matyasnovak.eu\/aktuality\/rozhovor-s-matyasem-novakem-muj-nabity-diar\/","name":"Rozhovor s Maty\u00e1\u0161em Nov\u00e1kem: M\u016fj nabit\u00fd di\u00e1\u0159 ~ Maty\u00e1\u0161 Nov\u00e1k","isPartOf":{"@id":"https:\/\/novakweb2.eu\/#website"},"primaryImageOfPage":{"@id":"https:\/\/www.matyasnovak.eu\/aktuality\/rozhovor-s-matyasem-novakem-muj-nabity-diar\/#primaryimage"},"image":{"@id":"https:\/\/www.matyasnovak.eu\/aktuality\/rozhovor-s-matyasem-novakem-muj-nabity-diar\/#primaryimage"},"thumbnailUrl":"https:\/\/www.matyasnovak.eu\/wp-content\/uploads\/2024\/11\/rozhovor-s-matyasem-novakem-muj-nabity-diar.jpg","datePublished":"2024-10-17T16:19:00+00:00","dateModified":"2024-11-23T17:32:46+00:00","breadcrumb":{"@id":"https:\/\/www.matyasnovak.eu\/aktuality\/rozhovor-s-matyasem-novakem-muj-nabity-diar\/#breadcrumb"},"inLanguage":"en-GB","potentialAction":[{"@type":"ReadAction","target":["https:\/\/www.matyasnovak.eu\/aktuality\/rozhovor-s-matyasem-novakem-muj-nabity-diar\/"]}]},{"@type":"ImageObject","inLanguage":"en-GB","@id":"https:\/\/www.matyasnovak.eu\/aktuality\/rozhovor-s-matyasem-novakem-muj-nabity-diar\/#primaryimage","url":"https:\/\/www.matyasnovak.eu\/wp-content\/uploads\/2024\/11\/rozhovor-s-matyasem-novakem-muj-nabity-diar.jpg","contentUrl":"https:\/\/www.matyasnovak.eu\/wp-content\/uploads\/2024\/11\/rozhovor-s-matyasem-novakem-muj-nabity-diar.jpg","width":800,"height":540},{"@type":"BreadcrumbList","@id":"https:\/\/www.matyasnovak.eu\/aktuality\/rozhovor-s-matyasem-novakem-muj-nabity-diar\/#breadcrumb","itemListElement":[{"@type":"ListItem","position":1,"name":"Dom\u016f","item":"https:\/\/www.matyasnovak.eu\/"},{"@type":"ListItem","position":2,"name":"Rozhovor s Maty\u00e1\u0161em Nov\u00e1kem: M\u016fj nabit\u00fd di\u00e1\u0159"}]},{"@type":"WebSite","@id":"https:\/\/novakweb2.eu\/#website","url":"https:\/\/novakweb2.eu\/","name":"Maty\u00e1\u0161 Nov\u00e1k","description":"","publisher":{"@id":"https:\/\/novakweb2.eu\/#\/schema\/person\/3fd5dc2f65072c5a94a64eb54623e857"},"potentialAction":[{"@type":"SearchAction","target":{"@type":"EntryPoint","urlTemplate":"https:\/\/novakweb2.eu\/?s={search_term_string}"},"query-input":{"@type":"PropertyValueSpecification","valueRequired":true,"valueName":"search_term_string"}}],"inLanguage":"en-GB"},{"@type":["Person","Organization"],"@id":"https:\/\/novakweb2.eu\/#\/schema\/person\/3fd5dc2f65072c5a94a64eb54623e857","name":"Maty\u00e1\u0161 Nov\u00e1k","image":{"@type":"ImageObject","inLanguage":"en-GB","@id":"https:\/\/www.matyasnovak.eu\/wp-content\/uploads\/2023\/07\/foto-lenka-hatasova7233-scaled-1.webp","url":"https:\/\/www.matyasnovak.eu\/wp-content\/uploads\/2023\/07\/foto-lenka-hatasova7233-scaled-1.webp","contentUrl":"https:\/\/www.matyasnovak.eu\/wp-content\/uploads\/2023\/07\/foto-lenka-hatasova7233-scaled-1.webp","width":1792,"height":1194,"caption":"Maty\u00e1\u0161 Nov\u00e1k"},"logo":{"@id":"https:\/\/www.matyasnovak.eu\/wp-content\/uploads\/2023\/07\/foto-lenka-hatasova7233-scaled-1.webp"},"sameAs":["https:\/\/www.matyasnovak.eu\/","https:\/\/www.facebook.com\/matyasnovakpianist\/","https:\/\/www.youtube.com\/@matyasnovakpianist1921"]}]}},"_links":{"self":[{"href":"https:\/\/www.matyasnovak.eu\/en\/wp-json\/wp\/v2\/aktuality\/7478","targetHints":{"allow":["GET"]}}],"collection":[{"href":"https:\/\/www.matyasnovak.eu\/en\/wp-json\/wp\/v2\/aktuality"}],"about":[{"href":"https:\/\/www.matyasnovak.eu\/en\/wp-json\/wp\/v2\/types\/aktuality"}],"version-history":[{"count":2,"href":"https:\/\/www.matyasnovak.eu\/en\/wp-json\/wp\/v2\/aktuality\/7478\/revisions"}],"predecessor-version":[{"id":7489,"href":"https:\/\/www.matyasnovak.eu\/en\/wp-json\/wp\/v2\/aktuality\/7478\/revisions\/7489"}],"wp:featuredmedia":[{"embeddable":true,"href":"https:\/\/www.matyasnovak.eu\/en\/wp-json\/wp\/v2\/media\/7479"}],"wp:attachment":[{"href":"https:\/\/www.matyasnovak.eu\/en\/wp-json\/wp\/v2\/media?parent=7478"}],"wp:term":[{"taxonomy":"category","embeddable":true,"href":"https:\/\/www.matyasnovak.eu\/en\/wp-json\/wp\/v2\/categories?post=7478"}],"curies":[{"name":"wp","href":"https:\/\/api.w.org\/{rel}","templated":true}]}}