{"version":"1.0","provider_name":"Maty\u00e1\u0161 Nov\u00e1k","provider_url":"https:\/\/www.matyasnovak.eu\/en","author_name":"Maty\u00e1\u0161 Nov\u00e1k","author_url":"https:\/\/www.matyasnovak.eu\/en\/author\/novak\/","title":"Klav\u00edrn\u00ed recit\u00e1l \u201eVe znamen\u00ed osmi\u010dek\u201c Loket ~ Maty\u00e1\u0161 Nov\u00e1k","type":"rich","width":600,"height":338,"html":"<blockquote class=\"wp-embedded-content\" data-secret=\"WwTltttXsH\"><a href=\"https:\/\/www.matyasnovak.eu\/en\/koncerty\/klavirni-recital-ve-znameni-osmicek-loket\/\">Klav\u00edrn\u00ed recit\u00e1l \u201eVe znamen\u00ed osmi\u010dek\u201c Loket<\/a><\/blockquote><iframe sandbox=\"allow-scripts\" security=\"restricted\" src=\"https:\/\/www.matyasnovak.eu\/en\/koncerty\/klavirni-recital-ve-znameni-osmicek-loket\/embed\/#?secret=WwTltttXsH\" width=\"600\" height=\"338\" title=\"&#8220;Klav\u00edrn\u00ed recit\u00e1l \u201eVe znamen\u00ed osmi\u010dek\u201c Loket&#8221; &#8212; Maty\u00e1\u0161 Nov\u00e1k\" data-secret=\"WwTltttXsH\" frameborder=\"0\" marginwidth=\"0\" marginheight=\"0\" scrolling=\"no\" class=\"wp-embedded-content\"><\/iframe><script>\n\/*! This file is auto-generated *\/\n!function(d,l){\"use strict\";l.querySelector&&d.addEventListener&&\"undefined\"!=typeof URL&&(d.wp=d.wp||{},d.wp.receiveEmbedMessage||(d.wp.receiveEmbedMessage=function(e){var t=e.data;if((t||t.secret||t.message||t.value)&&!\/[^a-zA-Z0-9]\/.test(t.secret)){for(var s,r,n,a=l.querySelectorAll('iframe[data-secret=\"'+t.secret+'\"]'),o=l.querySelectorAll('blockquote[data-secret=\"'+t.secret+'\"]'),c=new RegExp(\"^https?:$\",\"i\"),i=0;i<o.length;i++)o[i].style.display=\"none\";for(i=0;i<a.length;i++)s=a[i],e.source===s.contentWindow&&(s.removeAttribute(\"style\"),\"height\"===t.message?(1e3<(r=parseInt(t.value,10))?r=1e3:~~r<200&&(r=200),s.height=r):\"link\"===t.message&&(r=new URL(s.getAttribute(\"src\")),n=new URL(t.value),c.test(n.protocol))&&n.host===r.host&&l.activeElement===s&&(d.top.location.href=t.value))}},d.addEventListener(\"message\",d.wp.receiveEmbedMessage,!1),l.addEventListener(\"DOMContentLoaded\",function(){for(var e,t,s=l.querySelectorAll(\"iframe.wp-embedded-content\"),r=0;r<s.length;r++)(t=(e=s[r]).getAttribute(\"data-secret\"))||(t=Math.random().toString(36).substring(2,12),e.src+=\"#?secret=\"+t,e.setAttribute(\"data-secret\",t)),e.contentWindow.postMessage({message:\"ready\",secret:t},\"*\")},!1)))}(window,document);\n\/\/# sourceURL=https:\/\/www.matyasnovak.eu\/wp-includes\/js\/wp-embed.min.js\n<\/script>","thumbnail_url":"https:\/\/www.matyasnovak.eu\/wp-content\/uploads\/2025\/03\/MATYAS-NOVAK-Dvorana-scaled.jpg","thumbnail_width":1810,"thumbnail_height":2560,"description":"Mil\u00ed poslucha\u010di, r\u00e1d bych v\u00e1s co nejsrde\u010dn\u011bji pozval na velmi speci\u00e1ln\u00ed koncert, kter\u00fd se bude konat v Kulturn\u00edm dom\u011b Dvorana v Lokti dne 2. 4. Nazval jsem ho osmi\u010dkov\u00fd, proto\u017ee \u010d\u00edslo 8 se line jako \u010derven\u00e1 nit dramaturgi\u00ed cel\u00e9ho koncertu. 8 je osudov\u00e9 \u010d\u00edslo. \u0158ada v\u00fdznamn\u00fdch ud\u00e1lost\u00ed v historii na\u0161\u00ed zem\u011b se odehr\u00e1la v letopo\u010dtech [&hellip;]"}