{"version":"1.0","provider_name":"Maty\u00e1\u0161 Nov\u00e1k","provider_url":"https:\/\/www.matyasnovak.eu\/en","author_name":"Maty\u00e1\u0161 Nov\u00e1k","author_url":"https:\/\/www.matyasnovak.eu\/en\/author\/novak\/","title":"Klav\u00edrn\u00ed recit\u00e1l L\u00e1zn\u011b B\u011blohrad ~ Maty\u00e1\u0161 Nov\u00e1k","type":"rich","width":600,"height":338,"html":"<blockquote class=\"wp-embedded-content\" data-secret=\"YC3bd0UhCH\"><a href=\"https:\/\/www.matyasnovak.eu\/en\/koncerty\/klavirni-recital-lazne-belohrad\/\">Klav\u00edrn\u00ed recit\u00e1l L\u00e1zn\u011b B\u011blohrad<\/a><\/blockquote><iframe sandbox=\"allow-scripts\" security=\"restricted\" src=\"https:\/\/www.matyasnovak.eu\/en\/koncerty\/klavirni-recital-lazne-belohrad\/embed\/#?secret=YC3bd0UhCH\" width=\"600\" height=\"338\" title=\"&#8220;Klav\u00edrn\u00ed recit\u00e1l L\u00e1zn\u011b B\u011blohrad&#8221; &#8212; Maty\u00e1\u0161 Nov\u00e1k\" data-secret=\"YC3bd0UhCH\" frameborder=\"0\" marginwidth=\"0\" marginheight=\"0\" scrolling=\"no\" class=\"wp-embedded-content\"><\/iframe><script>\n\/*! This file is auto-generated *\/\n!function(d,l){\"use strict\";l.querySelector&&d.addEventListener&&\"undefined\"!=typeof URL&&(d.wp=d.wp||{},d.wp.receiveEmbedMessage||(d.wp.receiveEmbedMessage=function(e){var t=e.data;if((t||t.secret||t.message||t.value)&&!\/[^a-zA-Z0-9]\/.test(t.secret)){for(var s,r,n,a=l.querySelectorAll('iframe[data-secret=\"'+t.secret+'\"]'),o=l.querySelectorAll('blockquote[data-secret=\"'+t.secret+'\"]'),c=new RegExp(\"^https?:$\",\"i\"),i=0;i<o.length;i++)o[i].style.display=\"none\";for(i=0;i<a.length;i++)s=a[i],e.source===s.contentWindow&&(s.removeAttribute(\"style\"),\"height\"===t.message?(1e3<(r=parseInt(t.value,10))?r=1e3:~~r<200&&(r=200),s.height=r):\"link\"===t.message&&(r=new URL(s.getAttribute(\"src\")),n=new URL(t.value),c.test(n.protocol))&&n.host===r.host&&l.activeElement===s&&(d.top.location.href=t.value))}},d.addEventListener(\"message\",d.wp.receiveEmbedMessage,!1),l.addEventListener(\"DOMContentLoaded\",function(){for(var e,t,s=l.querySelectorAll(\"iframe.wp-embedded-content\"),r=0;r<s.length;r++)(t=(e=s[r]).getAttribute(\"data-secret\"))||(t=Math.random().toString(36).substring(2,12),e.src+=\"#?secret=\"+t,e.setAttribute(\"data-secret\",t)),e.contentWindow.postMessage({message:\"ready\",secret:t},\"*\")},!1)))}(window,document);\n\/\/# sourceURL=https:\/\/www.matyasnovak.eu\/wp-includes\/js\/wp-embed.min.js\n<\/script>","thumbnail_url":"https:\/\/www.matyasnovak.eu\/wp-content\/uploads\/2023\/04\/foto-lenka-hatasova7618-scaled.jpg","thumbnail_width":2560,"thumbnail_height":1707,"description":"Program: \u201eZ\u00e1zra\u010dn\u00e1 p\u0159\u00edroda\u201c Klav\u00edrn\u00ed virtuos Maty\u00e1\u0161 Nov\u00e1k v&nbsp;r\u00e1mci ve\u010dera p\u0159edstav\u00ed v\u00fdb\u011br skladeb sv\u011btov\u00e9ho klav\u00edrn\u00edho reperto\u00e1ru inspirovan\u00fd p\u0159\u00edrodou, tedy \u017eivo\u010dichy, rostlinami, p\u0159\u00edrodn\u00edmi jevy a po\u010das\u00edm. F. Liszt \u2013 L\u00e9ta putov\u00e1n\u00ed, rok I., \u0160v\u00fdcarsko (v\u00fdb\u011br)U jezera Wallenstadt \/\u00a0\u00a0Bou\u0159eC. Debussy \u2013 Svit luny (z\u00a0cyklu Bergamsk\u00e1 suita)A. Dvo\u0159\u00e1k \u2013 Poetick\u00e9 n\u00e1lady op. 85 (v\u00fdb\u011br)No\u010dn\u00ed cesta \/\u00a0Jarn\u00edB. Smetana \u2013 Koncertn\u00ed [&hellip;]"}