{"id":7445,"date":"2024-05-18T17:59:00","date_gmt":"2024-05-18T15:59:00","guid":{"rendered":"https:\/\/www.matyasnovak.eu\/?post_type=aktuality&#038;p=7445"},"modified":"2024-11-23T18:01:09","modified_gmt":"2024-11-23T17:01:09","slug":"na-jih-cech-miri-nadejny-klavirista-miluje-vlaky-drubez-a-zahradniceni","status":"publish","type":"aktuality","link":"http:\/\/www.matyasnovak.eu\/en\/aktuality\/na-jih-cech-miri-nadejny-klavirista-miluje-vlaky-drubez-a-zahradniceni\/","title":{"rendered":"Na jih \u010cech m\u00ed\u0159\u00ed nad\u011bjn\u00fd klav\u00edrista. Miluje vlaky, dr\u016fbe\u017e a zahradni\u010den\u00ed"},"content":{"rendered":"<p><strong>Klav\u00edrista Maty\u00e1\u0161 Nov\u00e1k (25) pat\u0159\u00ed d\u00edky mimo\u0159\u00e1dn\u00e9mu harmonick\u00e9mu c\u00edt\u011bn\u00ed, \u0161irok\u00e9mu reperto\u00e1ru a vynikaj\u00edc\u00ed \u00fahozov\u00e9 technice k nejperspektivn\u011bj\u0161\u00edm pianist\u016fm sv\u00e9 generace. V deseti letech vystoupil poprv\u00e9 s orchestrem, v devaten\u00e1cti debutoval v Carnegie Hall v New Yorku, ve dvaceti se p\u0159edstavil samostatn\u00fdm recit\u00e1lem na festivalu Pra\u017esk\u00e9 jaro.<\/strong><\/p>\n\n\n\n<p>O jeho zcela mimo\u0159\u00e1dn\u00e9m hudebn\u00edm talentu sv\u011bd\u010d\u00ed nejen mno\u017estv\u00ed cen na dom\u00e1c\u00edch a zahrani\u010dn\u00edch sout\u011b\u017e\u00edch, ale i fakt, \u017ee ve sv\u00e9m mlad\u00e9m v\u011bku m\u00e1 v reperto\u00e1ru \u010dty\u0159i des\u00edtky koncert\u016f s orchestrem a stovky skladeb pro s\u00f3lov\u00fd klav\u00edr. Na konci kv\u011btna \u010dek\u00e1 Maty\u00e1\u0161e n\u011bkolik koncert\u016f v Jiho\u010desk\u00e9m kraji.<\/p>\n\n\n\n<p><strong>Jak\u00fd je v\u00e1\u0161 vztah k ji\u017en\u00edm \u010cech\u00e1m?<\/strong><\/p>\n\n\n\n<p>Rodina moj\u00ed kmotry poch\u00e1z\u00ed ze Zaho\u0159an u Milevska, d\u00edky tomu jsem jezdil do ji\u017en\u00edch \u010cech u\u017e jako mal\u00fd. M\u00e1m moc r\u00e1d zdej\u0161\u00ed krajinu, m\u00e1m zde n\u011bkolik obl\u00edben\u00fdch trat\u00ed a \u0159adu obl\u00edben\u00fdch region\u00e1ln\u00edch potravin. Tak\u00e9 um\u011bleck\u00e9 aktivity m\u011b zavedly do ji\u017en\u00edch \u010cech ji\u017e v d\u011btsk\u00e9m v\u011bku. T\u0159ikr\u00e1t jsem se jako laure\u00e1t Concertina Praga \u00fa\u010dastnil koncert\u016f Jiho\u010desk\u00e9ho festivalu a dvakr\u00e1t jsem jako \u017e\u00e1k ZU\u0160 z\u00edskal 1. cenu v \u00dast\u0159edn\u00edm kole N\u00e1rodn\u00ed sout\u011b\u017ee ZU\u0160 konan\u00e9 v Jind\u0159ichov\u011b Hradci. Naposledy jsem hr\u00e1l v ji\u017en\u00edch \u010cech\u00e1ch loni v prosinci, kdy jsem spolu s Franti\u0161kem Kinsk\u00fdm vystoupil v P\u00edsku s komponovan\u00fdm po\u0159adem V\u00e1noce 2023.<\/p>\n\n\n\n<p><strong>Pr\u00e1v\u011b jste se vr\u00e1til ze zahrani\u010d\u00ed rovnou na koncerty v ji\u017en\u00edch \u010cech\u00e1ch, kde v\u00e1s \u010dek\u00e1 n\u011bkolik dal\u0161\u00edch koncert\u016f\u2026<\/strong><\/p>\n\n\n\n<p>P\u0159esn\u011b tak. Harmonogram je n\u00e1sleduj\u00edc\u00ed: V ned\u011bli 19. kv\u011btna m\u00e1m recit\u00e1l v P\u00edsku, ve dnech 21. a\u017e 23. kv\u011btna m\u011b \u010dek\u00e1 ve\u0159ejn\u00e1 gener\u00e1ln\u00ed zkou\u0161ka a n\u00e1sledn\u011b dva koncerty v \u010cesk\u00fdch Bud\u011bjovic\u00edch s Jiho\u010deskou filharmoni\u00ed. Do \u010cesk\u00fdch Bud\u011bjovic se znovu vr\u00e1t\u00edm ve st\u0159edu 26. \u010dervna, kdy m\u00e1m recit\u00e1l v r\u00e1mci cyklu Hv\u011bzdy nad Vltavou. Na v\u0161echny p\u0159\u00edle\u017eitosti se moc t\u011b\u0161\u00edm. V p\u0159\u00edpad\u011b Jiho\u010desk\u00e9 filharmonie se jedn\u00e1 o mou prvn\u00ed spolupr\u00e1ci s t\u00edmto t\u011blesem. Spole\u010dn\u011b provedeme n\u00e1dhern\u00fd Koncert g moll pro klav\u00edr a orchestr op. 33. V jist\u00e9m smyslu se t\u00edm uzav\u0159e moje kv\u011btnov\u00e9 putov\u00e1n\u00ed po sv\u011bt\u011b.<\/p>\n\n\n\n<p><strong>Koncertn\u00ed kalend\u00e1\u0159 m\u00e1te skute\u010dn\u011b nabit\u00fd koncerty. Kde v\u0161ude jste v posledn\u00ed dob\u011b koncertoval?<\/strong><\/p>\n\n\n\n<p>V b\u0159eznu a dubnu jsem m\u011bl recit\u00e1ly v New Yorku, v Philadephii, Puteaux ve Francii, v Sofii v Bulharsku, v Troldhaugenu v Norsku. Za\u010d\u00e1tkem kv\u011btna jsem odlet\u011bl do Chicaga, kde jsem m\u011bl n\u011bkolik koncert\u016f, z Chicaga jsem se p\u0159esunul do New Yorku, kde jsem odehr\u00e1l recit\u00e1l, z New Yorku jsem odlet\u011bl do Amsterdamu a odtud pokra\u010doval vlakem do Haagu, kde jsme spolu s kolegy z Kinsky Trio Prague odehr\u00e1li koncert. Z Haagu jsme se p\u0159em\u00edstili do Lond\u00fdna, kde jsme provedli dva koncerty, a z Lond\u00fdna zp\u00e1tky do Nizozem\u00ed. Tam n\u00e1s \u010dekaly posledn\u00ed dva koncerty zahrani\u010dn\u00edho turn\u00e9. Z\u00e1v\u011bre\u010dnou zast\u00e1vkou t\u00e9to koncertn\u00ed \u0161\u0148\u016fry se stal P\u00edsek, pota\u017emo \u010cesk\u00e9 Bud\u011bjovice. Na za\u010d\u00e1tku 8. kv\u011btna v USA jsem provedl mj. d\u00edla Anton\u00edna Dvo\u0159\u00e1ka, na konci cesty 22. kv\u011btna Dvo\u0159\u00e1k\u016fv klav\u00edrn\u00ed koncert. Je to symbolick\u00e9 i proto, \u017ee rok 2024 byl vyhl\u00e1\u0161en Rokem \u010desk\u00e9 hudby. P\u0159ipom\u00edn\u00e1me si kulat\u00e1 v\u00fdro\u010d\u00ed mnoha v\u00fdznamn\u00fdch skladatel\u016f jako 200. v\u00fdro\u010d\u00ed narozen\u00ed Bed\u0159icha Smetany, 170. v\u00fdro\u010d\u00ed narozen\u00ed Leo\u0161e Jan\u00e1\u010dka, 150. v\u00fdro\u010d\u00ed narozen\u00ed Josefa Suka a 120. v\u00fdro\u010d\u00ed \u00famrt\u00ed Anton\u00edna Dvo\u0159\u00e1ka. Je kr\u00e1sn\u00e9, \u017ee nejen doma, ale i v zahrani\u010d\u00ed zazn\u00edv\u00e1 ve zv\u00fd\u0161en\u00e9 m\u00ed\u0159e \u010desk\u00e1 hudba. Pro poslucha\u010de v r\u016fzn\u00fdch koutech sv\u011bta je to leckdy prvn\u00ed setk\u00e1n\u00ed s \u010desk\u00fdmi skladateli a \u010dasto je to podle jejich vlastn\u00edch slov l\u00e1ska na prvn\u00ed poslech.<\/p>\n\n\n\n<p><strong>P\u0159esunovat se mezi kontinenty a t\u00e9m\u011b\u0159 ka\u017ed\u00fd ve\u010der podat \u0161pi\u010dkov\u00fd v\u00fdkon v jin\u00e9m m\u011bst\u011b, \u010dasto s rozd\u00edln\u00fdm programem, mus\u00ed b\u00fdt velmi n\u00e1ro\u010dn\u00e9. Jak\u00fdmi p\u0159edpoklady mus\u00ed interpret disponovat, aby takov\u00fd re\u017eim zvl\u00e1dl?<\/strong><\/p>\n\n\n\n<p>Je pravda, \u017ee m\u016fj kv\u011btnov\u00fd program je extr\u00e9mn\u00ed a rozhodn\u011b by nebylo mo\u017en\u00e9 takhle fungovat cel\u00fd rok. Tahle vyt\u00ed\u017eenost vznikla mj. proto, \u017ee jsem p\u0159ijal nab\u00eddku souboru Kinsky Trio Prague. St\u00e1l\u00e1 \u010dlenka uskupen\u00ed klav\u00edristka Veronika B\u00f6hmov\u00e1 se nemohla z\u00fa\u010dastnit zahrani\u010dn\u00edho turn\u00e9 kv\u016fli mate\u0159sk\u00fdm povinnostem a soubor hledal kr\u00e1tkodobou n\u00e1hradu. J\u00e1 jsem m\u011bl v uveden\u00e9m term\u00ednu v kalend\u00e1\u0159i volno a reperto\u00e1r, kter\u00fd soubor do zahrani\u010d\u00ed p\u0159ipravoval, byl opravdu l\u00e1kav\u00fd. Samoz\u0159ejm\u011b rychle nastudovat n\u00e1ro\u010dn\u00fd reperto\u00e1r a skloubit komorn\u00ed hran\u00ed, s\u00f3lov\u00e9 recit\u00e1ly a vystoupen\u00ed s orchestry nen\u00ed jednoduch\u00e9. Vy\u017eaduje to dobrou fyzickou kondici, dobrou pam\u011b\u0165 a schopnost poradit si nejen na p\u00f3diu, ale i mimo n\u011bj.<\/p>\n\n\n\n<p><strong>Zb\u00fdv\u00e1 v\u00e1m prostor a \u010das na jin\u00e9 aktivity? Jak tr\u00e1v\u00edte dny volna?<\/strong><\/p>\n\n\n\n<p>Vzhledem k tomu, \u017ee jsem za\u010dal rekonstruovat nemovitost, m\u00e1m o program i ve dnech, kdy nekoncertuji, na mnoho dal\u0161\u00edch let postar\u00e1no. Objekt poch\u00e1z\u00ed z roku 1911 a je t\u00e9m\u011b\u0159 v p\u016fvodn\u00edm stavu. V\u0161ichni, kte\u0159\u00ed se pustili do podobn\u00e9ho dobrodru\u017estv\u00ed, v\u011bd\u00ed, \u017ee oprava star\u00e9 budovy sk\u00fdt\u00e1 nejedno p\u0159ekvapen\u00ed.<\/p>\n\n\n\n<p><strong>A co va\u0161e kon\u00ed\u010dky? M\u00e1te na n\u011b v\u016fbec \u010das?<\/strong><\/p>\n\n\n\n<p>M\u00ed rodi\u010de tvrd\u00ed, \u017ee \u010das je ot\u00e1zkou priorit. Na druhou stranu je pravda, \u017ee jsem byl nucen na n\u011bjakou dobu p\u0159eru\u0161it chov dr\u016fbe\u017ee. Jednak kv\u016fli \u010detn\u00fdm koncertn\u00edm aktivit\u00e1m, jednak proto, \u017ee pl\u00e1nuji pro dr\u016fbe\u017e p\u0159ipravit nov\u00e9 prostory ve zrekonstruovan\u00e9 nemovitosti. Samoz\u0159ejm\u011b st\u00e1le m\u00e1m velk\u00e9 chovatelsk\u00e9 a p\u011bstitelsk\u00e9 pl\u00e1ny. Ty p\u011bstitelsk\u00e9 mohu na\u0161t\u011bst\u00ed alespo\u0148 \u010d\u00e1ste\u010dn\u011b realizovat ji\u017e nyn\u00ed, nebo\u0165 polorozbo\u0159en\u00fd d\u016fm mi nebr\u00e1n\u00ed v p\u011bstov\u00e1n\u00ed brambor a dal\u0161\u00edch plodin. Tak\u00e9 svou dal\u0161\u00ed z\u00e1libu, \u017eelezni\u010dn\u00ed dopravu, mohu provozovat bez p\u0159eru\u0161en\u00ed. Pokud to jen trochu jde, sna\u017e\u00edm se vyr\u00e1\u017eet vlakem na koncerty i na v\u00fdlety, a to i v zahrani\u010d\u00ed. V dubnu jsem si projel Bergenskou dr\u00e1hu, jednu z nejkr\u00e1sn\u011bj\u0161\u00edch \u017eelezni\u010dn\u00edch trat\u00ed sv\u011bta. M\u011bl jsem recit\u00e1l v Muzeu Edvarda Griega v norsk\u00e9m Troldhaugenu, \u010deho\u017e jsem vyu\u017eil k cest\u011b vlakem z Osla do Bergenu.<\/p>\n\n\n\n<p><strong>Co pova\u017eujete na sv\u00e9 profesi za nejkr\u00e1sn\u011bj\u0161\u00ed?<\/strong><\/p>\n\n\n\n<p>M\u00e1m velk\u00e9 \u0161t\u011bst\u00ed, \u017ee se mohu ve sv\u00e9m profesn\u00edm \u017eivot\u011b v\u011bnovat tomu, co m\u011b napl\u0148uje a p\u0159in\u00e1\u0161\u00ed radost. Krom\u011b ve\u0161ker\u00e9 n\u00e1dhern\u00e9 hudby m\u00e1m mo\u017enost pozn\u00e1vat kr\u00e1sn\u00e1 m\u00edsta a p\u0159edev\u0161\u00edm zaj\u00edmav\u00e9 lidi. Nep\u0159est\u00e1v\u00e1 m\u011b udivovat, kolik \u00fa\u017easn\u00fdch lid\u00ed b\u011bh\u00e1 po sv\u011bt\u011b. Mnohdy je za nimi siln\u00fd p\u0159\u00edb\u011bh, neuv\u011b\u0159iteln\u00fd osud \u010di obrovsk\u00fd kus skv\u011ble odveden\u00e9 pr\u00e1ce. Pova\u017euji za velk\u00fd dar tyhle obdivuhodn\u00e9 bytosti potk\u00e1vat.<\/p>\n\n\n\n<p>Zdroj: <a href=\"https:\/\/ceskobudejovicky.denik.cz\/z_regionu\/klavirista-matyas-novak-prazske-jaro-carnegie-hall-jizni-cechy.html\" target=\"_blank\" rel=\"noreferrer noopener\">ht<\/a><a href=\"https:\/\/ceskobudejovicky.denik.cz\/z_regionu\/klavirista-matyas-novak-prazske-jaro-carnegie-hall-jizni-cechy.html\">tps:\/\/ceskobudejovicky.denik.cz\/z_regionu\/klavirista-matyas-novak-prazske-jaro-carnegie-hall-jizni-cechy.html<\/a><\/p>","protected":false},"featured_media":3035,"template":"","meta":{"_acf_changed":false},"categories":[13,161],"class_list":["post-7445","aktuality","type-aktuality","status-publish","has-post-thumbnail","hentry","category-aktuality","category-tisk"],"acf":[],"yoast_head":"<!-- This site is optimized with the Yoast SEO plugin v27.5 - https:\/\/yoast.com\/product\/yoast-seo-wordpress\/ -->\n<title>Na jih \u010cech m\u00ed\u0159\u00ed nad\u011bjn\u00fd klav\u00edrista. Miluje vlaky, dr\u016fbe\u017e a zahradni\u010den\u00ed ~ Maty\u00e1\u0161 Nov\u00e1k<\/title>\n<meta name=\"robots\" content=\"index, follow, max-snippet:-1, max-image-preview:large, max-video-preview:-1\" \/>\n<link rel=\"canonical\" href=\"https:\/\/www.matyasnovak.eu\/en\/aktuality\/na-jih-cech-miri-nadejny-klavirista-miluje-vlaky-drubez-a-zahradniceni\/\" \/>\n<meta property=\"og:locale\" content=\"en_GB\" \/>\n<meta property=\"og:type\" content=\"article\" \/>\n<meta property=\"og:title\" content=\"Na jih \u010cech m\u00ed\u0159\u00ed nad\u011bjn\u00fd klav\u00edrista. Miluje vlaky, dr\u016fbe\u017e a zahradni\u010den\u00ed ~ Maty\u00e1\u0161 Nov\u00e1k\" \/>\n<meta property=\"og:description\" content=\"Klav\u00edrista Maty\u00e1\u0161 Nov\u00e1k (25) pat\u0159\u00ed d\u00edky mimo\u0159\u00e1dn\u00e9mu harmonick\u00e9mu c\u00edt\u011bn\u00ed, \u0161irok\u00e9mu reperto\u00e1ru a vynikaj\u00edc\u00ed \u00fahozov\u00e9 technice k nejperspektivn\u011bj\u0161\u00edm pianist\u016fm sv\u00e9 generace. V deseti letech vystoupil poprv\u00e9 s orchestrem, v devaten\u00e1cti debutoval v Carnegie Hall v New Yorku, ve dvaceti se p\u0159edstavil samostatn\u00fdm recit\u00e1lem na festivalu Pra\u017esk\u00e9 jaro. O jeho zcela mimo\u0159\u00e1dn\u00e9m hudebn\u00edm talentu sv\u011bd\u010d\u00ed nejen mno\u017estv\u00ed [&hellip;]\" \/>\n<meta property=\"og:url\" content=\"https:\/\/www.matyasnovak.eu\/en\/aktuality\/na-jih-cech-miri-nadejny-klavirista-miluje-vlaky-drubez-a-zahradniceni\/\" \/>\n<meta property=\"og:site_name\" content=\"Maty\u00e1\u0161 Nov\u00e1k\" \/>\n<meta property=\"article:publisher\" content=\"https:\/\/www.facebook.com\/matyasnovakpianist\/\" \/>\n<meta property=\"article:modified_time\" content=\"2024-11-23T17:01:09+00:00\" \/>\n<meta property=\"og:image\" content=\"https:\/\/www.matyasnovak.eu\/wp-content\/uploads\/2023\/04\/foto-lenka-hatasova7636-scaled.jpg\" \/>\n\t<meta property=\"og:image:width\" content=\"2560\" \/>\n\t<meta property=\"og:image:height\" content=\"1707\" \/>\n\t<meta property=\"og:image:type\" content=\"image\/jpeg\" \/>\n<meta name=\"twitter:card\" content=\"summary_large_image\" \/>\n<meta name=\"twitter:label1\" content=\"Estimated reading time\" \/>\n\t<meta name=\"twitter:data1\" content=\"6 minutes\" \/>\n<script type=\"application\/ld+json\" class=\"yoast-schema-graph\">{\"@context\":\"https:\\\/\\\/schema.org\",\"@graph\":[{\"@type\":\"WebPage\",\"@id\":\"https:\\\/\\\/www.matyasnovak.eu\\\/aktuality\\\/na-jih-cech-miri-nadejny-klavirista-miluje-vlaky-drubez-a-zahradniceni\\\/\",\"url\":\"https:\\\/\\\/www.matyasnovak.eu\\\/aktuality\\\/na-jih-cech-miri-nadejny-klavirista-miluje-vlaky-drubez-a-zahradniceni\\\/\",\"name\":\"Na jih \u010cech m\u00ed\u0159\u00ed nad\u011bjn\u00fd klav\u00edrista. Miluje vlaky, dr\u016fbe\u017e a zahradni\u010den\u00ed ~ Maty\u00e1\u0161 Nov\u00e1k\",\"isPartOf\":{\"@id\":\"https:\\\/\\\/novakweb2.eu\\\/#website\"},\"primaryImageOfPage\":{\"@id\":\"https:\\\/\\\/www.matyasnovak.eu\\\/aktuality\\\/na-jih-cech-miri-nadejny-klavirista-miluje-vlaky-drubez-a-zahradniceni\\\/#primaryimage\"},\"image\":{\"@id\":\"https:\\\/\\\/www.matyasnovak.eu\\\/aktuality\\\/na-jih-cech-miri-nadejny-klavirista-miluje-vlaky-drubez-a-zahradniceni\\\/#primaryimage\"},\"thumbnailUrl\":\"https:\\\/\\\/www.matyasnovak.eu\\\/wp-content\\\/uploads\\\/2023\\\/04\\\/foto-lenka-hatasova7636-scaled.jpg\",\"datePublished\":\"2024-05-18T15:59:00+00:00\",\"dateModified\":\"2024-11-23T17:01:09+00:00\",\"breadcrumb\":{\"@id\":\"https:\\\/\\\/www.matyasnovak.eu\\\/aktuality\\\/na-jih-cech-miri-nadejny-klavirista-miluje-vlaky-drubez-a-zahradniceni\\\/#breadcrumb\"},\"inLanguage\":\"en-GB\",\"potentialAction\":[{\"@type\":\"ReadAction\",\"target\":[\"https:\\\/\\\/www.matyasnovak.eu\\\/aktuality\\\/na-jih-cech-miri-nadejny-klavirista-miluje-vlaky-drubez-a-zahradniceni\\\/\"]}]},{\"@type\":\"ImageObject\",\"inLanguage\":\"en-GB\",\"@id\":\"https:\\\/\\\/www.matyasnovak.eu\\\/aktuality\\\/na-jih-cech-miri-nadejny-klavirista-miluje-vlaky-drubez-a-zahradniceni\\\/#primaryimage\",\"url\":\"https:\\\/\\\/www.matyasnovak.eu\\\/wp-content\\\/uploads\\\/2023\\\/04\\\/foto-lenka-hatasova7636-scaled.jpg\",\"contentUrl\":\"https:\\\/\\\/www.matyasnovak.eu\\\/wp-content\\\/uploads\\\/2023\\\/04\\\/foto-lenka-hatasova7636-scaled.jpg\",\"width\":2560,\"height\":1707,\"caption\":\"mn-galerie Maty\u00e1\u0161 Nov\u00e1k\"},{\"@type\":\"BreadcrumbList\",\"@id\":\"https:\\\/\\\/www.matyasnovak.eu\\\/aktuality\\\/na-jih-cech-miri-nadejny-klavirista-miluje-vlaky-drubez-a-zahradniceni\\\/#breadcrumb\",\"itemListElement\":[{\"@type\":\"ListItem\",\"position\":1,\"name\":\"Dom\u016f\",\"item\":\"https:\\\/\\\/www.matyasnovak.eu\\\/\"},{\"@type\":\"ListItem\",\"position\":2,\"name\":\"Na jih \u010cech m\u00ed\u0159\u00ed nad\u011bjn\u00fd klav\u00edrista. Miluje vlaky, dr\u016fbe\u017e a zahradni\u010den\u00ed\"}]},{\"@type\":\"WebSite\",\"@id\":\"https:\\\/\\\/novakweb2.eu\\\/#website\",\"url\":\"https:\\\/\\\/novakweb2.eu\\\/\",\"name\":\"Maty\u00e1\u0161 Nov\u00e1k\",\"description\":\"\",\"publisher\":{\"@id\":\"https:\\\/\\\/novakweb2.eu\\\/#\\\/schema\\\/person\\\/3fd5dc2f65072c5a94a64eb54623e857\"},\"potentialAction\":[{\"@type\":\"SearchAction\",\"target\":{\"@type\":\"EntryPoint\",\"urlTemplate\":\"https:\\\/\\\/novakweb2.eu\\\/?s={search_term_string}\"},\"query-input\":{\"@type\":\"PropertyValueSpecification\",\"valueRequired\":true,\"valueName\":\"search_term_string\"}}],\"inLanguage\":\"en-GB\"},{\"@type\":[\"Person\",\"Organization\"],\"@id\":\"https:\\\/\\\/novakweb2.eu\\\/#\\\/schema\\\/person\\\/3fd5dc2f65072c5a94a64eb54623e857\",\"name\":\"Maty\u00e1\u0161 Nov\u00e1k\",\"image\":{\"@type\":\"ImageObject\",\"inLanguage\":\"en-GB\",\"@id\":\"https:\\\/\\\/www.matyasnovak.eu\\\/wp-content\\\/uploads\\\/2023\\\/07\\\/foto-lenka-hatasova7233-scaled-1.webp\",\"url\":\"https:\\\/\\\/www.matyasnovak.eu\\\/wp-content\\\/uploads\\\/2023\\\/07\\\/foto-lenka-hatasova7233-scaled-1.webp\",\"contentUrl\":\"https:\\\/\\\/www.matyasnovak.eu\\\/wp-content\\\/uploads\\\/2023\\\/07\\\/foto-lenka-hatasova7233-scaled-1.webp\",\"width\":1792,\"height\":1194,\"caption\":\"Maty\u00e1\u0161 Nov\u00e1k\"},\"logo\":{\"@id\":\"https:\\\/\\\/www.matyasnovak.eu\\\/wp-content\\\/uploads\\\/2023\\\/07\\\/foto-lenka-hatasova7233-scaled-1.webp\"},\"sameAs\":[\"https:\\\/\\\/www.matyasnovak.eu\\\/\",\"https:\\\/\\\/www.facebook.com\\\/matyasnovakpianist\\\/\",\"https:\\\/\\\/www.youtube.com\\\/@matyasnovakpianist1921\"]}]}<\/script>\n<!-- \/ Yoast SEO plugin. -->","yoast_head_json":{"title":"Na jih \u010cech m\u00ed\u0159\u00ed nad\u011bjn\u00fd klav\u00edrista. Miluje vlaky, dr\u016fbe\u017e a zahradni\u010den\u00ed ~ Maty\u00e1\u0161 Nov\u00e1k","robots":{"index":"index","follow":"follow","max-snippet":"max-snippet:-1","max-image-preview":"max-image-preview:large","max-video-preview":"max-video-preview:-1"},"canonical":"https:\/\/www.matyasnovak.eu\/en\/aktuality\/na-jih-cech-miri-nadejny-klavirista-miluje-vlaky-drubez-a-zahradniceni\/","og_locale":"en_GB","og_type":"article","og_title":"Na jih \u010cech m\u00ed\u0159\u00ed nad\u011bjn\u00fd klav\u00edrista. Miluje vlaky, dr\u016fbe\u017e a zahradni\u010den\u00ed ~ Maty\u00e1\u0161 Nov\u00e1k","og_description":"Klav\u00edrista Maty\u00e1\u0161 Nov\u00e1k (25) pat\u0159\u00ed d\u00edky mimo\u0159\u00e1dn\u00e9mu harmonick\u00e9mu c\u00edt\u011bn\u00ed, \u0161irok\u00e9mu reperto\u00e1ru a vynikaj\u00edc\u00ed \u00fahozov\u00e9 technice k nejperspektivn\u011bj\u0161\u00edm pianist\u016fm sv\u00e9 generace. V deseti letech vystoupil poprv\u00e9 s orchestrem, v devaten\u00e1cti debutoval v Carnegie Hall v New Yorku, ve dvaceti se p\u0159edstavil samostatn\u00fdm recit\u00e1lem na festivalu Pra\u017esk\u00e9 jaro. O jeho zcela mimo\u0159\u00e1dn\u00e9m hudebn\u00edm talentu sv\u011bd\u010d\u00ed nejen mno\u017estv\u00ed [&hellip;]","og_url":"https:\/\/www.matyasnovak.eu\/en\/aktuality\/na-jih-cech-miri-nadejny-klavirista-miluje-vlaky-drubez-a-zahradniceni\/","og_site_name":"Maty\u00e1\u0161 Nov\u00e1k","article_publisher":"https:\/\/www.facebook.com\/matyasnovakpianist\/","article_modified_time":"2024-11-23T17:01:09+00:00","og_image":[{"width":2560,"height":1707,"url":"https:\/\/www.matyasnovak.eu\/wp-content\/uploads\/2023\/04\/foto-lenka-hatasova7636-scaled.jpg","type":"image\/jpeg"}],"twitter_card":"summary_large_image","twitter_misc":{"Estimated reading time":"6 minutes"},"schema":{"@context":"https:\/\/schema.org","@graph":[{"@type":"WebPage","@id":"https:\/\/www.matyasnovak.eu\/aktuality\/na-jih-cech-miri-nadejny-klavirista-miluje-vlaky-drubez-a-zahradniceni\/","url":"https:\/\/www.matyasnovak.eu\/aktuality\/na-jih-cech-miri-nadejny-klavirista-miluje-vlaky-drubez-a-zahradniceni\/","name":"Na jih \u010cech m\u00ed\u0159\u00ed nad\u011bjn\u00fd klav\u00edrista. Miluje vlaky, dr\u016fbe\u017e a zahradni\u010den\u00ed ~ Maty\u00e1\u0161 Nov\u00e1k","isPartOf":{"@id":"https:\/\/novakweb2.eu\/#website"},"primaryImageOfPage":{"@id":"https:\/\/www.matyasnovak.eu\/aktuality\/na-jih-cech-miri-nadejny-klavirista-miluje-vlaky-drubez-a-zahradniceni\/#primaryimage"},"image":{"@id":"https:\/\/www.matyasnovak.eu\/aktuality\/na-jih-cech-miri-nadejny-klavirista-miluje-vlaky-drubez-a-zahradniceni\/#primaryimage"},"thumbnailUrl":"https:\/\/www.matyasnovak.eu\/wp-content\/uploads\/2023\/04\/foto-lenka-hatasova7636-scaled.jpg","datePublished":"2024-05-18T15:59:00+00:00","dateModified":"2024-11-23T17:01:09+00:00","breadcrumb":{"@id":"https:\/\/www.matyasnovak.eu\/aktuality\/na-jih-cech-miri-nadejny-klavirista-miluje-vlaky-drubez-a-zahradniceni\/#breadcrumb"},"inLanguage":"en-GB","potentialAction":[{"@type":"ReadAction","target":["https:\/\/www.matyasnovak.eu\/aktuality\/na-jih-cech-miri-nadejny-klavirista-miluje-vlaky-drubez-a-zahradniceni\/"]}]},{"@type":"ImageObject","inLanguage":"en-GB","@id":"https:\/\/www.matyasnovak.eu\/aktuality\/na-jih-cech-miri-nadejny-klavirista-miluje-vlaky-drubez-a-zahradniceni\/#primaryimage","url":"https:\/\/www.matyasnovak.eu\/wp-content\/uploads\/2023\/04\/foto-lenka-hatasova7636-scaled.jpg","contentUrl":"https:\/\/www.matyasnovak.eu\/wp-content\/uploads\/2023\/04\/foto-lenka-hatasova7636-scaled.jpg","width":2560,"height":1707,"caption":"mn-galerie Maty\u00e1\u0161 Nov\u00e1k"},{"@type":"BreadcrumbList","@id":"https:\/\/www.matyasnovak.eu\/aktuality\/na-jih-cech-miri-nadejny-klavirista-miluje-vlaky-drubez-a-zahradniceni\/#breadcrumb","itemListElement":[{"@type":"ListItem","position":1,"name":"Dom\u016f","item":"https:\/\/www.matyasnovak.eu\/"},{"@type":"ListItem","position":2,"name":"Na jih \u010cech m\u00ed\u0159\u00ed nad\u011bjn\u00fd klav\u00edrista. Miluje vlaky, dr\u016fbe\u017e a zahradni\u010den\u00ed"}]},{"@type":"WebSite","@id":"https:\/\/novakweb2.eu\/#website","url":"https:\/\/novakweb2.eu\/","name":"Maty\u00e1\u0161 Nov\u00e1k","description":"","publisher":{"@id":"https:\/\/novakweb2.eu\/#\/schema\/person\/3fd5dc2f65072c5a94a64eb54623e857"},"potentialAction":[{"@type":"SearchAction","target":{"@type":"EntryPoint","urlTemplate":"https:\/\/novakweb2.eu\/?s={search_term_string}"},"query-input":{"@type":"PropertyValueSpecification","valueRequired":true,"valueName":"search_term_string"}}],"inLanguage":"en-GB"},{"@type":["Person","Organization"],"@id":"https:\/\/novakweb2.eu\/#\/schema\/person\/3fd5dc2f65072c5a94a64eb54623e857","name":"Maty\u00e1\u0161 Nov\u00e1k","image":{"@type":"ImageObject","inLanguage":"en-GB","@id":"https:\/\/www.matyasnovak.eu\/wp-content\/uploads\/2023\/07\/foto-lenka-hatasova7233-scaled-1.webp","url":"https:\/\/www.matyasnovak.eu\/wp-content\/uploads\/2023\/07\/foto-lenka-hatasova7233-scaled-1.webp","contentUrl":"https:\/\/www.matyasnovak.eu\/wp-content\/uploads\/2023\/07\/foto-lenka-hatasova7233-scaled-1.webp","width":1792,"height":1194,"caption":"Maty\u00e1\u0161 Nov\u00e1k"},"logo":{"@id":"https:\/\/www.matyasnovak.eu\/wp-content\/uploads\/2023\/07\/foto-lenka-hatasova7233-scaled-1.webp"},"sameAs":["https:\/\/www.matyasnovak.eu\/","https:\/\/www.facebook.com\/matyasnovakpianist\/","https:\/\/www.youtube.com\/@matyasnovakpianist1921"]}]}},"_links":{"self":[{"href":"http:\/\/www.matyasnovak.eu\/en\/wp-json\/wp\/v2\/aktuality\/7445","targetHints":{"allow":["GET"]}}],"collection":[{"href":"http:\/\/www.matyasnovak.eu\/en\/wp-json\/wp\/v2\/aktuality"}],"about":[{"href":"http:\/\/www.matyasnovak.eu\/en\/wp-json\/wp\/v2\/types\/aktuality"}],"version-history":[{"count":1,"href":"http:\/\/www.matyasnovak.eu\/en\/wp-json\/wp\/v2\/aktuality\/7445\/revisions"}],"predecessor-version":[{"id":7446,"href":"http:\/\/www.matyasnovak.eu\/en\/wp-json\/wp\/v2\/aktuality\/7445\/revisions\/7446"}],"wp:featuredmedia":[{"embeddable":true,"href":"http:\/\/www.matyasnovak.eu\/en\/wp-json\/wp\/v2\/media\/3035"}],"wp:attachment":[{"href":"http:\/\/www.matyasnovak.eu\/en\/wp-json\/wp\/v2\/media?parent=7445"}],"wp:term":[{"taxonomy":"category","embeddable":true,"href":"http:\/\/www.matyasnovak.eu\/en\/wp-json\/wp\/v2\/categories?post=7445"}],"curies":[{"name":"wp","href":"https:\/\/api.w.org\/{rel}","templated":true}]}}