{"id":7439,"date":"2024-04-25T17:55:00","date_gmt":"2024-04-25T15:55:00","guid":{"rendered":"https:\/\/www.matyasnovak.eu\/?post_type=aktuality&#038;p=7439"},"modified":"2024-11-23T17:57:14","modified_gmt":"2024-11-23T16:57:14","slug":"znamy-klavirista-matyas-novak-nadchl-cleny-kruhu-pratel-hudby","status":"publish","type":"aktuality","link":"http:\/\/www.matyasnovak.eu\/en\/aktuality\/znamy-klavirista-matyas-novak-nadchl-cleny-kruhu-pratel-hudby\/","title":{"rendered":"Zn\u00e1m\u00fd klav\u00edrista Maty\u00e1\u0161 Nov\u00e1k nadchl \u010dleny Kruhu p\u0159\u00e1tel hudby"},"content":{"rendered":"<p>\u017de to bude v\u00fdjime\u010dn\u00fd ve\u010der nasv\u011bd\u010dovaly u\u017e telefon\u00e1ty v pr\u016fb\u011bhu t\u00fddne informuj\u00edc\u00ed se o p\u0159edprodeji vstupenek. Jen\u017ee valn\u00e1 v\u011bt\u0161ina n\u00e1v\u0161t\u011bvn\u00edk\u016f koncert\u016f Kruhu p\u0159\u00e1tel hudby vlastn\u00ed permanentn\u00ed legitimaci na cel\u00fd rok a vstupenek p\u0159ed koncerty se prod\u00e1 nejv\u00fd\u0161e p\u00e1r kus\u016f a to sp\u00ed\u0161e v\u00fdjime\u010dn\u011b. P\u0159edposledn\u00ed dubnov\u00e9 \u00fater\u00fd si jich z\u00e1jemci vy\u017e\u00e1dali n\u011bkolik des\u00edtek. Do komorn\u00edho s\u00e1lu M\u011bstsk\u00e9ho spole\u010densk\u00e9ho domu v Kol\u00edn\u011b toti\u017e p\u0159ijel excelentn\u00ed klav\u00edrista Maty\u00e1\u0161 Nov\u00e1k.<\/p>\n\n\n\n<p>\u201eD\u00edky mimo\u0159\u00e1dn\u00e9mu harmonick\u00e9mu c\u00edt\u011bn\u00ed, \u0161irok\u00e9mu reperto\u00e1ru a vynikaj\u00edc\u00ed \u00fahozov\u00e9 technice pat\u0159\u00ed k nejperspektivn\u011bj\u0161\u00edm pianist\u016fm sv\u00e9 generace. V deseti letech vystoupil poprv\u00e9 s orchestrem, v devaten\u00e1cti debutoval v Carnegie Hall, ve dvaceti se p\u0159edstavil samostatn\u00fdm recit\u00e1lem na festivalu Pra\u017esk\u00e9 jaro,\u201c bylo mo\u017en\u00e9 se o hlavn\u00edm protagonistovi klav\u00edrn\u00edho recit\u00e1lu do\u010d\u00edst v koncertn\u00edm programu. Krom\u011b hudebn\u00edho talentu Maty\u00e1\u0161 Nov\u00e1k absolvoval i televizn\u00ed talk show, kde se vyznal ze sv\u00e9 l\u00e1sky k \u017eelezni\u010dn\u00ed doprav\u011b a chovu slepic.<\/p>\n\n\n\n<p>V \u00favodu koncertu popsal svoji j\u00edzdu vlakem do Kol\u00edna z Prahy p\u0159es Pod\u011bbrady a zabo\u0159il sv\u00e9 prsty do klav\u00edru v n\u011bkolika \u010cesk\u00fdch tanc\u00edch Bed\u0159icha Smetany. \u201eFryderikovi Chopinovi p\u0159ezd\u00edvali b\u00e1sn\u00edk klav\u00edru, j\u00e1 v\u00e1m od n\u011bj zahraji jeho Nokturno opus 27 \u010d\u00edslo 2,\u201c uvedl Nov\u00e1k n\u00e1sleduj\u00edc\u00ed skladbu a l\u00e1sku k Franzi Lisztovi vyj\u00e1d\u0159il pot\u00e9 interpretac\u00ed jeho Polon\u00e9zy. A stejn\u011b jako Liszt pot\u00e9 p\u0159edvedl vlastn\u00ed Fantazii na operu Rusalka Anton\u00edna Dvo\u0159\u00e1ka, kde zn\u011bly ony notoricky zn\u00e1m\u00e9 motivy, ale z\u00e1rove\u0148 jakoby klav\u00edr rozezn\u011bl mohutn\u00fd zvuk smy\u010dc\u016f \u010di dech\u016f.<\/p>\n\n\n\n<p>V druh\u00e9 polovin\u011b koncertu se reperto\u00e1r nijak radik\u00e1ln\u011b nezm\u011bnil, zazn\u011bly skladby Anton\u00edna Dvo\u0159\u00e1ka, op\u011bt Fryderika Chopina a Balada Franze Liszta, po obrovsk\u00e9m aplausu pak coby te\u010dka zazn\u011bl dal\u0161\u00ed majstr\u0161tyk, \u00faprava Smetanovy Vltavy, kter\u00e1 mimo jin\u00e9 potvrdila teorii o bl\u00edzkosti motivu t\u00e9to skladby a lidov\u00e9 p\u00edsn\u011b Ko\u010dka leze d\u00edrou. Po z\u00e1v\u011bre\u010dn\u00e9m efektn\u00edm \u00faderu do piana a potlesku pov\u011bt\u0161inou stoj\u00edc\u00edch div\u00e1k\u016f se mlad\u00fd a nad\u011bjn\u00fd talentovan\u00fd um\u011blec vydal na chodbu, kde podepisoval dv\u011b sv\u00e1 CD. Prodala se jich cel\u00e1 krabice.<\/p>\n\n\n\n<p>\u201eA jak v\u00e1m \u0161lapou slepice?\u201c zeptal se jeden z div\u00e1k\u016f \u017eij\u00edc\u00ed v nedalek\u00fdch T\u0159ech Dvorech. \u201eTe\u010f jsem musel chov bohu\u017eel rozpustit, dal jsem je lidem, na kter\u00e9 se mohu spolehnout, proto\u017ee jsem byl n\u011bkolik t\u00fddn\u016f v Americe, a to bych se o n\u011b nemohl starat,\u201c odpov\u011bd\u011bl klav\u00edrista.<\/p>\n\n\n\n<p>I p\u0159\u00ed\u0161t\u00ed setk\u00e1n\u00ed \u010dlen\u016f Kruhu p\u0159\u00e1tel hudby slibuje nev\u0161edn\u00ed z\u00e1\u017eitek, jeliko\u017e se bude slavit \u0161edes\u00e1t\u00e9 v\u00fdro\u010d\u00ed jeho zalo\u017een\u00ed. Vyhr\u00e1vat m\u00e1 Cimb\u00e1lov\u00e1 muzika \u010cesk\u00e9 filharmonie a nebude u toho chyb\u011bt p\u0159\u00edpitek.<\/p>\n\n\n\n<p>Zdroj: <a href=\"https:\/\/kolinsky.denik.cz\/volny-cas\/kolin-kruh-pratel-hudby-koncert-klavir-matyas-novak-25042024.html\" target=\"_blank\" rel=\"noreferrer noopener\">ht<\/a><a href=\"https:\/\/kolinsky.denik.cz\/volny-cas\/kolin-kruh-pratel-hudby-koncert-klavir-matyas-novak-25042024.html\">tps:\/\/kolinsky.denik.cz\/volny-cas\/kolin-kruh-pratel-hudby-koncert-klavir-matyas-novak-25042024.html<\/a><\/p>","protected":false},"featured_media":7440,"template":"","meta":{"_acf_changed":false},"categories":[13,161],"class_list":["post-7439","aktuality","type-aktuality","status-publish","has-post-thumbnail","hentry","category-aktuality","category-tisk"],"acf":[],"yoast_head":"<!-- This site is optimized with the Yoast SEO plugin v27.4 - https:\/\/yoast.com\/product\/yoast-seo-wordpress\/ -->\n<title>Zn\u00e1m\u00fd klav\u00edrista Maty\u00e1\u0161 Nov\u00e1k nadchl \u010dleny Kruhu p\u0159\u00e1tel hudby ~ Maty\u00e1\u0161 Nov\u00e1k<\/title>\n<meta name=\"robots\" content=\"index, follow, max-snippet:-1, max-image-preview:large, max-video-preview:-1\" \/>\n<link rel=\"canonical\" href=\"https:\/\/www.matyasnovak.eu\/en\/aktuality\/znamy-klavirista-matyas-novak-nadchl-cleny-kruhu-pratel-hudby\/\" \/>\n<meta property=\"og:locale\" content=\"en_GB\" \/>\n<meta property=\"og:type\" content=\"article\" \/>\n<meta property=\"og:title\" content=\"Zn\u00e1m\u00fd klav\u00edrista Maty\u00e1\u0161 Nov\u00e1k nadchl \u010dleny Kruhu p\u0159\u00e1tel hudby ~ Maty\u00e1\u0161 Nov\u00e1k\" \/>\n<meta property=\"og:description\" content=\"\u017de to bude v\u00fdjime\u010dn\u00fd ve\u010der nasv\u011bd\u010dovaly u\u017e telefon\u00e1ty v pr\u016fb\u011bhu t\u00fddne informuj\u00edc\u00ed se o p\u0159edprodeji vstupenek. Jen\u017ee valn\u00e1 v\u011bt\u0161ina n\u00e1v\u0161t\u011bvn\u00edk\u016f koncert\u016f Kruhu p\u0159\u00e1tel hudby vlastn\u00ed permanentn\u00ed legitimaci na cel\u00fd rok a vstupenek p\u0159ed koncerty se prod\u00e1 nejv\u00fd\u0161e p\u00e1r kus\u016f a to sp\u00ed\u0161e v\u00fdjime\u010dn\u011b. P\u0159edposledn\u00ed dubnov\u00e9 \u00fater\u00fd si jich z\u00e1jemci vy\u017e\u00e1dali n\u011bkolik des\u00edtek. Do komorn\u00edho s\u00e1lu [&hellip;]\" \/>\n<meta property=\"og:url\" content=\"https:\/\/www.matyasnovak.eu\/en\/aktuality\/znamy-klavirista-matyas-novak-nadchl-cleny-kruhu-pratel-hudby\/\" \/>\n<meta property=\"og:site_name\" content=\"Maty\u00e1\u0161 Nov\u00e1k\" \/>\n<meta property=\"article:publisher\" content=\"https:\/\/www.facebook.com\/matyasnovakpianist\/\" \/>\n<meta property=\"article:modified_time\" content=\"2024-11-23T16:57:14+00:00\" \/>\n<meta property=\"og:image\" content=\"https:\/\/www.matyasnovak.eu\/wp-content\/uploads\/2024\/11\/znamy-klavirista-matyas-novak-nadchl-cleny-kruhu-pratel-hudby.jpg\" \/>\n\t<meta property=\"og:image:width\" content=\"800\" \/>\n\t<meta property=\"og:image:height\" content=\"540\" \/>\n\t<meta property=\"og:image:type\" content=\"image\/jpeg\" \/>\n<meta name=\"twitter:card\" content=\"summary_large_image\" \/>\n<meta name=\"twitter:label1\" content=\"Estimated reading time\" \/>\n\t<meta name=\"twitter:data1\" content=\"3 minutes\" \/>\n<script type=\"application\/ld+json\" class=\"yoast-schema-graph\">{\"@context\":\"https:\\\/\\\/schema.org\",\"@graph\":[{\"@type\":\"WebPage\",\"@id\":\"https:\\\/\\\/www.matyasnovak.eu\\\/aktuality\\\/znamy-klavirista-matyas-novak-nadchl-cleny-kruhu-pratel-hudby\\\/\",\"url\":\"https:\\\/\\\/www.matyasnovak.eu\\\/aktuality\\\/znamy-klavirista-matyas-novak-nadchl-cleny-kruhu-pratel-hudby\\\/\",\"name\":\"Zn\u00e1m\u00fd klav\u00edrista Maty\u00e1\u0161 Nov\u00e1k nadchl \u010dleny Kruhu p\u0159\u00e1tel hudby ~ Maty\u00e1\u0161 Nov\u00e1k\",\"isPartOf\":{\"@id\":\"https:\\\/\\\/novakweb2.eu\\\/#website\"},\"primaryImageOfPage\":{\"@id\":\"https:\\\/\\\/www.matyasnovak.eu\\\/aktuality\\\/znamy-klavirista-matyas-novak-nadchl-cleny-kruhu-pratel-hudby\\\/#primaryimage\"},\"image\":{\"@id\":\"https:\\\/\\\/www.matyasnovak.eu\\\/aktuality\\\/znamy-klavirista-matyas-novak-nadchl-cleny-kruhu-pratel-hudby\\\/#primaryimage\"},\"thumbnailUrl\":\"https:\\\/\\\/www.matyasnovak.eu\\\/wp-content\\\/uploads\\\/2024\\\/11\\\/znamy-klavirista-matyas-novak-nadchl-cleny-kruhu-pratel-hudby.jpg\",\"datePublished\":\"2024-04-25T15:55:00+00:00\",\"dateModified\":\"2024-11-23T16:57:14+00:00\",\"breadcrumb\":{\"@id\":\"https:\\\/\\\/www.matyasnovak.eu\\\/aktuality\\\/znamy-klavirista-matyas-novak-nadchl-cleny-kruhu-pratel-hudby\\\/#breadcrumb\"},\"inLanguage\":\"en-GB\",\"potentialAction\":[{\"@type\":\"ReadAction\",\"target\":[\"https:\\\/\\\/www.matyasnovak.eu\\\/aktuality\\\/znamy-klavirista-matyas-novak-nadchl-cleny-kruhu-pratel-hudby\\\/\"]}]},{\"@type\":\"ImageObject\",\"inLanguage\":\"en-GB\",\"@id\":\"https:\\\/\\\/www.matyasnovak.eu\\\/aktuality\\\/znamy-klavirista-matyas-novak-nadchl-cleny-kruhu-pratel-hudby\\\/#primaryimage\",\"url\":\"https:\\\/\\\/www.matyasnovak.eu\\\/wp-content\\\/uploads\\\/2024\\\/11\\\/znamy-klavirista-matyas-novak-nadchl-cleny-kruhu-pratel-hudby.jpg\",\"contentUrl\":\"https:\\\/\\\/www.matyasnovak.eu\\\/wp-content\\\/uploads\\\/2024\\\/11\\\/znamy-klavirista-matyas-novak-nadchl-cleny-kruhu-pratel-hudby.jpg\",\"width\":800,\"height\":540},{\"@type\":\"BreadcrumbList\",\"@id\":\"https:\\\/\\\/www.matyasnovak.eu\\\/aktuality\\\/znamy-klavirista-matyas-novak-nadchl-cleny-kruhu-pratel-hudby\\\/#breadcrumb\",\"itemListElement\":[{\"@type\":\"ListItem\",\"position\":1,\"name\":\"Dom\u016f\",\"item\":\"https:\\\/\\\/www.matyasnovak.eu\\\/\"},{\"@type\":\"ListItem\",\"position\":2,\"name\":\"Zn\u00e1m\u00fd klav\u00edrista Maty\u00e1\u0161 Nov\u00e1k nadchl \u010dleny Kruhu p\u0159\u00e1tel hudby\"}]},{\"@type\":\"WebSite\",\"@id\":\"https:\\\/\\\/novakweb2.eu\\\/#website\",\"url\":\"https:\\\/\\\/novakweb2.eu\\\/\",\"name\":\"Maty\u00e1\u0161 Nov\u00e1k\",\"description\":\"\",\"publisher\":{\"@id\":\"https:\\\/\\\/novakweb2.eu\\\/#\\\/schema\\\/person\\\/3fd5dc2f65072c5a94a64eb54623e857\"},\"potentialAction\":[{\"@type\":\"SearchAction\",\"target\":{\"@type\":\"EntryPoint\",\"urlTemplate\":\"https:\\\/\\\/novakweb2.eu\\\/?s={search_term_string}\"},\"query-input\":{\"@type\":\"PropertyValueSpecification\",\"valueRequired\":true,\"valueName\":\"search_term_string\"}}],\"inLanguage\":\"en-GB\"},{\"@type\":[\"Person\",\"Organization\"],\"@id\":\"https:\\\/\\\/novakweb2.eu\\\/#\\\/schema\\\/person\\\/3fd5dc2f65072c5a94a64eb54623e857\",\"name\":\"Maty\u00e1\u0161 Nov\u00e1k\",\"image\":{\"@type\":\"ImageObject\",\"inLanguage\":\"en-GB\",\"@id\":\"https:\\\/\\\/www.matyasnovak.eu\\\/wp-content\\\/uploads\\\/2023\\\/07\\\/foto-lenka-hatasova7233-scaled-1.webp\",\"url\":\"https:\\\/\\\/www.matyasnovak.eu\\\/wp-content\\\/uploads\\\/2023\\\/07\\\/foto-lenka-hatasova7233-scaled-1.webp\",\"contentUrl\":\"https:\\\/\\\/www.matyasnovak.eu\\\/wp-content\\\/uploads\\\/2023\\\/07\\\/foto-lenka-hatasova7233-scaled-1.webp\",\"width\":1792,\"height\":1194,\"caption\":\"Maty\u00e1\u0161 Nov\u00e1k\"},\"logo\":{\"@id\":\"https:\\\/\\\/www.matyasnovak.eu\\\/wp-content\\\/uploads\\\/2023\\\/07\\\/foto-lenka-hatasova7233-scaled-1.webp\"},\"sameAs\":[\"https:\\\/\\\/www.matyasnovak.eu\\\/\",\"https:\\\/\\\/www.facebook.com\\\/matyasnovakpianist\\\/\",\"https:\\\/\\\/www.youtube.com\\\/@matyasnovakpianist1921\"]}]}<\/script>\n<!-- \/ Yoast SEO plugin. -->","yoast_head_json":{"title":"Zn\u00e1m\u00fd klav\u00edrista Maty\u00e1\u0161 Nov\u00e1k nadchl \u010dleny Kruhu p\u0159\u00e1tel hudby ~ Maty\u00e1\u0161 Nov\u00e1k","robots":{"index":"index","follow":"follow","max-snippet":"max-snippet:-1","max-image-preview":"max-image-preview:large","max-video-preview":"max-video-preview:-1"},"canonical":"https:\/\/www.matyasnovak.eu\/en\/aktuality\/znamy-klavirista-matyas-novak-nadchl-cleny-kruhu-pratel-hudby\/","og_locale":"en_GB","og_type":"article","og_title":"Zn\u00e1m\u00fd klav\u00edrista Maty\u00e1\u0161 Nov\u00e1k nadchl \u010dleny Kruhu p\u0159\u00e1tel hudby ~ Maty\u00e1\u0161 Nov\u00e1k","og_description":"\u017de to bude v\u00fdjime\u010dn\u00fd ve\u010der nasv\u011bd\u010dovaly u\u017e telefon\u00e1ty v pr\u016fb\u011bhu t\u00fddne informuj\u00edc\u00ed se o p\u0159edprodeji vstupenek. Jen\u017ee valn\u00e1 v\u011bt\u0161ina n\u00e1v\u0161t\u011bvn\u00edk\u016f koncert\u016f Kruhu p\u0159\u00e1tel hudby vlastn\u00ed permanentn\u00ed legitimaci na cel\u00fd rok a vstupenek p\u0159ed koncerty se prod\u00e1 nejv\u00fd\u0161e p\u00e1r kus\u016f a to sp\u00ed\u0161e v\u00fdjime\u010dn\u011b. P\u0159edposledn\u00ed dubnov\u00e9 \u00fater\u00fd si jich z\u00e1jemci vy\u017e\u00e1dali n\u011bkolik des\u00edtek. Do komorn\u00edho s\u00e1lu [&hellip;]","og_url":"https:\/\/www.matyasnovak.eu\/en\/aktuality\/znamy-klavirista-matyas-novak-nadchl-cleny-kruhu-pratel-hudby\/","og_site_name":"Maty\u00e1\u0161 Nov\u00e1k","article_publisher":"https:\/\/www.facebook.com\/matyasnovakpianist\/","article_modified_time":"2024-11-23T16:57:14+00:00","og_image":[{"width":800,"height":540,"url":"https:\/\/www.matyasnovak.eu\/wp-content\/uploads\/2024\/11\/znamy-klavirista-matyas-novak-nadchl-cleny-kruhu-pratel-hudby.jpg","type":"image\/jpeg"}],"twitter_card":"summary_large_image","twitter_misc":{"Estimated reading time":"3 minutes"},"schema":{"@context":"https:\/\/schema.org","@graph":[{"@type":"WebPage","@id":"https:\/\/www.matyasnovak.eu\/aktuality\/znamy-klavirista-matyas-novak-nadchl-cleny-kruhu-pratel-hudby\/","url":"https:\/\/www.matyasnovak.eu\/aktuality\/znamy-klavirista-matyas-novak-nadchl-cleny-kruhu-pratel-hudby\/","name":"Zn\u00e1m\u00fd klav\u00edrista Maty\u00e1\u0161 Nov\u00e1k nadchl \u010dleny Kruhu p\u0159\u00e1tel hudby ~ Maty\u00e1\u0161 Nov\u00e1k","isPartOf":{"@id":"https:\/\/novakweb2.eu\/#website"},"primaryImageOfPage":{"@id":"https:\/\/www.matyasnovak.eu\/aktuality\/znamy-klavirista-matyas-novak-nadchl-cleny-kruhu-pratel-hudby\/#primaryimage"},"image":{"@id":"https:\/\/www.matyasnovak.eu\/aktuality\/znamy-klavirista-matyas-novak-nadchl-cleny-kruhu-pratel-hudby\/#primaryimage"},"thumbnailUrl":"https:\/\/www.matyasnovak.eu\/wp-content\/uploads\/2024\/11\/znamy-klavirista-matyas-novak-nadchl-cleny-kruhu-pratel-hudby.jpg","datePublished":"2024-04-25T15:55:00+00:00","dateModified":"2024-11-23T16:57:14+00:00","breadcrumb":{"@id":"https:\/\/www.matyasnovak.eu\/aktuality\/znamy-klavirista-matyas-novak-nadchl-cleny-kruhu-pratel-hudby\/#breadcrumb"},"inLanguage":"en-GB","potentialAction":[{"@type":"ReadAction","target":["https:\/\/www.matyasnovak.eu\/aktuality\/znamy-klavirista-matyas-novak-nadchl-cleny-kruhu-pratel-hudby\/"]}]},{"@type":"ImageObject","inLanguage":"en-GB","@id":"https:\/\/www.matyasnovak.eu\/aktuality\/znamy-klavirista-matyas-novak-nadchl-cleny-kruhu-pratel-hudby\/#primaryimage","url":"https:\/\/www.matyasnovak.eu\/wp-content\/uploads\/2024\/11\/znamy-klavirista-matyas-novak-nadchl-cleny-kruhu-pratel-hudby.jpg","contentUrl":"https:\/\/www.matyasnovak.eu\/wp-content\/uploads\/2024\/11\/znamy-klavirista-matyas-novak-nadchl-cleny-kruhu-pratel-hudby.jpg","width":800,"height":540},{"@type":"BreadcrumbList","@id":"https:\/\/www.matyasnovak.eu\/aktuality\/znamy-klavirista-matyas-novak-nadchl-cleny-kruhu-pratel-hudby\/#breadcrumb","itemListElement":[{"@type":"ListItem","position":1,"name":"Dom\u016f","item":"https:\/\/www.matyasnovak.eu\/"},{"@type":"ListItem","position":2,"name":"Zn\u00e1m\u00fd klav\u00edrista Maty\u00e1\u0161 Nov\u00e1k nadchl \u010dleny Kruhu p\u0159\u00e1tel hudby"}]},{"@type":"WebSite","@id":"https:\/\/novakweb2.eu\/#website","url":"https:\/\/novakweb2.eu\/","name":"Maty\u00e1\u0161 Nov\u00e1k","description":"","publisher":{"@id":"https:\/\/novakweb2.eu\/#\/schema\/person\/3fd5dc2f65072c5a94a64eb54623e857"},"potentialAction":[{"@type":"SearchAction","target":{"@type":"EntryPoint","urlTemplate":"https:\/\/novakweb2.eu\/?s={search_term_string}"},"query-input":{"@type":"PropertyValueSpecification","valueRequired":true,"valueName":"search_term_string"}}],"inLanguage":"en-GB"},{"@type":["Person","Organization"],"@id":"https:\/\/novakweb2.eu\/#\/schema\/person\/3fd5dc2f65072c5a94a64eb54623e857","name":"Maty\u00e1\u0161 Nov\u00e1k","image":{"@type":"ImageObject","inLanguage":"en-GB","@id":"https:\/\/www.matyasnovak.eu\/wp-content\/uploads\/2023\/07\/foto-lenka-hatasova7233-scaled-1.webp","url":"https:\/\/www.matyasnovak.eu\/wp-content\/uploads\/2023\/07\/foto-lenka-hatasova7233-scaled-1.webp","contentUrl":"https:\/\/www.matyasnovak.eu\/wp-content\/uploads\/2023\/07\/foto-lenka-hatasova7233-scaled-1.webp","width":1792,"height":1194,"caption":"Maty\u00e1\u0161 Nov\u00e1k"},"logo":{"@id":"https:\/\/www.matyasnovak.eu\/wp-content\/uploads\/2023\/07\/foto-lenka-hatasova7233-scaled-1.webp"},"sameAs":["https:\/\/www.matyasnovak.eu\/","https:\/\/www.facebook.com\/matyasnovakpianist\/","https:\/\/www.youtube.com\/@matyasnovakpianist1921"]}]}},"_links":{"self":[{"href":"http:\/\/www.matyasnovak.eu\/en\/wp-json\/wp\/v2\/aktuality\/7439","targetHints":{"allow":["GET"]}}],"collection":[{"href":"http:\/\/www.matyasnovak.eu\/en\/wp-json\/wp\/v2\/aktuality"}],"about":[{"href":"http:\/\/www.matyasnovak.eu\/en\/wp-json\/wp\/v2\/types\/aktuality"}],"version-history":[{"count":1,"href":"http:\/\/www.matyasnovak.eu\/en\/wp-json\/wp\/v2\/aktuality\/7439\/revisions"}],"predecessor-version":[{"id":7441,"href":"http:\/\/www.matyasnovak.eu\/en\/wp-json\/wp\/v2\/aktuality\/7439\/revisions\/7441"}],"wp:featuredmedia":[{"embeddable":true,"href":"http:\/\/www.matyasnovak.eu\/en\/wp-json\/wp\/v2\/media\/7440"}],"wp:attachment":[{"href":"http:\/\/www.matyasnovak.eu\/en\/wp-json\/wp\/v2\/media?parent=7439"}],"wp:term":[{"taxonomy":"category","embeddable":true,"href":"http:\/\/www.matyasnovak.eu\/en\/wp-json\/wp\/v2\/categories?post=7439"}],"curies":[{"name":"wp","href":"https:\/\/api.w.org\/{rel}","templated":true}]}}