{"id":724,"date":"2023-01-28T17:29:30","date_gmt":"2023-01-28T16:29:30","guid":{"rendered":"https:\/\/www.matyasnovak.eu\/?post_type=aktuality&#038;p=724"},"modified":"2023-04-14T13:01:34","modified_gmt":"2023-04-14T11:01:34","slug":"klavirista-matyas-novak-poprve-v-horni-cermne","status":"publish","type":"aktuality","link":"http:\/\/www.matyasnovak.eu\/en\/aktuality\/klavirista-matyas-novak-poprve-v-horni-cermne\/","title":{"rendered":"Klav\u00edrista Maty\u00e1\u0161 Nov\u00e1k poprv\u00e9 v\u00a0Horn\u00ed\u00a0\u010cermn\u00e9"},"content":{"rendered":"<p>Vystoupen\u00ed v Horn\u00ed \u010cermn\u00e9 pro m\u011b bylo zcela speci\u00e1ln\u00ed, nebo\u0165 jsem zde poprv\u00e9 souborn\u011b provedl v\u0161echny sv\u00e9 skladby s v\u00e1no\u010dn\u00ed t\u00e9matikou. Adventn\u00ed \u010das zp\u0159\u00edjemnil ob\u010dan\u016fm v Horn\u00ed \u010cermn\u00e9 sv\u00fdm vystoupen\u00edm Maty\u00e1\u0161 Nov\u00e1k. Mnoz\u00ed zjistili, jak v\u00fdborn\u00fd je klav\u00edrista a nyn\u00ed maj\u00ed mo\u017enost poznat Maty\u00e1\u0161\u016fv hudebn\u00ed p\u0159\u00edb\u011bh. Po koncert\u011b jsme toti\u017e mlad\u00e9ho muzikanta vyzpov\u00eddali.<\/p>\n\n\n\n<figure class=\"wp-block-gallery has-nested-images columns-default wp-block-gallery-1 is-layout-flex wp-block-gallery-is-layout-flex\">\n<figure class=\"wp-block-image size-full is-style-default\"><a href=\"https:\/\/www.matyasnovak.eu\/wp-content\/uploads\/2023\/01\/klavirista-matyas-novak-poprve-v-h-cermne-1-jpg.webp\"><img fetchpriority=\"high\" decoding=\"async\" width=\"1080\" height=\"1563\" data-id=\"725\" src=\"https:\/\/www.matyasnovak.eu\/wp-content\/uploads\/2023\/01\/klavirista-matyas-novak-poprve-v-h-cermne-1-jpg.webp\" alt=\"\" class=\"wp-image-725\" srcset=\"https:\/\/www.matyasnovak.eu\/wp-content\/uploads\/2023\/01\/klavirista-matyas-novak-poprve-v-h-cermne-1-jpg.webp 1080w, https:\/\/www.matyasnovak.eu\/wp-content\/uploads\/2023\/01\/klavirista-matyas-novak-poprve-v-h-cermne-1-207x300.webp 207w, https:\/\/www.matyasnovak.eu\/wp-content\/uploads\/2023\/01\/klavirista-matyas-novak-poprve-v-h-cermne-1-708x1024.webp 708w, https:\/\/www.matyasnovak.eu\/wp-content\/uploads\/2023\/01\/klavirista-matyas-novak-poprve-v-h-cermne-1-768x1111.webp 768w, https:\/\/www.matyasnovak.eu\/wp-content\/uploads\/2023\/01\/klavirista-matyas-novak-poprve-v-h-cermne-1-1061x1536.webp 1061w\" sizes=\"(max-width: 1080px) 100vw, 1080px\" \/><\/a><\/figure>\n\n\n\n<figure class=\"wp-block-image size-full\"><a href=\"https:\/\/www.matyasnovak.eu\/wp-content\/uploads\/2023\/01\/klavirista-matyas-novak-poprve-v-h-cermne-2-jpg.webp\"><img decoding=\"async\" width=\"1080\" height=\"1563\" data-id=\"728\" src=\"https:\/\/www.matyasnovak.eu\/wp-content\/uploads\/2023\/01\/klavirista-matyas-novak-poprve-v-h-cermne-2-jpg.webp\" alt=\"\" class=\"wp-image-728\" srcset=\"https:\/\/www.matyasnovak.eu\/wp-content\/uploads\/2023\/01\/klavirista-matyas-novak-poprve-v-h-cermne-2-jpg.webp 1080w, https:\/\/www.matyasnovak.eu\/wp-content\/uploads\/2023\/01\/klavirista-matyas-novak-poprve-v-h-cermne-2-207x300.webp 207w, https:\/\/www.matyasnovak.eu\/wp-content\/uploads\/2023\/01\/klavirista-matyas-novak-poprve-v-h-cermne-2-708x1024.webp 708w, https:\/\/www.matyasnovak.eu\/wp-content\/uploads\/2023\/01\/klavirista-matyas-novak-poprve-v-h-cermne-2-768x1111.webp 768w, https:\/\/www.matyasnovak.eu\/wp-content\/uploads\/2023\/01\/klavirista-matyas-novak-poprve-v-h-cermne-2-1061x1536.webp 1061w\" sizes=\"(max-width: 1080px) 100vw, 1080px\" \/><\/a><\/figure>\n<figcaption class=\"blocks-gallery-caption wp-element-caption\">Klikn\u011bte pro zv\u011bt\u0161en\u00ed<\/figcaption><\/figure>\n\n\n\n<p>Zdroj: Zpravodaj Horn\u00ed \u010cermn\u00e1 \u010d\u00edslo 1\/2023<\/p>","protected":false},"featured_media":170,"template":"","meta":{"_acf_changed":false},"categories":[161],"class_list":["post-724","aktuality","type-aktuality","status-publish","has-post-thumbnail","hentry","category-tisk"],"acf":[],"yoast_head":"<!-- This site is optimized with the Yoast SEO plugin v27.5 - https:\/\/yoast.com\/product\/yoast-seo-wordpress\/ -->\n<title>Klav\u00edrista Maty\u00e1\u0161 Nov\u00e1k poprv\u00e9 v\u00a0Horn\u00ed\u00a0\u010cermn\u00e9 ~ Maty\u00e1\u0161 Nov\u00e1k<\/title>\n<meta name=\"robots\" content=\"index, follow, max-snippet:-1, max-image-preview:large, max-video-preview:-1\" \/>\n<link rel=\"canonical\" href=\"https:\/\/novakweb2.eu\/aktuality\/klavirista-matyas-novak-poprve-v-horni-cermne\/\" \/>\n<meta property=\"og:locale\" content=\"en_GB\" \/>\n<meta property=\"og:type\" content=\"article\" \/>\n<meta property=\"og:title\" content=\"Klav\u00edrista Maty\u00e1\u0161 Nov\u00e1k poprv\u00e9 v\u00a0Horn\u00ed\u00a0\u010cermn\u00e9 ~ Maty\u00e1\u0161 Nov\u00e1k\" \/>\n<meta property=\"og:description\" content=\"Vystoupen\u00ed v Horn\u00ed \u010cermn\u00e9 pro m\u011b bylo zcela speci\u00e1ln\u00ed, nebo\u0165 jsem zde poprv\u00e9 souborn\u011b provedl v\u0161echny sv\u00e9 skladby s v\u00e1no\u010dn\u00ed t\u00e9matikou. Adventn\u00ed \u010das zp\u0159\u00edjemnil ob\u010dan\u016fm v Horn\u00ed \u010cermn\u00e9 sv\u00fdm vystoupen\u00edm Maty\u00e1\u0161 Nov\u00e1k. Mnoz\u00ed zjistili, jak v\u00fdborn\u00fd je klav\u00edrista a nyn\u00ed maj\u00ed mo\u017enost poznat Maty\u00e1\u0161\u016fv hudebn\u00ed p\u0159\u00edb\u011bh. Po koncert\u011b jsme toti\u017e mlad\u00e9ho muzikanta vyzpov\u00eddali. Zdroj: Zpravodaj [&hellip;]\" \/>\n<meta property=\"og:url\" content=\"https:\/\/novakweb2.eu\/aktuality\/klavirista-matyas-novak-poprve-v-horni-cermne\/\" \/>\n<meta property=\"og:site_name\" content=\"Maty\u00e1\u0161 Nov\u00e1k\" \/>\n<meta property=\"article:publisher\" content=\"https:\/\/www.facebook.com\/matyasnovakpianist\/\" \/>\n<meta property=\"article:modified_time\" content=\"2023-04-14T11:01:34+00:00\" \/>\n<meta property=\"og:image\" content=\"https:\/\/novakweb2.eu\/wp-content\/uploads\/2023\/01\/Matyas-Novak-photo-leaves-1.jpg\" \/>\n\t<meta property=\"og:image:width\" content=\"2560\" \/>\n\t<meta property=\"og:image:height\" content=\"1440\" \/>\n\t<meta property=\"og:image:type\" content=\"image\/jpeg\" \/>\n<meta name=\"twitter:card\" content=\"summary_large_image\" \/>\n<meta name=\"twitter:label1\" content=\"Estimated reading time\" \/>\n\t<meta name=\"twitter:data1\" content=\"1 minute\" \/>\n<script type=\"application\/ld+json\" class=\"yoast-schema-graph\">{\"@context\":\"https:\\\/\\\/schema.org\",\"@graph\":[{\"@type\":\"WebPage\",\"@id\":\"https:\\\/\\\/novakweb2.eu\\\/aktuality\\\/klavirista-matyas-novak-poprve-v-horni-cermne\\\/\",\"url\":\"https:\\\/\\\/novakweb2.eu\\\/aktuality\\\/klavirista-matyas-novak-poprve-v-horni-cermne\\\/\",\"name\":\"Klav\u00edrista Maty\u00e1\u0161 Nov\u00e1k poprv\u00e9 v\u00a0Horn\u00ed\u00a0\u010cermn\u00e9 ~ Maty\u00e1\u0161 Nov\u00e1k\",\"isPartOf\":{\"@id\":\"https:\\\/\\\/novakweb2.eu\\\/#website\"},\"primaryImageOfPage\":{\"@id\":\"https:\\\/\\\/novakweb2.eu\\\/aktuality\\\/klavirista-matyas-novak-poprve-v-horni-cermne\\\/#primaryimage\"},\"image\":{\"@id\":\"https:\\\/\\\/novakweb2.eu\\\/aktuality\\\/klavirista-matyas-novak-poprve-v-horni-cermne\\\/#primaryimage\"},\"thumbnailUrl\":\"https:\\\/\\\/www.matyasnovak.eu\\\/wp-content\\\/uploads\\\/2023\\\/01\\\/Matyas-Novak-photo-leaves-1.jpg\",\"datePublished\":\"2023-01-28T16:29:30+00:00\",\"dateModified\":\"2023-04-14T11:01:34+00:00\",\"breadcrumb\":{\"@id\":\"https:\\\/\\\/novakweb2.eu\\\/aktuality\\\/klavirista-matyas-novak-poprve-v-horni-cermne\\\/#breadcrumb\"},\"inLanguage\":\"en-GB\",\"potentialAction\":[{\"@type\":\"ReadAction\",\"target\":[\"https:\\\/\\\/novakweb2.eu\\\/aktuality\\\/klavirista-matyas-novak-poprve-v-horni-cermne\\\/\"]}]},{\"@type\":\"ImageObject\",\"inLanguage\":\"en-GB\",\"@id\":\"https:\\\/\\\/novakweb2.eu\\\/aktuality\\\/klavirista-matyas-novak-poprve-v-horni-cermne\\\/#primaryimage\",\"url\":\"https:\\\/\\\/www.matyasnovak.eu\\\/wp-content\\\/uploads\\\/2023\\\/01\\\/Matyas-Novak-photo-leaves-1.jpg\",\"contentUrl\":\"https:\\\/\\\/www.matyasnovak.eu\\\/wp-content\\\/uploads\\\/2023\\\/01\\\/Matyas-Novak-photo-leaves-1.jpg\",\"width\":2560,\"height\":1440,\"caption\":\"mn-galerie\"},{\"@type\":\"BreadcrumbList\",\"@id\":\"https:\\\/\\\/novakweb2.eu\\\/aktuality\\\/klavirista-matyas-novak-poprve-v-horni-cermne\\\/#breadcrumb\",\"itemListElement\":[{\"@type\":\"ListItem\",\"position\":1,\"name\":\"Dom\u016f\",\"item\":\"https:\\\/\\\/www.matyasnovak.eu\\\/\"},{\"@type\":\"ListItem\",\"position\":2,\"name\":\"Klav\u00edrista Maty\u00e1\u0161 Nov\u00e1k poprv\u00e9 v\u00a0Horn\u00ed\u00a0\u010cermn\u00e9\"}]},{\"@type\":\"WebSite\",\"@id\":\"https:\\\/\\\/novakweb2.eu\\\/#website\",\"url\":\"https:\\\/\\\/novakweb2.eu\\\/\",\"name\":\"Maty\u00e1\u0161 Nov\u00e1k\",\"description\":\"\",\"publisher\":{\"@id\":\"https:\\\/\\\/novakweb2.eu\\\/#\\\/schema\\\/person\\\/3fd5dc2f65072c5a94a64eb54623e857\"},\"potentialAction\":[{\"@type\":\"SearchAction\",\"target\":{\"@type\":\"EntryPoint\",\"urlTemplate\":\"https:\\\/\\\/novakweb2.eu\\\/?s={search_term_string}\"},\"query-input\":{\"@type\":\"PropertyValueSpecification\",\"valueRequired\":true,\"valueName\":\"search_term_string\"}}],\"inLanguage\":\"en-GB\"},{\"@type\":[\"Person\",\"Organization\"],\"@id\":\"https:\\\/\\\/novakweb2.eu\\\/#\\\/schema\\\/person\\\/3fd5dc2f65072c5a94a64eb54623e857\",\"name\":\"Maty\u00e1\u0161 Nov\u00e1k\",\"image\":{\"@type\":\"ImageObject\",\"inLanguage\":\"en-GB\",\"@id\":\"https:\\\/\\\/www.matyasnovak.eu\\\/wp-content\\\/uploads\\\/2023\\\/07\\\/foto-lenka-hatasova7233-scaled-1.webp\",\"url\":\"https:\\\/\\\/www.matyasnovak.eu\\\/wp-content\\\/uploads\\\/2023\\\/07\\\/foto-lenka-hatasova7233-scaled-1.webp\",\"contentUrl\":\"https:\\\/\\\/www.matyasnovak.eu\\\/wp-content\\\/uploads\\\/2023\\\/07\\\/foto-lenka-hatasova7233-scaled-1.webp\",\"width\":1792,\"height\":1194,\"caption\":\"Maty\u00e1\u0161 Nov\u00e1k\"},\"logo\":{\"@id\":\"https:\\\/\\\/www.matyasnovak.eu\\\/wp-content\\\/uploads\\\/2023\\\/07\\\/foto-lenka-hatasova7233-scaled-1.webp\"},\"sameAs\":[\"https:\\\/\\\/www.matyasnovak.eu\\\/\",\"https:\\\/\\\/www.facebook.com\\\/matyasnovakpianist\\\/\",\"https:\\\/\\\/www.youtube.com\\\/@matyasnovakpianist1921\"]}]}<\/script>\n<!-- \/ Yoast SEO plugin. -->","yoast_head_json":{"title":"Klav\u00edrista Maty\u00e1\u0161 Nov\u00e1k poprv\u00e9 v\u00a0Horn\u00ed\u00a0\u010cermn\u00e9 ~ Maty\u00e1\u0161 Nov\u00e1k","robots":{"index":"index","follow":"follow","max-snippet":"max-snippet:-1","max-image-preview":"max-image-preview:large","max-video-preview":"max-video-preview:-1"},"canonical":"https:\/\/novakweb2.eu\/aktuality\/klavirista-matyas-novak-poprve-v-horni-cermne\/","og_locale":"en_GB","og_type":"article","og_title":"Klav\u00edrista Maty\u00e1\u0161 Nov\u00e1k poprv\u00e9 v\u00a0Horn\u00ed\u00a0\u010cermn\u00e9 ~ Maty\u00e1\u0161 Nov\u00e1k","og_description":"Vystoupen\u00ed v Horn\u00ed \u010cermn\u00e9 pro m\u011b bylo zcela speci\u00e1ln\u00ed, nebo\u0165 jsem zde poprv\u00e9 souborn\u011b provedl v\u0161echny sv\u00e9 skladby s v\u00e1no\u010dn\u00ed t\u00e9matikou. Adventn\u00ed \u010das zp\u0159\u00edjemnil ob\u010dan\u016fm v Horn\u00ed \u010cermn\u00e9 sv\u00fdm vystoupen\u00edm Maty\u00e1\u0161 Nov\u00e1k. Mnoz\u00ed zjistili, jak v\u00fdborn\u00fd je klav\u00edrista a nyn\u00ed maj\u00ed mo\u017enost poznat Maty\u00e1\u0161\u016fv hudebn\u00ed p\u0159\u00edb\u011bh. Po koncert\u011b jsme toti\u017e mlad\u00e9ho muzikanta vyzpov\u00eddali. Zdroj: Zpravodaj [&hellip;]","og_url":"https:\/\/novakweb2.eu\/aktuality\/klavirista-matyas-novak-poprve-v-horni-cermne\/","og_site_name":"Maty\u00e1\u0161 Nov\u00e1k","article_publisher":"https:\/\/www.facebook.com\/matyasnovakpianist\/","article_modified_time":"2023-04-14T11:01:34+00:00","og_image":[{"width":2560,"height":1440,"url":"https:\/\/novakweb2.eu\/wp-content\/uploads\/2023\/01\/Matyas-Novak-photo-leaves-1.jpg","type":"image\/jpeg"}],"twitter_card":"summary_large_image","twitter_misc":{"Estimated reading time":"1 minute"},"schema":{"@context":"https:\/\/schema.org","@graph":[{"@type":"WebPage","@id":"https:\/\/novakweb2.eu\/aktuality\/klavirista-matyas-novak-poprve-v-horni-cermne\/","url":"https:\/\/novakweb2.eu\/aktuality\/klavirista-matyas-novak-poprve-v-horni-cermne\/","name":"Klav\u00edrista Maty\u00e1\u0161 Nov\u00e1k poprv\u00e9 v\u00a0Horn\u00ed\u00a0\u010cermn\u00e9 ~ Maty\u00e1\u0161 Nov\u00e1k","isPartOf":{"@id":"https:\/\/novakweb2.eu\/#website"},"primaryImageOfPage":{"@id":"https:\/\/novakweb2.eu\/aktuality\/klavirista-matyas-novak-poprve-v-horni-cermne\/#primaryimage"},"image":{"@id":"https:\/\/novakweb2.eu\/aktuality\/klavirista-matyas-novak-poprve-v-horni-cermne\/#primaryimage"},"thumbnailUrl":"https:\/\/www.matyasnovak.eu\/wp-content\/uploads\/2023\/01\/Matyas-Novak-photo-leaves-1.jpg","datePublished":"2023-01-28T16:29:30+00:00","dateModified":"2023-04-14T11:01:34+00:00","breadcrumb":{"@id":"https:\/\/novakweb2.eu\/aktuality\/klavirista-matyas-novak-poprve-v-horni-cermne\/#breadcrumb"},"inLanguage":"en-GB","potentialAction":[{"@type":"ReadAction","target":["https:\/\/novakweb2.eu\/aktuality\/klavirista-matyas-novak-poprve-v-horni-cermne\/"]}]},{"@type":"ImageObject","inLanguage":"en-GB","@id":"https:\/\/novakweb2.eu\/aktuality\/klavirista-matyas-novak-poprve-v-horni-cermne\/#primaryimage","url":"https:\/\/www.matyasnovak.eu\/wp-content\/uploads\/2023\/01\/Matyas-Novak-photo-leaves-1.jpg","contentUrl":"https:\/\/www.matyasnovak.eu\/wp-content\/uploads\/2023\/01\/Matyas-Novak-photo-leaves-1.jpg","width":2560,"height":1440,"caption":"mn-galerie"},{"@type":"BreadcrumbList","@id":"https:\/\/novakweb2.eu\/aktuality\/klavirista-matyas-novak-poprve-v-horni-cermne\/#breadcrumb","itemListElement":[{"@type":"ListItem","position":1,"name":"Dom\u016f","item":"https:\/\/www.matyasnovak.eu\/"},{"@type":"ListItem","position":2,"name":"Klav\u00edrista Maty\u00e1\u0161 Nov\u00e1k poprv\u00e9 v\u00a0Horn\u00ed\u00a0\u010cermn\u00e9"}]},{"@type":"WebSite","@id":"https:\/\/novakweb2.eu\/#website","url":"https:\/\/novakweb2.eu\/","name":"Maty\u00e1\u0161 Nov\u00e1k","description":"","publisher":{"@id":"https:\/\/novakweb2.eu\/#\/schema\/person\/3fd5dc2f65072c5a94a64eb54623e857"},"potentialAction":[{"@type":"SearchAction","target":{"@type":"EntryPoint","urlTemplate":"https:\/\/novakweb2.eu\/?s={search_term_string}"},"query-input":{"@type":"PropertyValueSpecification","valueRequired":true,"valueName":"search_term_string"}}],"inLanguage":"en-GB"},{"@type":["Person","Organization"],"@id":"https:\/\/novakweb2.eu\/#\/schema\/person\/3fd5dc2f65072c5a94a64eb54623e857","name":"Maty\u00e1\u0161 Nov\u00e1k","image":{"@type":"ImageObject","inLanguage":"en-GB","@id":"https:\/\/www.matyasnovak.eu\/wp-content\/uploads\/2023\/07\/foto-lenka-hatasova7233-scaled-1.webp","url":"https:\/\/www.matyasnovak.eu\/wp-content\/uploads\/2023\/07\/foto-lenka-hatasova7233-scaled-1.webp","contentUrl":"https:\/\/www.matyasnovak.eu\/wp-content\/uploads\/2023\/07\/foto-lenka-hatasova7233-scaled-1.webp","width":1792,"height":1194,"caption":"Maty\u00e1\u0161 Nov\u00e1k"},"logo":{"@id":"https:\/\/www.matyasnovak.eu\/wp-content\/uploads\/2023\/07\/foto-lenka-hatasova7233-scaled-1.webp"},"sameAs":["https:\/\/www.matyasnovak.eu\/","https:\/\/www.facebook.com\/matyasnovakpianist\/","https:\/\/www.youtube.com\/@matyasnovakpianist1921"]}]}},"_links":{"self":[{"href":"http:\/\/www.matyasnovak.eu\/en\/wp-json\/wp\/v2\/aktuality\/724","targetHints":{"allow":["GET"]}}],"collection":[{"href":"http:\/\/www.matyasnovak.eu\/en\/wp-json\/wp\/v2\/aktuality"}],"about":[{"href":"http:\/\/www.matyasnovak.eu\/en\/wp-json\/wp\/v2\/types\/aktuality"}],"version-history":[{"count":0,"href":"http:\/\/www.matyasnovak.eu\/en\/wp-json\/wp\/v2\/aktuality\/724\/revisions"}],"wp:featuredmedia":[{"embeddable":true,"href":"http:\/\/www.matyasnovak.eu\/en\/wp-json\/wp\/v2\/media\/170"}],"wp:attachment":[{"href":"http:\/\/www.matyasnovak.eu\/en\/wp-json\/wp\/v2\/media?parent=724"}],"wp:term":[{"taxonomy":"category","embeddable":true,"href":"http:\/\/www.matyasnovak.eu\/en\/wp-json\/wp\/v2\/categories?post=724"}],"curies":[{"name":"wp","href":"https:\/\/api.w.org\/{rel}","templated":true}]}}