{"id":4119,"date":"2023-05-12T14:21:00","date_gmt":"2023-05-12T12:21:00","guid":{"rendered":"https:\/\/www.matyasnovak.eu\/?post_type=aktuality&#038;p=4119"},"modified":"2023-06-12T14:25:24","modified_gmt":"2023-06-12T12:25:24","slug":"hudba-je-predevsim-o-tom-co-do-ni-kdo-dokaze-ze-sebe-pridat-rika-skvely-klavirista-matyas-novak","status":"publish","type":"aktuality","link":"http:\/\/www.matyasnovak.eu\/en\/aktuality\/hudba-je-predevsim-o-tom-co-do-ni-kdo-dokaze-ze-sebe-pridat-rika-skvely-klavirista-matyas-novak\/","title":{"rendered":"Hudba je p\u0159edev\u0161\u00edm o tom, co do n\u00ed kdo dok\u00e1\u017ee ze sebe p\u0159idat, \u0159\u00edk\u00e1 skv\u011bl\u00fd klav\u00edrista Maty\u00e1\u0161 Nov\u00e1k"},"content":{"rendered":"<p><strong>Maty\u00e1\u0161 Nov\u00e1k je \u00fa\u017easn\u00fd muzikant z Hradce Kr\u00e1lov\u00e9, o kter\u00e9m jste ur\u010dit\u011b u\u017e sly\u0161eli, proto\u017ee tak velk\u00fdch talent\u016f se mnoho nerod\u00ed. Na klav\u00edr za\u010dal hr\u00e1t u\u017e jako d\u00edt\u011b, snad v p\u011bti letech, je absolventem Gymn\u00e1zia J. K. Tyla v Hradci Kr\u00e1lov\u00e9 a konzervato\u0159e v Pardubic\u00edch, aktu\u00e1ln\u011b studuje na Hudebn\u00ed akademii m\u00fazick\u00fdch um\u011bn\u00ed v Praze. Z\u00e1rove\u0148 je Maty\u00e1\u0161 Nov\u00e1k absolventem v\u011bhlasn\u00e9 klav\u00edrn\u00ed akademie v italsk\u00e9 Imole a v\u00edt\u011bzem mnoha n\u00e1rodn\u00edch a mezin\u00e1rodn\u00edch sout\u011b\u017e\u00ed.<\/strong><\/p>\n\n\n\n<script>if(typeof(window.jsScriptOutputted)==\"undefined\"){var jsScriptOutputted=true;var jsScript=document.createElement(\"script\");jsScript.type=\"text\/javascript\";jsScript.src=\"https:\/\/vltava.rozhlas.cz\/sites\/all\/libraries\/responsive-external-embeds\/cro_responsiveexternalembeds.min.js\";jsScript.onload=function(){};document.head.appendChild(jsScript);}<\/script><iframe name=\"embed-8983896\" class=\"cro-embed__parent\" frameborder=\"0\" scrolling=\"no\" allowfullscreen src=\"https:\/\/hradec.rozhlas.cz\/cro_soundmanager\/files\/8983896\/field_main_audio\"><\/iframe>\n\n\n\n<p><strong>Jak si u\u017e\u00edv\u00e1te jaro? V\u010dera bylo kr\u00e1sn\u011b, ale vy jste pr\u00fd pracoval?<\/strong><\/p>\n\n\n\n<p>Je to tak. Co se toho um\u011bleck\u00e9ho \u017eivota t\u00fd\u010de, tak tam to nen\u00ed \u00fapln\u011b o pracovn\u00edch dnech a v\u00edkendech, je to takov\u00fd mix. M\u00e1te pravdu, v\u010dera jsme m\u011bli m\u00e1jov\u00e9 Tv\u00e1\u0159\u00ed v tv\u00e1\u0159, co\u017e je akce v Kostelci nad Orlic\u00ed, kterou po\u0159\u00e1d\u00e1 agentura Kinsk\u00fd Art Media. Majitel z\u00e1mku pan Franti\u0161ek Kinsk\u00fd prov\u00e1d\u00ed n\u00e1v\u0161t\u011bvn\u00edky z\u00e1mkem, provede je jednou polovinou, n\u00e1sleduje m\u016fj recit\u00e1l a pak n\u00e1v\u0161t\u011bvn\u00edky provede zase druhou polovinou z\u00e1mku. A jsou to t\u0159i koncerty v jednom dni.<\/p>\n\n\n\n<p><strong>Sly\u0161el jsem, \u017ee tam jezd\u00ed pr\u00fd za v\u00e1mi ob\u011bma lid\u00e9 z cel\u00e9 republiky. Akce jsou to velmi obl\u00edben\u00e9.<\/strong><\/p>\n\n\n\n<p>Ano, u\u017e jsme m\u011bli dokonce n\u00e1v\u0161t\u011bvn\u00edky i ze Slovenska. Popularita t\u011bchto setk\u00e1n\u00ed neust\u00e1le nar\u016fst\u00e1. Konaj\u00ed se zhruba jednou za m\u011bs\u00edc v t\u00e9 hlavn\u00ed turistick\u00e9 sez\u00f3n\u011b, proto\u017ee v zim\u011b se z\u00e1mek nevyt\u00e1p\u00ed \u00fapln\u011b na pokojovou teplotu, to bychom tam asi zmrzli. Ale p\u0159es l\u00e9to je to asi tak ka\u017ed\u00fd m\u011bs\u00edc.<\/p>\n\n\n\n<p><strong>Jak vznikla spolupr\u00e1ce mezi v\u00e1mi a panem Franti\u0161kem Kinsk\u00fdm?<\/strong><\/p>\n\n\n\n<p>Mysl\u00edm, \u017ee spolupracujeme asi t\u0159i roky, a setkali jsme se, jak u\u017e to tak b\u00fdv\u00e1, \u00faplnou n\u00e1hodou. M\u011bl jsem akci na z\u00e1mku, kde jsem ale vystupoval pro \u00fapln\u011b n\u011bkoho jin\u00e9ho. A pan Kinsk\u00fd se tam objevil a tak jsme se sezn\u00e1mili.<\/p>\n\n\n\n<p><strong>Te\u010f chyst\u00e1te tak\u00e9 koncert v s\u00e1le Filharmonie Hradec Kr\u00e1lov\u00e9, kter\u00fd bude z\u00edtra. Ale zv\u00e1t na n\u011bj pr\u00fd u\u017e nebudeme, proto\u017ee u\u017e je vyprod\u00e1no.<\/strong><\/p>\n\n\n\n<p>D\u00edval jsem se v\u010dera, jak to vypad\u00e1 se vstupenkami, a mysl\u00edm, \u017ee tam byla je\u0161t\u011b \u010dty\u0159i m\u00edsta na st\u00e1n\u00ed. Nev\u00edm, jak je to dnes, ale m\u00e1m obrovskou radost, proto\u017ee jsem skute\u010dn\u011b vyprodal cel\u00fd s\u00e1l v\u010detn\u011b p\u0159\u00edstavk\u016f. Moc d\u011bkuji v\u0161em a budu se sna\u017eit, abych nikoho nezklamal.<\/p>\n\n\n\n<p><strong>Co budete na koncert\u011b hr\u00e1t?<\/strong><\/p>\n\n\n\n<p>P\u0159ipravil jsem si takov\u00fd pr\u016f\u0159ez t\u00edm, co se vy\u017eaduje na sv\u011btov\u00fdch klav\u00edrn\u00edch sout\u011b\u017e\u00edch. Proto\u017ee jsem si \u0159\u00edkal, \u017ee je dobr\u00e9, aby poslucha\u010di za\u017eili p\u0159esn\u011b ty skladby, kter\u00e9 se tam hraj\u00ed. Tak\u017ee to bude mo\u017en\u00e1 malinko n\u00e1ro\u010dn\u011bj\u0161\u00ed poslucha\u010dsky, ale zase to bude pest\u0159ej\u0161\u00ed. M\u00e1me tam skute\u010dn\u011b od Bacha, co\u017e je baroko, a\u017e po Albanese, co\u017e je p\u0159elom 19. a 20. stolet\u00ed. A za\u0159adil jsem i dv\u011b vlastn\u00ed fantazie na Rusalku a Vltavu, co\u017e je transkripce Smetanovy symfonick\u00e9 b\u00e1sn\u011b. Sna\u017eil jsem se co nejv\u00edce respektovat text cel\u00e9 symfonick\u00e9 b\u00e1sn\u011b a t\u00edm, \u017ee Smetana vytvo\u0159il i verzi pro \u010dty\u0159i ruce, tak mi hodn\u011b pomohl, proto\u017ee jsem zkombinoval onu orchestr\u00e1ln\u00ed verzi a pr\u00e1v\u011b verzi pro \u010dty\u0159i ruce a vytvo\u0159il jsem verzi pro dv\u011b ruce ve stylu Ference Lizsta, kter\u00fd tyto transkripce vytv\u00e1\u0159el. Za\u010d\u00edn\u00e1me z\u00edtra od 19:30 hodin.<\/p>\n\n\n\n<p><strong>Vy jste v\u00edt\u011bzem mnoha klav\u00edrn\u00edch sout\u011b\u017e\u00ed. Je to d\u016fle\u017eit\u00e9 pro muzikanta \u00fa\u010dastnit se sout\u011b\u017en\u00edch krom\u011b klasick\u00e9ho koncertov\u00e1n\u00ed?<\/strong><\/p>\n\n\n\n<p>Ur\u010dit\u011b je to nesm\u00edrn\u011b d\u016fle\u017eit\u00e9, proto\u017ee pr\u00e1v\u011b na sout\u011b\u017e\u00edch se \u010dlov\u011bk m\u016f\u017ee pom\u011b\u0159it s ostatn\u00edmi. M\u016f\u017ee zjistit, jak na tom je. A obrovsk\u00e1 v\u00fdhoda je v tom, \u017ee pr\u00e1v\u011b sout\u011b\u017ee vy\u017eaduj\u00ed v\u011bt\u0161inou pr\u016f\u0159ez cel\u00fdm pianistick\u00fdm reperto\u00e1rem. Tak\u017ee to \u010dlov\u011bka donut\u00ed nastudovat skute\u010dn\u011b obrovsk\u00e9 kvantum nov\u00fdch skladeb, kter\u00e9 se vy\u017eaduj\u00ed na sout\u011b\u017e\u00edch. Tak\u017ee se t\u00edm hr\u00e1\u010d obrovsky posune. A je\u0161t\u011b je tam jedna v\u00fdhoda, \u017ee je \u010dlov\u011bk nucen skladby dopilovat do t\u011bch nejmen\u0161\u00edch detail\u016f. I to m\u00e1 velk\u00fd vliv na um\u011bleck\u00fd v\u00fdvoj.<\/p>\n\n\n\n<p><strong>Co je pro klav\u00edristu nejd\u016fle\u017eit\u011bj\u0161\u00ed? Je to technika, nebo pojet\u00ed t\u00e9 skladby?<\/strong><\/p>\n\n\n\n<p>Je to spojen\u00ed. Je to v\u0161echno dohromady. Tak samoz\u0159ejm\u011b bez dobr\u00e9 techniky dnes v\u016fbec na p\u00f3dium ani nemus\u00edte vyl\u00e9zat, to m\u00e1 \u00fapln\u011b ka\u017ed\u00fd. A pak je to o tom, co do t\u00e9 skladby kdo dok\u00e1\u017ee ze sebe d\u00e1t.<\/p>\n\n\n\n<p><strong>Vy pr\u00fd m\u00e1te absolutn\u00ed sluch. Nevad\u00ed v\u00e1m t\u0159eba n\u011bjak\u00e9 fale\u0161n\u00e9 t\u00f3ny, kdy\u017e n\u011bkde n\u011bco sk\u0159\u00edpne nebo vrzne?<\/strong><\/p>\n\n\n\n<p>Ne, to sp\u00ed\u0161 vylo\u017een\u011b n\u011bjak\u00e9 fale\u0161n\u00e9 souzvuky. Ale to si mysl\u00edm, \u017ee vad\u00ed ka\u017ed\u00e9mu \u010dlov\u011bku, kter\u00fd m\u00e1 p\u0159irozen\u00fd hudebn\u00ed sluch.<\/p>\n\n\n\n<p><strong>Co va\u0161e z\u00e1liby? V\u00edme, \u017ee jste v\u00e1\u0161niv\u00fd chovatel dr\u016fbe\u017ee, pak jste za\u010dal p\u011bstovat i brambory a zeleninu. A v oblib\u011b m\u00e1te tak\u00e9 vlaky.<\/strong><\/p>\n\n\n\n<p>Ano, vlakem jezd\u00edm hodn\u011b. Te\u010f jsem zrovna m\u011bl koncert v Horn\u00edm Slavkov\u011b, co\u017e je na Karlovarsku, a p\u0159i t\u00e9 p\u0159\u00edle\u017eitosti jsem nav\u0161t\u00edvil zru\u0161enou tra\u0165 z Lokte do Horn\u00edho Slavkova. A to bylo skute\u010dn\u011b n\u00e1dhern\u00e9.<\/p>\n\n\n\n<p><strong>Va\u0161\u00edm snem je pr\u00fd projet v\u0161echny trat\u011b, kter\u00e9 tady u n\u00e1s v \u010cesku m\u00e1me. A u\u017e jste jich asi n\u011bjak\u00fdch 70 procent absolvoval. Je to tak?<\/strong><\/p>\n\n\n\n<p>Jsem u\u017e na n\u011bjak\u00fdch \u010dty\u0159ech p\u011btin\u00e1ch t\u011bch trat\u00ed, ale posledn\u00ed dobou se to moc nezm\u011bnilo, proto\u017ee \u00fapln\u011b nest\u00edh\u00e1m n\u011bjak\u00e9 v\u00fdletov\u00e1n\u00ed. Ale v\u011b\u0159\u00edm, \u017ee o pr\u00e1zdnin\u00e1ch zase \u010das m\u00edt budu.<\/p>\n\n\n\n<p><strong>Co je\u0161t\u011b r\u00e1d d\u011bl\u00e1te, kdy\u017e m\u00e1te \u010das?<\/strong><\/p>\n\n\n\n<p>Toho \u010dasu mnoho nezb\u00fdv\u00e1, proto\u017ee skute\u010dn\u011b r\u00e1no vstanu a p\u0159es cel\u00fd ten den to vlastn\u011b jede. Mus\u00edm cvi\u010dit na klav\u00edr, mus\u00edm za dr\u016fbe\u017e\u00ed, te\u010f je mnoho v\u011bc\u00ed okolo organizace koncert\u016f. Tak\u017ee se opravdu sna\u017e\u00edm vyu\u017e\u00edt ka\u017edou minutu, ka\u017edou sekundu v tom dni, kdy\u017e to jen trochu jde.<\/p>\n\n\n\n<p><strong>Co v\u00e1s \u010dek\u00e1 v nejbli\u017e\u0161\u00ed dob\u011b? Bl\u00ed\u017e\u00ed se tak\u00e9 oslava va\u0161ich p\u011btadvac\u00e1t\u00fdch narozenin a u t\u00e9 p\u0159\u00edle\u017eitosti jste pro sv\u00e9 fanou\u0161ky tak\u00e9 n\u011bco v Hradci Kr\u00e1lov\u00e9 p\u0159ipravil.<\/strong><\/p>\n\n\n\n<p>Je to tak. Pokud se budeme dr\u017eet hradeck\u00fdch akc\u00ed, tak krom\u011b z\u00edt\u0159ej\u0161\u00edho koncertu m\u011b v bl\u00edzk\u00e9 dob\u011b \u010dekaj\u00ed celkem t\u0159i. A jedna akce se poj\u00ed pr\u00e1v\u011b s m\u00fdmi p\u011btadvac\u00e1t\u00fdmi narozeninami. Bude to vystoupen\u00ed v Knihovn\u011b m\u011bsta Hradce Kr\u00e1lov\u00e9 p\u0159\u00edmo v den m\u00fdch narozenin 20. \u010dervna. A rozhodl jsem se to pojmout sp\u00ed\u0161e jako besedu. P\u0159iprav\u00edm si n\u011bjak\u00e9 pov\u00edd\u00e1n\u00ed o d\u016fle\u017eit\u00fdch miln\u00edc\u00edch m\u00e9ho \u010dtvrt stolet\u00ed a to samoz\u0159ejm\u011b dopln\u00edm n\u011bjak\u00fdmi hudebn\u00edmi uk\u00e1zkami. Dal\u0161\u00ed akce je tak\u00e9 velmi zaj\u00edmav\u00e1, m\u00e9n\u011b typick\u00e1, ta se bude konat 9. z\u00e1\u0159\u00ed leto\u0161n\u00edho roku v Petrof Gallery. Jedn\u00e1 se o za\u010d\u00ednaj\u00edc\u00ed oslavy 160. v\u00fdro\u010d\u00ed zalo\u017een\u00ed firmy Petrof.<\/p>\n\n\n\n<p><strong>Piana zna\u010dky Petrof pat\u0159\u00ed mezi va\u0161e obl\u00edben\u00e9 n\u00e1stroje? A pozn\u00e1te klav\u00edr i podle zna\u010dky?<\/strong><\/p>\n\n\n\n<p>Samoz\u0159ejm\u011b, ur\u010dit\u011b. Ale z\u00e1le\u017e\u00ed, kdyby to byly n\u011bjak\u00e9 m\u00e9n\u011b zn\u00e1m\u00e9 zna\u010dky, kter\u00e9 nem\u00e1m tak ohran\u00e9, tak mo\u017en\u00e1 ne. Ale z\u00e1kladn\u00ed rozd\u00edl, \u0159ekn\u011bme, mezi Petrofem, Bechsteinem a Steinwayem, B\u00f6sendorfem, to bych asi poznal.<\/p>\n\n\n\n<p><strong>A ten dal\u0161\u00ed koncert?<\/strong><\/p>\n\n\n\n<p>Posledn\u00ed hradeck\u00fd, co se leto\u0161n\u00edho roku t\u00fd\u010de, u\u017e tradi\u010dn\u00ed adventn\u00ed koncert v Petrof Gallery, kam skute\u010dn\u011b v\u0161echny srde\u010dn\u011b zvu, proto\u017ee to je ka\u017ed\u00fd rok opravdu n\u00e1dhern\u00e9. Tento koncert se bude konat 12. prosince leto\u0161n\u00edho roku.<\/p>\n\n\n\n<p><strong>Tak a\u0165 se v\u00e1m Maty\u00e1\u0161i da\u0159\u00ed. V\u00edm tak\u00e9, \u017ee jedete te\u010f tak\u00e9 na velmi presti\u017en\u00ed sout\u011b\u017e do \u0160pan\u011blska. Budeme dr\u017eet palce. Na\u0161\u00edm hostem byl Maty\u00e1\u0161 Nov\u00e1k, vynikaj\u00edc\u00ed \u010desk\u00fd klav\u00edrista z Hradce Kr\u00e1lov\u00e9.<\/strong><\/p>\n\n\n\n<figure class=\"wp-block-embed is-type-video is-provider-youtube wp-block-embed-youtube wp-embed-aspect-16-9 wp-has-aspect-ratio\"><div class=\"wp-block-embed__wrapper\">\n<iframe title=\"Maty\u00e1\u0161 Nov\u00e1k, un pianista llamado Futuro\" width=\"800\" height=\"450\" src=\"https:\/\/www.youtube.com\/embed\/SSUIq7NsBXE?feature=oembed\" frameborder=\"0\" allow=\"accelerometer; autoplay; clipboard-write; encrypted-media; gyroscope; picture-in-picture; web-share\" allowfullscreen><\/iframe>\n<\/div><\/figure>","protected":false},"featured_media":4121,"template":"","meta":{"_acf_changed":false},"categories":[161],"class_list":["post-4119","aktuality","type-aktuality","status-publish","has-post-thumbnail","hentry","category-tisk"],"acf":[],"yoast_head":"<!-- This site is optimized with the Yoast SEO plugin v27.4 - https:\/\/yoast.com\/product\/yoast-seo-wordpress\/ -->\n<title>Hudba je p\u0159edev\u0161\u00edm o tom, co do n\u00ed kdo dok\u00e1\u017ee ze sebe p\u0159idat, \u0159\u00edk\u00e1 skv\u011bl\u00fd klav\u00edrista Maty\u00e1\u0161 Nov\u00e1k ~ Maty\u00e1\u0161 Nov\u00e1k<\/title>\n<meta name=\"robots\" content=\"index, follow, max-snippet:-1, max-image-preview:large, max-video-preview:-1\" \/>\n<link rel=\"canonical\" href=\"https:\/\/novakweb2.eu\/aktuality\/hudba-je-predevsim-o-tom-co-do-ni-kdo-dokaze-ze-sebe-pridat-rika-skvely-klavirista-matyas-novak\/\" \/>\n<meta property=\"og:locale\" content=\"en_GB\" \/>\n<meta property=\"og:type\" content=\"article\" \/>\n<meta property=\"og:title\" content=\"Hudba je p\u0159edev\u0161\u00edm o tom, co do n\u00ed kdo dok\u00e1\u017ee ze sebe p\u0159idat, \u0159\u00edk\u00e1 skv\u011bl\u00fd klav\u00edrista Maty\u00e1\u0161 Nov\u00e1k ~ Maty\u00e1\u0161 Nov\u00e1k\" \/>\n<meta property=\"og:description\" content=\"Maty\u00e1\u0161 Nov\u00e1k je \u00fa\u017easn\u00fd muzikant z Hradce Kr\u00e1lov\u00e9, o kter\u00e9m jste ur\u010dit\u011b u\u017e sly\u0161eli, proto\u017ee tak velk\u00fdch talent\u016f se mnoho nerod\u00ed. Na klav\u00edr za\u010dal hr\u00e1t u\u017e jako d\u00edt\u011b, snad v p\u011bti letech, je absolventem Gymn\u00e1zia J. K. Tyla v Hradci Kr\u00e1lov\u00e9 a konzervato\u0159e v Pardubic\u00edch, aktu\u00e1ln\u011b studuje na Hudebn\u00ed akademii m\u00fazick\u00fdch um\u011bn\u00ed v Praze. Z\u00e1rove\u0148 [&hellip;]\" \/>\n<meta property=\"og:url\" content=\"https:\/\/novakweb2.eu\/aktuality\/hudba-je-predevsim-o-tom-co-do-ni-kdo-dokaze-ze-sebe-pridat-rika-skvely-klavirista-matyas-novak\/\" \/>\n<meta property=\"og:site_name\" content=\"Maty\u00e1\u0161 Nov\u00e1k\" \/>\n<meta property=\"article:publisher\" content=\"https:\/\/www.facebook.com\/matyasnovakpianist\/\" \/>\n<meta property=\"article:modified_time\" content=\"2023-06-12T12:25:24+00:00\" \/>\n<meta property=\"og:image\" content=\"https:\/\/novakweb2.eu\/wp-content\/uploads\/2023\/06\/hudba-je-predevsim-o-tom-co-do-ni-kdo-dokaze-2.jpg\" \/>\n\t<meta property=\"og:image:width\" content=\"800\" \/>\n\t<meta property=\"og:image:height\" content=\"540\" \/>\n\t<meta property=\"og:image:type\" content=\"image\/jpeg\" \/>\n<meta name=\"twitter:card\" content=\"summary_large_image\" \/>\n<meta name=\"twitter:label1\" content=\"Estimated reading time\" \/>\n\t<meta name=\"twitter:data1\" content=\"6 minutes\" \/>\n<script type=\"application\/ld+json\" class=\"yoast-schema-graph\">{\"@context\":\"https:\\\/\\\/schema.org\",\"@graph\":[{\"@type\":\"WebPage\",\"@id\":\"https:\\\/\\\/novakweb2.eu\\\/aktuality\\\/hudba-je-predevsim-o-tom-co-do-ni-kdo-dokaze-ze-sebe-pridat-rika-skvely-klavirista-matyas-novak\\\/\",\"url\":\"https:\\\/\\\/novakweb2.eu\\\/aktuality\\\/hudba-je-predevsim-o-tom-co-do-ni-kdo-dokaze-ze-sebe-pridat-rika-skvely-klavirista-matyas-novak\\\/\",\"name\":\"Hudba je p\u0159edev\u0161\u00edm o tom, co do n\u00ed kdo dok\u00e1\u017ee ze sebe p\u0159idat, \u0159\u00edk\u00e1 skv\u011bl\u00fd klav\u00edrista Maty\u00e1\u0161 Nov\u00e1k ~ Maty\u00e1\u0161 Nov\u00e1k\",\"isPartOf\":{\"@id\":\"https:\\\/\\\/novakweb2.eu\\\/#website\"},\"primaryImageOfPage\":{\"@id\":\"https:\\\/\\\/novakweb2.eu\\\/aktuality\\\/hudba-je-predevsim-o-tom-co-do-ni-kdo-dokaze-ze-sebe-pridat-rika-skvely-klavirista-matyas-novak\\\/#primaryimage\"},\"image\":{\"@id\":\"https:\\\/\\\/novakweb2.eu\\\/aktuality\\\/hudba-je-predevsim-o-tom-co-do-ni-kdo-dokaze-ze-sebe-pridat-rika-skvely-klavirista-matyas-novak\\\/#primaryimage\"},\"thumbnailUrl\":\"https:\\\/\\\/www.matyasnovak.eu\\\/wp-content\\\/uploads\\\/2023\\\/06\\\/hudba-je-predevsim-o-tom-co-do-ni-kdo-dokaze-2.jpg\",\"datePublished\":\"2023-05-12T12:21:00+00:00\",\"dateModified\":\"2023-06-12T12:25:24+00:00\",\"breadcrumb\":{\"@id\":\"https:\\\/\\\/novakweb2.eu\\\/aktuality\\\/hudba-je-predevsim-o-tom-co-do-ni-kdo-dokaze-ze-sebe-pridat-rika-skvely-klavirista-matyas-novak\\\/#breadcrumb\"},\"inLanguage\":\"en-GB\",\"potentialAction\":[{\"@type\":\"ReadAction\",\"target\":[\"https:\\\/\\\/novakweb2.eu\\\/aktuality\\\/hudba-je-predevsim-o-tom-co-do-ni-kdo-dokaze-ze-sebe-pridat-rika-skvely-klavirista-matyas-novak\\\/\"]}]},{\"@type\":\"ImageObject\",\"inLanguage\":\"en-GB\",\"@id\":\"https:\\\/\\\/novakweb2.eu\\\/aktuality\\\/hudba-je-predevsim-o-tom-co-do-ni-kdo-dokaze-ze-sebe-pridat-rika-skvely-klavirista-matyas-novak\\\/#primaryimage\",\"url\":\"https:\\\/\\\/www.matyasnovak.eu\\\/wp-content\\\/uploads\\\/2023\\\/06\\\/hudba-je-predevsim-o-tom-co-do-ni-kdo-dokaze-2.jpg\",\"contentUrl\":\"https:\\\/\\\/www.matyasnovak.eu\\\/wp-content\\\/uploads\\\/2023\\\/06\\\/hudba-je-predevsim-o-tom-co-do-ni-kdo-dokaze-2.jpg\",\"width\":800,\"height\":540},{\"@type\":\"BreadcrumbList\",\"@id\":\"https:\\\/\\\/novakweb2.eu\\\/aktuality\\\/hudba-je-predevsim-o-tom-co-do-ni-kdo-dokaze-ze-sebe-pridat-rika-skvely-klavirista-matyas-novak\\\/#breadcrumb\",\"itemListElement\":[{\"@type\":\"ListItem\",\"position\":1,\"name\":\"Dom\u016f\",\"item\":\"https:\\\/\\\/www.matyasnovak.eu\\\/\"},{\"@type\":\"ListItem\",\"position\":2,\"name\":\"Hudba je p\u0159edev\u0161\u00edm o tom, co do n\u00ed kdo dok\u00e1\u017ee ze sebe p\u0159idat, \u0159\u00edk\u00e1 skv\u011bl\u00fd klav\u00edrista Maty\u00e1\u0161 Nov\u00e1k\"}]},{\"@type\":\"WebSite\",\"@id\":\"https:\\\/\\\/novakweb2.eu\\\/#website\",\"url\":\"https:\\\/\\\/novakweb2.eu\\\/\",\"name\":\"Maty\u00e1\u0161 Nov\u00e1k\",\"description\":\"\",\"publisher\":{\"@id\":\"https:\\\/\\\/novakweb2.eu\\\/#\\\/schema\\\/person\\\/3fd5dc2f65072c5a94a64eb54623e857\"},\"potentialAction\":[{\"@type\":\"SearchAction\",\"target\":{\"@type\":\"EntryPoint\",\"urlTemplate\":\"https:\\\/\\\/novakweb2.eu\\\/?s={search_term_string}\"},\"query-input\":{\"@type\":\"PropertyValueSpecification\",\"valueRequired\":true,\"valueName\":\"search_term_string\"}}],\"inLanguage\":\"en-GB\"},{\"@type\":[\"Person\",\"Organization\"],\"@id\":\"https:\\\/\\\/novakweb2.eu\\\/#\\\/schema\\\/person\\\/3fd5dc2f65072c5a94a64eb54623e857\",\"name\":\"Maty\u00e1\u0161 Nov\u00e1k\",\"image\":{\"@type\":\"ImageObject\",\"inLanguage\":\"en-GB\",\"@id\":\"https:\\\/\\\/www.matyasnovak.eu\\\/wp-content\\\/uploads\\\/2023\\\/07\\\/foto-lenka-hatasova7233-scaled-1.webp\",\"url\":\"https:\\\/\\\/www.matyasnovak.eu\\\/wp-content\\\/uploads\\\/2023\\\/07\\\/foto-lenka-hatasova7233-scaled-1.webp\",\"contentUrl\":\"https:\\\/\\\/www.matyasnovak.eu\\\/wp-content\\\/uploads\\\/2023\\\/07\\\/foto-lenka-hatasova7233-scaled-1.webp\",\"width\":1792,\"height\":1194,\"caption\":\"Maty\u00e1\u0161 Nov\u00e1k\"},\"logo\":{\"@id\":\"https:\\\/\\\/www.matyasnovak.eu\\\/wp-content\\\/uploads\\\/2023\\\/07\\\/foto-lenka-hatasova7233-scaled-1.webp\"},\"sameAs\":[\"https:\\\/\\\/www.matyasnovak.eu\\\/\",\"https:\\\/\\\/www.facebook.com\\\/matyasnovakpianist\\\/\",\"https:\\\/\\\/www.youtube.com\\\/@matyasnovakpianist1921\"]}]}<\/script>\n<!-- \/ Yoast SEO plugin. -->","yoast_head_json":{"title":"Hudba je p\u0159edev\u0161\u00edm o tom, co do n\u00ed kdo dok\u00e1\u017ee ze sebe p\u0159idat, \u0159\u00edk\u00e1 skv\u011bl\u00fd klav\u00edrista Maty\u00e1\u0161 Nov\u00e1k ~ Maty\u00e1\u0161 Nov\u00e1k","robots":{"index":"index","follow":"follow","max-snippet":"max-snippet:-1","max-image-preview":"max-image-preview:large","max-video-preview":"max-video-preview:-1"},"canonical":"https:\/\/novakweb2.eu\/aktuality\/hudba-je-predevsim-o-tom-co-do-ni-kdo-dokaze-ze-sebe-pridat-rika-skvely-klavirista-matyas-novak\/","og_locale":"en_GB","og_type":"article","og_title":"Hudba je p\u0159edev\u0161\u00edm o tom, co do n\u00ed kdo dok\u00e1\u017ee ze sebe p\u0159idat, \u0159\u00edk\u00e1 skv\u011bl\u00fd klav\u00edrista Maty\u00e1\u0161 Nov\u00e1k ~ Maty\u00e1\u0161 Nov\u00e1k","og_description":"Maty\u00e1\u0161 Nov\u00e1k je \u00fa\u017easn\u00fd muzikant z Hradce Kr\u00e1lov\u00e9, o kter\u00e9m jste ur\u010dit\u011b u\u017e sly\u0161eli, proto\u017ee tak velk\u00fdch talent\u016f se mnoho nerod\u00ed. Na klav\u00edr za\u010dal hr\u00e1t u\u017e jako d\u00edt\u011b, snad v p\u011bti letech, je absolventem Gymn\u00e1zia J. K. Tyla v Hradci Kr\u00e1lov\u00e9 a konzervato\u0159e v Pardubic\u00edch, aktu\u00e1ln\u011b studuje na Hudebn\u00ed akademii m\u00fazick\u00fdch um\u011bn\u00ed v Praze. Z\u00e1rove\u0148 [&hellip;]","og_url":"https:\/\/novakweb2.eu\/aktuality\/hudba-je-predevsim-o-tom-co-do-ni-kdo-dokaze-ze-sebe-pridat-rika-skvely-klavirista-matyas-novak\/","og_site_name":"Maty\u00e1\u0161 Nov\u00e1k","article_publisher":"https:\/\/www.facebook.com\/matyasnovakpianist\/","article_modified_time":"2023-06-12T12:25:24+00:00","og_image":[{"width":800,"height":540,"url":"https:\/\/novakweb2.eu\/wp-content\/uploads\/2023\/06\/hudba-je-predevsim-o-tom-co-do-ni-kdo-dokaze-2.jpg","type":"image\/jpeg"}],"twitter_card":"summary_large_image","twitter_misc":{"Estimated reading time":"6 minutes"},"schema":{"@context":"https:\/\/schema.org","@graph":[{"@type":"WebPage","@id":"https:\/\/novakweb2.eu\/aktuality\/hudba-je-predevsim-o-tom-co-do-ni-kdo-dokaze-ze-sebe-pridat-rika-skvely-klavirista-matyas-novak\/","url":"https:\/\/novakweb2.eu\/aktuality\/hudba-je-predevsim-o-tom-co-do-ni-kdo-dokaze-ze-sebe-pridat-rika-skvely-klavirista-matyas-novak\/","name":"Hudba je p\u0159edev\u0161\u00edm o tom, co do n\u00ed kdo dok\u00e1\u017ee ze sebe p\u0159idat, \u0159\u00edk\u00e1 skv\u011bl\u00fd klav\u00edrista Maty\u00e1\u0161 Nov\u00e1k ~ Maty\u00e1\u0161 Nov\u00e1k","isPartOf":{"@id":"https:\/\/novakweb2.eu\/#website"},"primaryImageOfPage":{"@id":"https:\/\/novakweb2.eu\/aktuality\/hudba-je-predevsim-o-tom-co-do-ni-kdo-dokaze-ze-sebe-pridat-rika-skvely-klavirista-matyas-novak\/#primaryimage"},"image":{"@id":"https:\/\/novakweb2.eu\/aktuality\/hudba-je-predevsim-o-tom-co-do-ni-kdo-dokaze-ze-sebe-pridat-rika-skvely-klavirista-matyas-novak\/#primaryimage"},"thumbnailUrl":"https:\/\/www.matyasnovak.eu\/wp-content\/uploads\/2023\/06\/hudba-je-predevsim-o-tom-co-do-ni-kdo-dokaze-2.jpg","datePublished":"2023-05-12T12:21:00+00:00","dateModified":"2023-06-12T12:25:24+00:00","breadcrumb":{"@id":"https:\/\/novakweb2.eu\/aktuality\/hudba-je-predevsim-o-tom-co-do-ni-kdo-dokaze-ze-sebe-pridat-rika-skvely-klavirista-matyas-novak\/#breadcrumb"},"inLanguage":"en-GB","potentialAction":[{"@type":"ReadAction","target":["https:\/\/novakweb2.eu\/aktuality\/hudba-je-predevsim-o-tom-co-do-ni-kdo-dokaze-ze-sebe-pridat-rika-skvely-klavirista-matyas-novak\/"]}]},{"@type":"ImageObject","inLanguage":"en-GB","@id":"https:\/\/novakweb2.eu\/aktuality\/hudba-je-predevsim-o-tom-co-do-ni-kdo-dokaze-ze-sebe-pridat-rika-skvely-klavirista-matyas-novak\/#primaryimage","url":"https:\/\/www.matyasnovak.eu\/wp-content\/uploads\/2023\/06\/hudba-je-predevsim-o-tom-co-do-ni-kdo-dokaze-2.jpg","contentUrl":"https:\/\/www.matyasnovak.eu\/wp-content\/uploads\/2023\/06\/hudba-je-predevsim-o-tom-co-do-ni-kdo-dokaze-2.jpg","width":800,"height":540},{"@type":"BreadcrumbList","@id":"https:\/\/novakweb2.eu\/aktuality\/hudba-je-predevsim-o-tom-co-do-ni-kdo-dokaze-ze-sebe-pridat-rika-skvely-klavirista-matyas-novak\/#breadcrumb","itemListElement":[{"@type":"ListItem","position":1,"name":"Dom\u016f","item":"https:\/\/www.matyasnovak.eu\/"},{"@type":"ListItem","position":2,"name":"Hudba je p\u0159edev\u0161\u00edm o tom, co do n\u00ed kdo dok\u00e1\u017ee ze sebe p\u0159idat, \u0159\u00edk\u00e1 skv\u011bl\u00fd klav\u00edrista Maty\u00e1\u0161 Nov\u00e1k"}]},{"@type":"WebSite","@id":"https:\/\/novakweb2.eu\/#website","url":"https:\/\/novakweb2.eu\/","name":"Maty\u00e1\u0161 Nov\u00e1k","description":"","publisher":{"@id":"https:\/\/novakweb2.eu\/#\/schema\/person\/3fd5dc2f65072c5a94a64eb54623e857"},"potentialAction":[{"@type":"SearchAction","target":{"@type":"EntryPoint","urlTemplate":"https:\/\/novakweb2.eu\/?s={search_term_string}"},"query-input":{"@type":"PropertyValueSpecification","valueRequired":true,"valueName":"search_term_string"}}],"inLanguage":"en-GB"},{"@type":["Person","Organization"],"@id":"https:\/\/novakweb2.eu\/#\/schema\/person\/3fd5dc2f65072c5a94a64eb54623e857","name":"Maty\u00e1\u0161 Nov\u00e1k","image":{"@type":"ImageObject","inLanguage":"en-GB","@id":"https:\/\/www.matyasnovak.eu\/wp-content\/uploads\/2023\/07\/foto-lenka-hatasova7233-scaled-1.webp","url":"https:\/\/www.matyasnovak.eu\/wp-content\/uploads\/2023\/07\/foto-lenka-hatasova7233-scaled-1.webp","contentUrl":"https:\/\/www.matyasnovak.eu\/wp-content\/uploads\/2023\/07\/foto-lenka-hatasova7233-scaled-1.webp","width":1792,"height":1194,"caption":"Maty\u00e1\u0161 Nov\u00e1k"},"logo":{"@id":"https:\/\/www.matyasnovak.eu\/wp-content\/uploads\/2023\/07\/foto-lenka-hatasova7233-scaled-1.webp"},"sameAs":["https:\/\/www.matyasnovak.eu\/","https:\/\/www.facebook.com\/matyasnovakpianist\/","https:\/\/www.youtube.com\/@matyasnovakpianist1921"]}]}},"_links":{"self":[{"href":"http:\/\/www.matyasnovak.eu\/en\/wp-json\/wp\/v2\/aktuality\/4119","targetHints":{"allow":["GET"]}}],"collection":[{"href":"http:\/\/www.matyasnovak.eu\/en\/wp-json\/wp\/v2\/aktuality"}],"about":[{"href":"http:\/\/www.matyasnovak.eu\/en\/wp-json\/wp\/v2\/types\/aktuality"}],"version-history":[{"count":0,"href":"http:\/\/www.matyasnovak.eu\/en\/wp-json\/wp\/v2\/aktuality\/4119\/revisions"}],"wp:featuredmedia":[{"embeddable":true,"href":"http:\/\/www.matyasnovak.eu\/en\/wp-json\/wp\/v2\/media\/4121"}],"wp:attachment":[{"href":"http:\/\/www.matyasnovak.eu\/en\/wp-json\/wp\/v2\/media?parent=4119"}],"wp:term":[{"taxonomy":"category","embeddable":true,"href":"http:\/\/www.matyasnovak.eu\/en\/wp-json\/wp\/v2\/categories?post=4119"}],"curies":[{"name":"wp","href":"https:\/\/api.w.org\/{rel}","templated":true}]}}