{"id":4094,"date":"2022-08-08T14:21:00","date_gmt":"2022-08-08T12:21:00","guid":{"rendered":"https:\/\/www.matyasnovak.eu\/?post_type=aktuality&#038;p=4094"},"modified":"2023-06-08T14:26:54","modified_gmt":"2023-06-08T12:26:54","slug":"matyas-novak-jednim-ze-6-finalistu-mezinarodni-klavirni-souteze-v-santanderu","status":"publish","type":"aktuality","link":"http:\/\/www.matyasnovak.eu\/en\/aktuality\/matyas-novak-jednim-ze-6-finalistu-mezinarodni-klavirni-souteze-v-santanderu\/","title":{"rendered":"Maty\u00e1\u0161 Nov\u00e1k jedn\u00edm ze 6 finalist\u016f mezin\u00e1rodn\u00ed klav\u00edrn\u00ed sout\u011b\u017ee v Santanderu"},"content":{"rendered":"<p><strong>Skv\u011bl\u00e9ho v\u00fdsledku dos\u00e1hl \u010desk\u00fd klav\u00edrista Maty\u00e1\u0161 Nov\u00e1k, student HAMU ve t\u0159\u00edd\u011b Ivana Kl\u00e1nsk\u00e9ho. Na presti\u017en\u00ed mezin\u00e1rodn\u00ed klav\u00edrn\u00ed sout\u011b\u017ei Paloma O\u00b4Shea ve \u0161pan\u011blsk\u00e9m Santanderu, kter\u00e1 letos slav\u00ed 50 let sv\u00e9 existence, z\u00edskal diplom finalisty. Do jubilejn\u00edho 20. ro\u010dn\u00edku sout\u011b\u017ee se p\u0159ihl\u00e1silo 303 klav\u00edrist\u016f, z nich bylo pozv\u00e1no 129 do v\u00fdb\u011brov\u00fdch p\u0159edkol v Pa\u0159\u00ed\u017ei, Madridu a New Yorku. Pro tato p\u0159edkola si \u00fa\u010dastn\u00edci p\u0159ipravili \u010dty\u0159icetiminutov\u00fd recit\u00e1l. Odborn\u00e1 porota na z\u00e1klad\u011b vyslechnut\u00fdch v\u00fdkon\u016f vybrala 20 klav\u00edrist\u016f do hlavn\u00ed sout\u011b\u017ee. U\u017e pouh\u00fd postup mezi elitn\u00ed je dvac\u00edtku je v\u00fdrazn\u00fdm \u00fasp\u011bchem. Prvn\u00ed kolo se konalo ve dnech 25., 26. a 27. 7. a mlad\u00ed um\u011blci se na n\u011bm p\u0159edstavili recit\u00e1lem v d\u00e9lce 50 minut. Do druh\u00e9ho kola, kter\u00e9 zahrnovalo recit\u00e1l v d\u00e9lce 60 minut a komorn\u00ed hru spolu s vynikaj\u00edc\u00edm souborem Cuarteto Casals, postoupilo 12 \u00fa\u010dastn\u00edk\u016f. Z nich do fin\u00e1lov\u00e9ho kl\u00e1n\u00ed \u0161est nejlep\u0161\u00edch. Finalist\u00e9 se p\u0159edstavili na koncertech spole\u010dn\u011b se \u0160pan\u011blsk\u00fdm rozhlasov\u00fdm a televizn\u00edm symfonick\u00fdm orchestrem pod taktovkou Pabla Gonz\u00e1leze. Maty\u00e1\u0161 b\u011bhem fin\u00e1lov\u00e9ho ve\u010dera provedl Klav\u00edrn\u00ed koncert \u010d. 1 d moll, op. 15 Johanessa Brahmse. V\u0161echny koncerty \u017eiv\u011b p\u0159en\u00e1\u0161ela \u0161pan\u011blsk\u00e1 televize a prov\u00e1zel velk\u00fd z\u00e1jem m\u00e9di\u00ed.<\/strong><\/p>\n\n\n\n<figure class=\"wp-block-image size-large\"><img fetchpriority=\"high\" decoding=\"async\" width=\"1024\" height=\"725\" src=\"https:\/\/www.matyasnovak.eu\/wp-content\/uploads\/2023\/06\/image-11-1024x725.jpeg\" alt=\"\" class=\"wp-image-4095\" srcset=\"https:\/\/www.matyasnovak.eu\/wp-content\/uploads\/2023\/06\/image-11-1024x725.jpeg 1024w, https:\/\/www.matyasnovak.eu\/wp-content\/uploads\/2023\/06\/image-11-300x212.jpeg 300w, https:\/\/www.matyasnovak.eu\/wp-content\/uploads\/2023\/06\/image-11-768x544.jpeg 768w, https:\/\/www.matyasnovak.eu\/wp-content\/uploads\/2023\/06\/image-11.jpeg 1526w\" sizes=\"(max-width: 1024px) 100vw, 1024px\" \/><\/figure>\n\n\n\n<p><em>\u201eVr\u00e1til jsem vy\u0159\u00edzen\u00fd, ale nesm\u00edrn\u011b \u0161\u0165astn\u00fd. Na v\u0161echna 4 kola sout\u011b\u017ee jsem se pe\u010dliv\u011b p\u0159ipravoval a jsem nad\u0161en\u00fd, \u017ee ani jedna nota nep\u0159i\u0161la nazmar. Ve st\u0159edu 3. srpna jsem v zapln\u011bn\u00e9m s\u00e1le Festivalov\u00e9ho pal\u00e1ce spolu se \u0160pan\u011blsk\u00fdm rozhlasov\u00fdm a televizn\u00edm symfonick\u00fdm orchestrem provedl Klav\u00edrn\u00ed koncert \u010d. 1 Johanessa Brahmse. Ve stejn\u00e9m s\u00e1le, ve kter\u00e9m bude v srpnu vystupovat \u010cesk\u00e1 filharmonie. Byl to t\u011b\u017eko popsateln\u00fd z\u00e1\u017eitek. V\u0161ech 50 koncert\u016f sout\u011b\u017ee p\u0159en\u00e1\u0161ela \u0161pan\u011blsk\u00e1 st\u00e1tn\u00ed televize a cel\u00fd tento velkolep\u00fd podnik se t\u011b\u0161il obrovsk\u00e9mu z\u00e1jmu m\u00e9di\u00ed a ve\u0159ejnosti. N\u011bkdy \u010dlov\u011bk zv\u00edt\u011bz\u00ed a c\u00edt\u00ed se jako pora\u017een\u00fd, jindy z\u016fstanou vav\u0159\u00edny na dosah, ale p\u0159ipad\u00e1 si jako v\u00edt\u011bz,\u201c<\/em>&nbsp;popisuje Maty\u00e1\u0161 Nov\u00e1k.<\/p>\n\n\n\n<p><em>\u201eMaty\u00e1\u0161 Nov\u00e1k se sv\u00fdmi v\u00fdkony za\u0159adil mezi absolutn\u00ed sv\u011btovou \u0161pi\u010dku klav\u00edrist\u016f sv\u00e9 generace. Cel\u00e9 dva t\u00fddny jsme byli v duchu s Maty\u00e1\u0161em v Santanderu a s nap\u011bt\u00edm a s dojet\u00edm jsme u obrazovek sledovali jeho mimo\u0159\u00e1dn\u00e9 v\u00fdkony. Jsme nesm\u00edrn\u011b hrd\u00ed, \u017ee n\u00e1mi zastupovan\u00fd \u010dty\u0159iadvacetilet\u00fd um\u011blec s jistotou, noblesou a jemu vlastn\u00ed skromnost\u00ed a pokorou reprezentoval \u010ceskou republiku a kulturu\u201c<\/em>, dodal Franti\u0161ek Kinsk\u00fd, majitel a jednatel agentury KINSK\u00dd Art Media, ve kter\u00e9 Maty\u00e1\u0161e Nov\u00e1ka exkluzivn\u011b zastupuje Jana Dioszegi.<\/p>\n\n\n\n<p>Dvac\u00e1t\u00fd ro\u010dn\u00edk presti\u017en\u00ed mezin\u00e1rodn\u00ed sout\u011b\u017e Concurso de Piano de Santander Paloma O\u00b4Shea vyhr\u00e1l Jaeden IZIK-DZURKO z Kanady. Maty\u00e1\u0161 Nov\u00e1k pro sout\u011b\u017e v Santanderu p\u0159ipravil:<\/p>\n\n\n\n<p><strong>1. kolo (50 minut)<\/strong><br>J. Haydn: Son\u00e1ta Es dur, Hob. XVI:52<br>F. Liszt: L\u00e9ta putov\u00e1n\u00ed. Rok prvn\u00ed: \u0160v\u00fdcarsko, \u010d. 6 \u201cObermannsk\u00e9 \u00fadol\u00ed\u201d<br>S. Prokofjev: Son\u00e1ta \u010d. 2, op. 14<\/p>\n\n\n\n<p><strong>2. kolo (60 minut + 40 minut)<\/strong><br>W. A. Mozart: Son\u00e1ta B dur KV 33<br>R. Schumann: Karneval op. 9<br>M. Ravel: Sonatina<br>E. Granados: El Pelele<br>C. Franck: Klav\u00edrn\u00ed kvintet f moll<\/p>\n\n\n\n<p><strong>Fin\u00e1le (50 minut)<\/strong><br>J. Brahms: Klav\u00edrn\u00ed koncert \u010d. 1 d moll, op. 15<br>Dal\u0161\u00ed v\u00fdznamn\u00e1 akce \u010dek\u00e1 Maty\u00e1\u0161e Nov\u00e1ka \u010dek\u00e1 na konci z\u00e1\u0159\u00ed. Jako\u017eto jeden z deseti semifinalist\u016f mezin\u00e1rodn\u00ed klav\u00edrn\u00ed sout\u011b\u017ee Franze Liszta v holandsk\u00e9m Utrechtu p\u0159ipravuje pro tuto sout\u011b\u017e program v d\u00e9lce cca 3 hodiny, slo\u017een\u00fd z d\u011bl F. Liszta a F. Schuberta. Tak\u00e9 tato sout\u011b\u017e, jej\u00ed\u017e koncept je zcela unik\u00e1tn\u00ed, nebo\u0165 semifinalist\u00e9 projdou \u010dty\u0159mi koly bez vy\u0159azov\u00e1n\u00ed, se t\u011b\u0161\u00ed velk\u00e9mu z\u00e1jmu ve\u0159ejnosti i m\u00e9di\u00ed a jednotliv\u00e1 kola lze sledovat on-line.<\/p>\n\n\n\n<figure class=\"wp-block-image size-large\"><img decoding=\"async\" width=\"1024\" height=\"682\" src=\"https:\/\/www.matyasnovak.eu\/wp-content\/uploads\/2023\/01\/image-1024x682.png\" alt=\"\" class=\"wp-image-736\" srcset=\"https:\/\/www.matyasnovak.eu\/wp-content\/uploads\/2023\/01\/image-1024x682.png 1024w, https:\/\/www.matyasnovak.eu\/wp-content\/uploads\/2023\/01\/image-300x200.png 300w, https:\/\/www.matyasnovak.eu\/wp-content\/uploads\/2023\/01\/image-768x512.png 768w, https:\/\/www.matyasnovak.eu\/wp-content\/uploads\/2023\/01\/image.png 1280w\" sizes=\"(max-width: 1024px) 100vw, 1024px\" \/><\/figure>\n\n\n\n<p><strong>Program pro International Franz Liszt Piano Competition Utrecht<\/strong><\/p>\n\n\n\n<p><strong>1. kolo (50 minut)<\/strong><br>F. Liszt: Polon\u00e9za \u010d. 1, S. 223\/1<br>F. Liszt: Polon\u00e9za \u010d. 2, S. 223\/2<br>F. Liszt: Poetick\u00e9 a duchovn\u00ed harmonie, \u010d. 10 \u201cZp\u011bv l\u00e1sky\u201d<br>F. Liszt: Balada \u010d. 1, S. 170<br>F. Liszt: Balada \u010d. 2, S. 171<\/p>\n\n\n\n<p><strong>2. kolo (komorn\u00ed hudba 30 minut)<\/strong><br>F. Schubert: Klav\u00edrn\u00ed kvintet A dur D. 667 \u201cPstruh\u201d (2. a 3. v\u011bta<br>F. Liszt: Die Zelle in Nonnenwerth, S. 382<\/p>\n\n\n\n<p><strong>3. kolo (p\u00eds\u0148ov\u00fd recit\u00e1l 20 minut)<\/strong><br>F. Liszt: Enfant, si j\u00b4\u00e9tais roi, S. 283i<br>F. Liszt: Der du von dem Himmel bist, S. 279i<br>F. Schubert: Gretchen am Spinnrade, D. 118<br>+ povinn\u00e1 skladba Mathilde Wantenaar napsan\u00e1 pro sout\u011b\u017e<\/p>\n\n\n\n<p><strong>4. kolo (60 minut)<\/strong><br>F. Liszt \/ F. Schubert: Labut\u00ed zp\u011bv (v\u0161ech 14 \u010d\u00e1st\u00ed)<\/p>\n\n\n\n<p><strong>Fin\u00e1le<\/strong><br>1. F. Liszt \/ F. Schubert: Fantazie Poutn\u00edk pro klav\u00edr a orchestr, S. 366<br>2. F. Liszt \/ G. Verdi: Koncertn\u00ed parafr\u00e1ze Rigoletto, S. 434<\/p>","protected":false},"featured_media":4096,"template":"","meta":{"_acf_changed":false},"categories":[161],"class_list":["post-4094","aktuality","type-aktuality","status-publish","has-post-thumbnail","hentry","category-tisk"],"acf":[],"yoast_head":"<!-- This site is optimized with the Yoast SEO plugin v27.5 - https:\/\/yoast.com\/product\/yoast-seo-wordpress\/ -->\n<title>Maty\u00e1\u0161 Nov\u00e1k jedn\u00edm ze 6 finalist\u016f mezin\u00e1rodn\u00ed klav\u00edrn\u00ed sout\u011b\u017ee v Santanderu ~ Maty\u00e1\u0161 Nov\u00e1k<\/title>\n<meta name=\"robots\" content=\"index, follow, max-snippet:-1, max-image-preview:large, max-video-preview:-1\" \/>\n<link rel=\"canonical\" href=\"https:\/\/novakweb2.eu\/aktuality\/matyas-novak-jednim-ze-6-finalistu-mezinarodni-klavirni-souteze-v-santanderu\/\" \/>\n<meta property=\"og:locale\" content=\"en_GB\" \/>\n<meta property=\"og:type\" content=\"article\" \/>\n<meta property=\"og:title\" content=\"Maty\u00e1\u0161 Nov\u00e1k jedn\u00edm ze 6 finalist\u016f mezin\u00e1rodn\u00ed klav\u00edrn\u00ed sout\u011b\u017ee v Santanderu ~ Maty\u00e1\u0161 Nov\u00e1k\" \/>\n<meta property=\"og:description\" content=\"Skv\u011bl\u00e9ho v\u00fdsledku dos\u00e1hl \u010desk\u00fd klav\u00edrista Maty\u00e1\u0161 Nov\u00e1k, student HAMU ve t\u0159\u00edd\u011b Ivana Kl\u00e1nsk\u00e9ho. Na presti\u017en\u00ed mezin\u00e1rodn\u00ed klav\u00edrn\u00ed sout\u011b\u017ei Paloma O\u00b4Shea ve \u0161pan\u011blsk\u00e9m Santanderu, kter\u00e1 letos slav\u00ed 50 let sv\u00e9 existence, z\u00edskal diplom finalisty. Do jubilejn\u00edho 20. ro\u010dn\u00edku sout\u011b\u017ee se p\u0159ihl\u00e1silo 303 klav\u00edrist\u016f, z nich bylo pozv\u00e1no 129 do v\u00fdb\u011brov\u00fdch p\u0159edkol v Pa\u0159\u00ed\u017ei, Madridu a New [&hellip;]\" \/>\n<meta property=\"og:url\" content=\"https:\/\/novakweb2.eu\/aktuality\/matyas-novak-jednim-ze-6-finalistu-mezinarodni-klavirni-souteze-v-santanderu\/\" \/>\n<meta property=\"og:site_name\" content=\"Maty\u00e1\u0161 Nov\u00e1k\" \/>\n<meta property=\"article:publisher\" content=\"https:\/\/www.facebook.com\/matyasnovakpianist\/\" \/>\n<meta property=\"article:modified_time\" content=\"2023-06-08T12:26:54+00:00\" \/>\n<meta property=\"og:image\" content=\"https:\/\/novakweb2.eu\/wp-content\/uploads\/2023\/06\/image-12.jpeg\" \/>\n\t<meta property=\"og:image:width\" content=\"1170\" \/>\n\t<meta property=\"og:image:height\" content=\"790\" \/>\n\t<meta property=\"og:image:type\" content=\"image\/jpeg\" \/>\n<meta name=\"twitter:card\" content=\"summary_large_image\" \/>\n<meta name=\"twitter:label1\" content=\"Estimated reading time\" \/>\n\t<meta name=\"twitter:data1\" content=\"5 minutes\" \/>\n<script type=\"application\/ld+json\" class=\"yoast-schema-graph\">{\"@context\":\"https:\\\/\\\/schema.org\",\"@graph\":[{\"@type\":\"WebPage\",\"@id\":\"https:\\\/\\\/novakweb2.eu\\\/aktuality\\\/matyas-novak-jednim-ze-6-finalistu-mezinarodni-klavirni-souteze-v-santanderu\\\/\",\"url\":\"https:\\\/\\\/novakweb2.eu\\\/aktuality\\\/matyas-novak-jednim-ze-6-finalistu-mezinarodni-klavirni-souteze-v-santanderu\\\/\",\"name\":\"Maty\u00e1\u0161 Nov\u00e1k jedn\u00edm ze 6 finalist\u016f mezin\u00e1rodn\u00ed klav\u00edrn\u00ed sout\u011b\u017ee v Santanderu ~ Maty\u00e1\u0161 Nov\u00e1k\",\"isPartOf\":{\"@id\":\"https:\\\/\\\/novakweb2.eu\\\/#website\"},\"primaryImageOfPage\":{\"@id\":\"https:\\\/\\\/novakweb2.eu\\\/aktuality\\\/matyas-novak-jednim-ze-6-finalistu-mezinarodni-klavirni-souteze-v-santanderu\\\/#primaryimage\"},\"image\":{\"@id\":\"https:\\\/\\\/novakweb2.eu\\\/aktuality\\\/matyas-novak-jednim-ze-6-finalistu-mezinarodni-klavirni-souteze-v-santanderu\\\/#primaryimage\"},\"thumbnailUrl\":\"https:\\\/\\\/www.matyasnovak.eu\\\/wp-content\\\/uploads\\\/2023\\\/06\\\/image-12.jpeg\",\"datePublished\":\"2022-08-08T12:21:00+00:00\",\"dateModified\":\"2023-06-08T12:26:54+00:00\",\"breadcrumb\":{\"@id\":\"https:\\\/\\\/novakweb2.eu\\\/aktuality\\\/matyas-novak-jednim-ze-6-finalistu-mezinarodni-klavirni-souteze-v-santanderu\\\/#breadcrumb\"},\"inLanguage\":\"en-GB\",\"potentialAction\":[{\"@type\":\"ReadAction\",\"target\":[\"https:\\\/\\\/novakweb2.eu\\\/aktuality\\\/matyas-novak-jednim-ze-6-finalistu-mezinarodni-klavirni-souteze-v-santanderu\\\/\"]}]},{\"@type\":\"ImageObject\",\"inLanguage\":\"en-GB\",\"@id\":\"https:\\\/\\\/novakweb2.eu\\\/aktuality\\\/matyas-novak-jednim-ze-6-finalistu-mezinarodni-klavirni-souteze-v-santanderu\\\/#primaryimage\",\"url\":\"https:\\\/\\\/www.matyasnovak.eu\\\/wp-content\\\/uploads\\\/2023\\\/06\\\/image-12.jpeg\",\"contentUrl\":\"https:\\\/\\\/www.matyasnovak.eu\\\/wp-content\\\/uploads\\\/2023\\\/06\\\/image-12.jpeg\",\"width\":1170,\"height\":790},{\"@type\":\"BreadcrumbList\",\"@id\":\"https:\\\/\\\/novakweb2.eu\\\/aktuality\\\/matyas-novak-jednim-ze-6-finalistu-mezinarodni-klavirni-souteze-v-santanderu\\\/#breadcrumb\",\"itemListElement\":[{\"@type\":\"ListItem\",\"position\":1,\"name\":\"Dom\u016f\",\"item\":\"https:\\\/\\\/www.matyasnovak.eu\\\/\"},{\"@type\":\"ListItem\",\"position\":2,\"name\":\"Maty\u00e1\u0161 Nov\u00e1k jedn\u00edm ze 6 finalist\u016f mezin\u00e1rodn\u00ed klav\u00edrn\u00ed sout\u011b\u017ee v Santanderu\"}]},{\"@type\":\"WebSite\",\"@id\":\"https:\\\/\\\/novakweb2.eu\\\/#website\",\"url\":\"https:\\\/\\\/novakweb2.eu\\\/\",\"name\":\"Maty\u00e1\u0161 Nov\u00e1k\",\"description\":\"\",\"publisher\":{\"@id\":\"https:\\\/\\\/novakweb2.eu\\\/#\\\/schema\\\/person\\\/3fd5dc2f65072c5a94a64eb54623e857\"},\"potentialAction\":[{\"@type\":\"SearchAction\",\"target\":{\"@type\":\"EntryPoint\",\"urlTemplate\":\"https:\\\/\\\/novakweb2.eu\\\/?s={search_term_string}\"},\"query-input\":{\"@type\":\"PropertyValueSpecification\",\"valueRequired\":true,\"valueName\":\"search_term_string\"}}],\"inLanguage\":\"en-GB\"},{\"@type\":[\"Person\",\"Organization\"],\"@id\":\"https:\\\/\\\/novakweb2.eu\\\/#\\\/schema\\\/person\\\/3fd5dc2f65072c5a94a64eb54623e857\",\"name\":\"Maty\u00e1\u0161 Nov\u00e1k\",\"image\":{\"@type\":\"ImageObject\",\"inLanguage\":\"en-GB\",\"@id\":\"https:\\\/\\\/www.matyasnovak.eu\\\/wp-content\\\/uploads\\\/2023\\\/07\\\/foto-lenka-hatasova7233-scaled-1.webp\",\"url\":\"https:\\\/\\\/www.matyasnovak.eu\\\/wp-content\\\/uploads\\\/2023\\\/07\\\/foto-lenka-hatasova7233-scaled-1.webp\",\"contentUrl\":\"https:\\\/\\\/www.matyasnovak.eu\\\/wp-content\\\/uploads\\\/2023\\\/07\\\/foto-lenka-hatasova7233-scaled-1.webp\",\"width\":1792,\"height\":1194,\"caption\":\"Maty\u00e1\u0161 Nov\u00e1k\"},\"logo\":{\"@id\":\"https:\\\/\\\/www.matyasnovak.eu\\\/wp-content\\\/uploads\\\/2023\\\/07\\\/foto-lenka-hatasova7233-scaled-1.webp\"},\"sameAs\":[\"https:\\\/\\\/www.matyasnovak.eu\\\/\",\"https:\\\/\\\/www.facebook.com\\\/matyasnovakpianist\\\/\",\"https:\\\/\\\/www.youtube.com\\\/@matyasnovakpianist1921\"]}]}<\/script>\n<!-- \/ Yoast SEO plugin. -->","yoast_head_json":{"title":"Maty\u00e1\u0161 Nov\u00e1k jedn\u00edm ze 6 finalist\u016f mezin\u00e1rodn\u00ed klav\u00edrn\u00ed sout\u011b\u017ee v Santanderu ~ Maty\u00e1\u0161 Nov\u00e1k","robots":{"index":"index","follow":"follow","max-snippet":"max-snippet:-1","max-image-preview":"max-image-preview:large","max-video-preview":"max-video-preview:-1"},"canonical":"https:\/\/novakweb2.eu\/aktuality\/matyas-novak-jednim-ze-6-finalistu-mezinarodni-klavirni-souteze-v-santanderu\/","og_locale":"en_GB","og_type":"article","og_title":"Maty\u00e1\u0161 Nov\u00e1k jedn\u00edm ze 6 finalist\u016f mezin\u00e1rodn\u00ed klav\u00edrn\u00ed sout\u011b\u017ee v Santanderu ~ Maty\u00e1\u0161 Nov\u00e1k","og_description":"Skv\u011bl\u00e9ho v\u00fdsledku dos\u00e1hl \u010desk\u00fd klav\u00edrista Maty\u00e1\u0161 Nov\u00e1k, student HAMU ve t\u0159\u00edd\u011b Ivana Kl\u00e1nsk\u00e9ho. Na presti\u017en\u00ed mezin\u00e1rodn\u00ed klav\u00edrn\u00ed sout\u011b\u017ei Paloma O\u00b4Shea ve \u0161pan\u011blsk\u00e9m Santanderu, kter\u00e1 letos slav\u00ed 50 let sv\u00e9 existence, z\u00edskal diplom finalisty. Do jubilejn\u00edho 20. ro\u010dn\u00edku sout\u011b\u017ee se p\u0159ihl\u00e1silo 303 klav\u00edrist\u016f, z nich bylo pozv\u00e1no 129 do v\u00fdb\u011brov\u00fdch p\u0159edkol v Pa\u0159\u00ed\u017ei, Madridu a New [&hellip;]","og_url":"https:\/\/novakweb2.eu\/aktuality\/matyas-novak-jednim-ze-6-finalistu-mezinarodni-klavirni-souteze-v-santanderu\/","og_site_name":"Maty\u00e1\u0161 Nov\u00e1k","article_publisher":"https:\/\/www.facebook.com\/matyasnovakpianist\/","article_modified_time":"2023-06-08T12:26:54+00:00","og_image":[{"width":1170,"height":790,"url":"https:\/\/novakweb2.eu\/wp-content\/uploads\/2023\/06\/image-12.jpeg","type":"image\/jpeg"}],"twitter_card":"summary_large_image","twitter_misc":{"Estimated reading time":"5 minutes"},"schema":{"@context":"https:\/\/schema.org","@graph":[{"@type":"WebPage","@id":"https:\/\/novakweb2.eu\/aktuality\/matyas-novak-jednim-ze-6-finalistu-mezinarodni-klavirni-souteze-v-santanderu\/","url":"https:\/\/novakweb2.eu\/aktuality\/matyas-novak-jednim-ze-6-finalistu-mezinarodni-klavirni-souteze-v-santanderu\/","name":"Maty\u00e1\u0161 Nov\u00e1k jedn\u00edm ze 6 finalist\u016f mezin\u00e1rodn\u00ed klav\u00edrn\u00ed sout\u011b\u017ee v Santanderu ~ Maty\u00e1\u0161 Nov\u00e1k","isPartOf":{"@id":"https:\/\/novakweb2.eu\/#website"},"primaryImageOfPage":{"@id":"https:\/\/novakweb2.eu\/aktuality\/matyas-novak-jednim-ze-6-finalistu-mezinarodni-klavirni-souteze-v-santanderu\/#primaryimage"},"image":{"@id":"https:\/\/novakweb2.eu\/aktuality\/matyas-novak-jednim-ze-6-finalistu-mezinarodni-klavirni-souteze-v-santanderu\/#primaryimage"},"thumbnailUrl":"https:\/\/www.matyasnovak.eu\/wp-content\/uploads\/2023\/06\/image-12.jpeg","datePublished":"2022-08-08T12:21:00+00:00","dateModified":"2023-06-08T12:26:54+00:00","breadcrumb":{"@id":"https:\/\/novakweb2.eu\/aktuality\/matyas-novak-jednim-ze-6-finalistu-mezinarodni-klavirni-souteze-v-santanderu\/#breadcrumb"},"inLanguage":"en-GB","potentialAction":[{"@type":"ReadAction","target":["https:\/\/novakweb2.eu\/aktuality\/matyas-novak-jednim-ze-6-finalistu-mezinarodni-klavirni-souteze-v-santanderu\/"]}]},{"@type":"ImageObject","inLanguage":"en-GB","@id":"https:\/\/novakweb2.eu\/aktuality\/matyas-novak-jednim-ze-6-finalistu-mezinarodni-klavirni-souteze-v-santanderu\/#primaryimage","url":"https:\/\/www.matyasnovak.eu\/wp-content\/uploads\/2023\/06\/image-12.jpeg","contentUrl":"https:\/\/www.matyasnovak.eu\/wp-content\/uploads\/2023\/06\/image-12.jpeg","width":1170,"height":790},{"@type":"BreadcrumbList","@id":"https:\/\/novakweb2.eu\/aktuality\/matyas-novak-jednim-ze-6-finalistu-mezinarodni-klavirni-souteze-v-santanderu\/#breadcrumb","itemListElement":[{"@type":"ListItem","position":1,"name":"Dom\u016f","item":"https:\/\/www.matyasnovak.eu\/"},{"@type":"ListItem","position":2,"name":"Maty\u00e1\u0161 Nov\u00e1k jedn\u00edm ze 6 finalist\u016f mezin\u00e1rodn\u00ed klav\u00edrn\u00ed sout\u011b\u017ee v Santanderu"}]},{"@type":"WebSite","@id":"https:\/\/novakweb2.eu\/#website","url":"https:\/\/novakweb2.eu\/","name":"Maty\u00e1\u0161 Nov\u00e1k","description":"","publisher":{"@id":"https:\/\/novakweb2.eu\/#\/schema\/person\/3fd5dc2f65072c5a94a64eb54623e857"},"potentialAction":[{"@type":"SearchAction","target":{"@type":"EntryPoint","urlTemplate":"https:\/\/novakweb2.eu\/?s={search_term_string}"},"query-input":{"@type":"PropertyValueSpecification","valueRequired":true,"valueName":"search_term_string"}}],"inLanguage":"en-GB"},{"@type":["Person","Organization"],"@id":"https:\/\/novakweb2.eu\/#\/schema\/person\/3fd5dc2f65072c5a94a64eb54623e857","name":"Maty\u00e1\u0161 Nov\u00e1k","image":{"@type":"ImageObject","inLanguage":"en-GB","@id":"https:\/\/www.matyasnovak.eu\/wp-content\/uploads\/2023\/07\/foto-lenka-hatasova7233-scaled-1.webp","url":"https:\/\/www.matyasnovak.eu\/wp-content\/uploads\/2023\/07\/foto-lenka-hatasova7233-scaled-1.webp","contentUrl":"https:\/\/www.matyasnovak.eu\/wp-content\/uploads\/2023\/07\/foto-lenka-hatasova7233-scaled-1.webp","width":1792,"height":1194,"caption":"Maty\u00e1\u0161 Nov\u00e1k"},"logo":{"@id":"https:\/\/www.matyasnovak.eu\/wp-content\/uploads\/2023\/07\/foto-lenka-hatasova7233-scaled-1.webp"},"sameAs":["https:\/\/www.matyasnovak.eu\/","https:\/\/www.facebook.com\/matyasnovakpianist\/","https:\/\/www.youtube.com\/@matyasnovakpianist1921"]}]}},"_links":{"self":[{"href":"http:\/\/www.matyasnovak.eu\/en\/wp-json\/wp\/v2\/aktuality\/4094","targetHints":{"allow":["GET"]}}],"collection":[{"href":"http:\/\/www.matyasnovak.eu\/en\/wp-json\/wp\/v2\/aktuality"}],"about":[{"href":"http:\/\/www.matyasnovak.eu\/en\/wp-json\/wp\/v2\/types\/aktuality"}],"version-history":[{"count":0,"href":"http:\/\/www.matyasnovak.eu\/en\/wp-json\/wp\/v2\/aktuality\/4094\/revisions"}],"wp:featuredmedia":[{"embeddable":true,"href":"http:\/\/www.matyasnovak.eu\/en\/wp-json\/wp\/v2\/media\/4096"}],"wp:attachment":[{"href":"http:\/\/www.matyasnovak.eu\/en\/wp-json\/wp\/v2\/media?parent=4094"}],"wp:term":[{"taxonomy":"category","embeddable":true,"href":"http:\/\/www.matyasnovak.eu\/en\/wp-json\/wp\/v2\/categories?post=4094"}],"curies":[{"name":"wp","href":"https:\/\/api.w.org\/{rel}","templated":true}]}}