{"id":4087,"date":"2022-06-15T14:13:00","date_gmt":"2022-06-15T12:13:00","guid":{"rendered":"https:\/\/www.matyasnovak.eu\/?post_type=aktuality&#038;p=4087"},"modified":"2023-06-12T15:09:18","modified_gmt":"2023-06-12T13:09:18","slug":"prijmeni-novak-slavi-ve-svete-uspech-ve-spojeni-se-jmenem-matyas-a-s-klavirem","status":"publish","type":"aktuality","link":"http:\/\/www.matyasnovak.eu\/en\/aktuality\/prijmeni-novak-slavi-ve-svete-uspech-ve-spojeni-se-jmenem-matyas-a-s-klavirem\/","title":{"rendered":"P\u0159\u00edjmen\u00ed Nov\u00e1k slav\u00ed ve sv\u011bt\u011b \u00fasp\u011bch ve spojen\u00ed se jm\u00e9nem Maty\u00e1\u0161 a s klav\u00edrem"},"content":{"rendered":"<p><strong>Jmenujete-li se Nov\u00e1k, pak mus\u00edte po\u010d\u00edtat s t\u00edm, \u017ee je va\u0161e p\u0159\u00edjmen\u00ed v \u010cesku obvykl\u00e9. Mnoho z Nov\u00e1k\u016f najdeme na seznamu osobnost\u00ed, kter\u00e9 vynikaj\u00ed ve sv\u00e9m oboru, nap\u0159\u00edklad klav\u00edristu Maty\u00e1\u0161e Nov\u00e1ka. Se sv\u00fdm s\u00f3lov\u00fdm koncertem se dostal i do programu slavn\u00e9 Carnegie Hall v Americe.<\/strong><\/p>\n\n\n\n<p>Maty\u00e1\u0161 Nov\u00e1k je mlad\u00fd nad\u011bjn\u00fd um\u011blec, kter\u00fd se m\u016f\u017ee chlubit \u00fasp\u011bchy nejen u n\u00e1s. U\u017e jako student konzervato\u0159e se st\u00e1v\u00e1 v\u00edt\u011bzem mezin\u00e1rodn\u00edch sout\u011b\u017e\u00ed a p\u0159ehl\u00eddek, koncertuje v Evrop\u011b i v Asii. D\u00edky mezin\u00e1rodn\u00edm \u00fasp\u011bch\u016fm se dost\u00e1v\u00e1 se sv\u00fdm s\u00f3lov\u00fdm koncertem i do programu slavn\u00e9 Carnegie Hall v Americe.<\/p>\n\n\n\n<p>M\u011bla jsem p\u0159\u00edle\u017eitost setkat se s Maty\u00e1\u0161em na koncert\u011b v prost\u0159ed\u00ed Nov\u00e9ho z\u00e1mku v Kostelci nad Orlic\u00ed. Hraje tam r\u00e1d. Vyu\u017e\u00edv\u00e1m chv\u00edle, kdy pan hrab\u011b Franti\u0161ek Kinsk\u00fd prov\u00e1z\u00ed n\u00e1v\u0161t\u011bvn\u00edky z\u00e1mku a Maty\u00e1\u0161 je\u0161t\u011b nesed\u00ed u klav\u00edru, aby p\u0159edvedl, co um\u00ed.<\/p>\n\n\n\n<p><strong>Hrajete od p\u011bti let, va\u0161e prvn\u00ed mezin\u00e1rodn\u00ed \u00fasp\u011bchy za\u010daly n\u011bkdy ve va\u0161ich sedmn\u00e1cti letech. Vypad\u00e1te velmi mlad\u011b, p\u0159edpokl\u00e1d\u00e1m, \u017ee je\u0161t\u011b studujete?<\/strong><\/p>\n\n\n\n<p>\u201eJe mi dvacet \u010dty\u0159i a jsem studentem pra\u017esk\u00e9 AMU ve t\u0159\u00edd\u011b profesora Kl\u00e1nsk\u00e9ho. Studuji tak\u00e9 na akademii v It\u00e1lii pod veden\u00edm profesora Petrushansk\u00e9ho.\u201c<\/p>\n\n\n\n<p><strong>M\u00e1te toho hodn\u011b, koncerty, \u0161kolu. Jak st\u00edh\u00e1te studium?<\/strong><\/p>\n\n\n\n<p>\u201ePr\u00e1v\u011b te\u010f mne \u010dek\u00e1 z\u00e1v\u011bre\u010dn\u00e1 zkou\u0161ka, aby mi mohl b\u00fdt ud\u011blen bakal\u00e1\u0159sk\u00fd titul. Tak\u00e9 v It\u00e1lii bych m\u011bl studium ukon\u010dit, jezd\u00edm tam u\u017e deset let. Tam mne \u010dek\u00e1 velk\u00fd recit\u00e1l a proveden\u00ed klav\u00edrn\u00edho koncertu, kter\u00fd se v\u011bt\u0161inou hraje s druh\u00fdm klav\u00edrem, a na to se mus\u00edm rovn\u011b\u017e n\u00e1le\u017eit\u011b p\u0159ipravit.\u201c<\/p>\n\n\n\n<p><strong>Kdo objevil v\u00e1\u0161 talent. Jak k tomu do\u0161lo, \u017ee se dost\u00e1v\u00e1te na zahrani\u010dn\u00ed p\u00f3dia?<\/strong><\/p>\n\n\n\n<p>\u201eSout\u011b\u017ee jsou jedna z cest, na kter\u00e9 lze kari\u00e9ru postavit. Kdy\u017e \u010dlov\u011bk za\u010dne na region\u00e1ln\u00edch sout\u011b\u017e\u00edch, pokro\u010d\u00ed na celost\u00e1tn\u00ed a n\u00e1sledn\u011b na ty mezin\u00e1rodn\u00ed.\u201c<\/p>\n\n\n\n<p><strong>Z\u00e1le\u017e\u00ed na profesorovi, kter\u00fd v\u00e1s u\u010d\u00ed?<\/strong><\/p>\n\n\n\n<p>\u201eSamoz\u0159ejm\u011b, zvl\u00e1\u0161t\u011b v d\u011btsk\u00e9m v\u011bku, proto\u017ee kdy\u017e je \u0161patn\u00e9 veden\u00ed, tak i sebev\u011bt\u0161\u00ed talent v podstat\u011b ustrne. Obrovsk\u00fd impuls m\u00e9mu um\u011bleck\u00e9mu v\u00fdvoji dala pan\u00ed profesorka Jitka Fowler Fra\u0148kov\u00e1 z Pardubick\u00e9 konzervato\u0159e.\u201c<\/p>\n\n\n\n<p><strong>Tady jsme sly\u0161eli n\u011bkter\u00e9 skladby, kter\u00e9 na sout\u011b\u017ei, na kterou se chyst\u00e1te, budete hr\u00e1t. Co je to za sout\u011b\u017e?<\/strong><\/p>\n\n\n\n<p>\u201eChyst\u00e1m se na dv\u011b velk\u00e9 sv\u011btov\u00e9 sout\u011b\u017ee. Jedna bude prob\u00edhat na p\u0159elomu \u010dervence a srpna ve \u0161pan\u011blsk\u00e9m Santanderu, kam jsem byl vybr\u00e1n mezi dvacet \u00fa\u010dastn\u00edk\u016f z cel\u00e9ho sv\u011bta. Vyb\u00edralo se z v\u00edce jak t\u0159\u00ed stovek klav\u00edrist\u016f. Druhou akc\u00ed, kter\u00e1 se kon\u00e1 v z\u00e1\u0159\u00ed, je Mezin\u00e1rodn\u00ed klav\u00edrn\u00ed sout\u011b\u017e Ference Liszta v holandsk\u00e9m Utrechtu. Tam jsem se v mezin\u00e1rodn\u00ed \u00fa\u010dasti probojoval mezi deset nejlep\u0161\u00edch klav\u00edrist\u016f. Sout\u011b\u017en\u00ed reperto\u00e1r se skl\u00e1d\u00e1, jak u\u017e vypl\u00fdv\u00e1 z n\u00e1zvu sout\u011b\u017ee, z d\u00edla Ference Liszta. Leto\u0161n\u00ed ro\u010dn\u00edk je t\u00e9\u017e v\u011bnov\u00e1n tvorb\u011b leto\u0161n\u00edho jubilanta Franze Schuberta.\u201c<\/p>\n\n\n\n<p><strong>Kdo a jak interprety vyb\u00edr\u00e1 z tak velk\u00e9ho po\u010dtu?<\/strong><\/p>\n\n\n\n<p>\u201eNap\u0159\u00edklad na sout\u011b\u017e v Santanderu se p\u0159ihl\u00e1silo celkem 303 klav\u00edrist\u016f, kte\u0159\u00ed zaslali sv\u00e9 nahr\u00e1vky, kter\u00e9 pro\u0161ly odborn\u00fdm posouzen\u00edm poroty. N\u00e1sledn\u011b bylo vybr\u00e1no 120 hudebn\u00edk\u016f, kte\u0159\u00ed p\u0159ijeli do Pa\u0159\u00ed\u017ee, Madridu a New Yorku, kde p\u0159edvedli porot\u011b sv\u016fj v\u00fdkon na\u017eivo. Z t\u011bchto lid\u00ed bylo vybr\u00e1no dvacet nejlep\u0161\u00edch. V\u011bt\u0161ina t\u011bchto sout\u011b\u017e\u00ed je ohrani\u010dena v\u011bkem t\u0159iceti, p\u0159\u00edpadn\u011b p\u011btat\u0159iceti let.\u201c<\/p>\n\n\n\n<p><strong>Jak dalece z\u00e1le\u017e\u00ed va\u0161e interpretace na n\u00e1stroji, na klav\u00edru?<\/strong><\/p>\n\n\n\n<p>\u201eNa kvalit\u011b koncertn\u00edho k\u0159\u00eddla bezesporu velice z\u00e1le\u017e\u00ed. Bohu\u017eel se ob\u010das st\u00e1v\u00e1, \u017ee n\u00e1stroj nen\u00ed v\u017edy v \u00fapln\u011b dobr\u00e9 kondici, ale i to je z\u00e1le\u017eitost, se kterou se my klav\u00edrist\u00e9 mus\u00edme um\u011bt vyrovnat a p\u0159izp\u016fsobit se j\u00ed p\u0159\u00edmo na p\u00f3diu.\u201c<\/p>\n\n\n\n<p><strong>Na jak\u00e9m klav\u00edru hrajete tady na z\u00e1mku:<\/strong><\/p>\n\n\n\n<p>\u201eM\u00e1me \u00fapln\u011b norm\u00e1ln\u00ed n\u00e1stroj, kter\u00fd sem byl zakoupen na svatby je\u0161t\u011b v dob\u011b, ne\u017e jsme s agenturou Kinsk\u00fd Art Media za\u010dali spolupracovat. Ale d\u00edky p\u00e9\u010di, kter\u00e9 se mu dost\u00e1v\u00e1, se z n\u011bj poda\u0159ilo ud\u011blat opravdu skv\u011bl\u00fd kousek.\u201c<\/p>\n\n\n\n<p><strong>Koncert, kter\u00fd jsem sly\u0161ela, byl obrovsk\u00fd z\u00e1\u017eitek. Kdy\u017e hrajete, tak skladbu pro\u017e\u00edv\u00e1te. Jak dalece v\u00e1s to t\u0159eba vy\u010derp\u00e1v\u00e1?<\/strong><\/p>\n\n\n\n<p>\u201eHr\u00e1t na jednom koncert\u011b program sestaven\u00fd z velmi virtu\u00f3zn\u00edch d\u011bl je samoz\u0159ejm\u011b velmi n\u00e1ro\u010dn\u00e9, mimo jin\u00e9 mus\u00ed m\u00edt interpret mimo\u0159\u00e1dnou fyzickou kondici. Na\u0161t\u011bst\u00ed velkou oporou a pomoc\u00ed je publikum, nebo\u0165 vz\u00e1jemn\u00e1 interakce velmi nab\u00edj\u00ed. Okam\u017eiky, kdy se poda\u0159\u00ed nav\u00e1zat s poslucha\u010di onen kr\u00e1sn\u00fd kontakt, jsou nepopsateln\u00e9 a d\u00e1vaj\u00ed sna\u017een\u00ed hudebn\u00edka smysl.\u201c<\/p>\n\n\n\n<p><strong>Jak vy, jako interpret, m\u016f\u017eete ovlivnit to, co je naps\u00e1no autorem, aby skladba byla odli\u0161n\u00e1 od toho, jak ji hraje jin\u00fd interpret?<\/strong><\/p>\n\n\n\n<p>\u201eV prvn\u00ed \u0159ad\u011b mus\u00edm dodr\u017eet v\u0161echno, co tam napsal skladatel. Pak p\u0159ich\u00e1z\u00ed ta kr\u00e1sn\u00e1 \u010d\u00e1st zr\u00e1n\u00ed skladby, kdy tam mus\u00edm dodat kus sebe, aby to byla ta prav\u00e1 um\u011bleck\u00e1 \u010dinnost. Abych nikoho nekop\u00edroval, abych nehr\u00e1l stejn\u011b, jak u\u017e to n\u011bkdo hr\u00e1l. V\u017edycky se sna\u017e\u00edm k t\u00e9 skladb\u011b nal\u00e9zt n\u011bjak\u00fd osobit\u00fd p\u0159\u00edstup, ale v\u017edy na z\u00e1klad\u011b p\u0159esn\u00e9ho dodr\u017een\u00ed pokyn\u016f skladatele.\u201c<\/p>\n\n\n\n<p><strong>V\u00edm, \u017ee jste hr\u00e1l krom\u011b jin\u00fdch hudebn\u00edch t\u011bles i s na\u0161imi rozhlasov\u00fdmi symfoniky, jak se v\u00e1m s nimi hr\u00e1lo?<\/strong><\/p>\n\n\n\n<p>\u201eMus\u00edm \u0159\u00edct, \u017ee je to u\u017e hodn\u011b d\u00e1vno, co jsem s nimi naposledy hr\u00e1l. Ale vybavuji si, \u017ee to byla kr\u00e1sn\u00e1 zku\u0161enost. Jedn\u00e1 se o skv\u011bl\u00fd orchestr a budu moc r\u00e1d, kdy\u017e si se Symfonick\u00fdm orchestrem \u010cesk\u00e9ho rozhlasu zase n\u011bkdy v budoucnu zahraji.\u201c<\/p>\n\n\n\n<p><strong>Kam sm\u011b\u0159ujete d\u00e1l, budete pokra\u010dovat ve studiu?<\/strong><\/p>\n\n\n\n<p>\u201eNikdy bych nem\u011bl m\u00edt takov\u00fd pocit, \u017ee v\u0161echno um\u00edm. Ur\u010dit\u011b jsou skladby nebo sp\u00ed\u0161 skladatel\u00e9, u kter\u00fdch bych se mohl je\u0161t\u011b hodn\u011b u\u010dit. Ov\u0161em m\u00fdm velk\u00fdm snem je p\u0159idat si ke klav\u00edru je\u0161t\u011b dirigov\u00e1n\u00ed. Tak\u017ee bych se v budoucnu moc r\u00e1d v\u011bnoval ob\u011bma discipl\u00edn\u00e1m.\u201c<\/p>\n\n\n\n<p>Maty\u00e1\u0161e \u010dek\u00e1 krom\u011b sout\u011b\u017e\u00ed pr\u00e1v\u011b te\u010f zkou\u0161kov\u00e9 obdob\u00ed. Zn\u00ed to skoro neuv\u011b\u0159iteln\u011b, ale st\u00edh\u00e1 se krom\u011b hudby v\u011bnovat je\u0161t\u011b chovatelstv\u00ed a p\u011bstitelstv\u00ed. Miluje pr\u00fd tak\u00e9 \u017eeleznici a v\u0161echno kolem drah. Te\u010f mi teprve doch\u00e1z\u00ed, \u017ee mi cht\u011bl poradit, v kolik mi jede vlak do Prahy. Tak p\u0159\u00ed\u0161t\u011b tuhle jeho zaj\u00edmavou z\u00e1libu ur\u010dit\u011b vyu\u017eiji.<\/p>\n\n\n\n<div class=\"wp-block-buttons is-horizontal is-layout-flex wp-block-buttons-is-layout-flex\">\n<div class=\"wp-block-button has-custom-font-size is-style-fill has-small-font-size\" style=\"font-style:normal;font-weight:500\"><a class=\"wp-block-button__link has-black-color has-pale-cyan-blue-background-color has-text-color has-background wp-element-button\" href=\"https:\/\/cesky.radio.cz\/prijmeni-novak-slavi-ve-svete-uspech-ve-spojeni-se-jmenem-matyas-a-s-klavirem-8753290\" style=\"border-radius:100px\" target=\"_blank\" rel=\"noreferrer noopener\">Source<\/a><\/div>\n<\/div>","protected":false},"featured_media":3045,"template":"","meta":{"_acf_changed":false},"categories":[161],"class_list":["post-4087","aktuality","type-aktuality","status-publish","has-post-thumbnail","hentry","category-tisk"],"acf":[],"yoast_head":"<!-- This site is optimized with the Yoast SEO plugin v27.4 - https:\/\/yoast.com\/product\/yoast-seo-wordpress\/ -->\n<title>P\u0159\u00edjmen\u00ed Nov\u00e1k slav\u00ed ve sv\u011bt\u011b \u00fasp\u011bch ve spojen\u00ed se jm\u00e9nem Maty\u00e1\u0161 a s klav\u00edrem ~ Maty\u00e1\u0161 Nov\u00e1k<\/title>\n<meta name=\"robots\" content=\"index, follow, max-snippet:-1, max-image-preview:large, max-video-preview:-1\" \/>\n<link rel=\"canonical\" href=\"https:\/\/novakweb2.eu\/aktuality\/prijmeni-novak-slavi-ve-svete-uspech-ve-spojeni-se-jmenem-matyas-a-s-klavirem\/\" \/>\n<meta property=\"og:locale\" content=\"en_GB\" \/>\n<meta property=\"og:type\" content=\"article\" \/>\n<meta property=\"og:title\" content=\"P\u0159\u00edjmen\u00ed Nov\u00e1k slav\u00ed ve sv\u011bt\u011b \u00fasp\u011bch ve spojen\u00ed se jm\u00e9nem Maty\u00e1\u0161 a s klav\u00edrem ~ Maty\u00e1\u0161 Nov\u00e1k\" \/>\n<meta property=\"og:description\" content=\"Jmenujete-li se Nov\u00e1k, pak mus\u00edte po\u010d\u00edtat s t\u00edm, \u017ee je va\u0161e p\u0159\u00edjmen\u00ed v \u010cesku obvykl\u00e9. Mnoho z Nov\u00e1k\u016f najdeme na seznamu osobnost\u00ed, kter\u00e9 vynikaj\u00ed ve sv\u00e9m oboru, nap\u0159\u00edklad klav\u00edristu Maty\u00e1\u0161e Nov\u00e1ka. Se sv\u00fdm s\u00f3lov\u00fdm koncertem se dostal i do programu slavn\u00e9 Carnegie Hall v Americe. Maty\u00e1\u0161 Nov\u00e1k je mlad\u00fd nad\u011bjn\u00fd um\u011blec, kter\u00fd se m\u016f\u017ee chlubit [&hellip;]\" \/>\n<meta property=\"og:url\" content=\"https:\/\/novakweb2.eu\/aktuality\/prijmeni-novak-slavi-ve-svete-uspech-ve-spojeni-se-jmenem-matyas-a-s-klavirem\/\" \/>\n<meta property=\"og:site_name\" content=\"Maty\u00e1\u0161 Nov\u00e1k\" \/>\n<meta property=\"article:publisher\" content=\"https:\/\/www.facebook.com\/matyasnovakpianist\/\" \/>\n<meta property=\"article:modified_time\" content=\"2023-06-12T13:09:18+00:00\" \/>\n<meta property=\"og:image\" content=\"https:\/\/novakweb2.eu\/wp-content\/uploads\/2023\/04\/3A-Martina-Wiesner-scaled.jpg\" \/>\n\t<meta property=\"og:image:width\" content=\"2560\" \/>\n\t<meta property=\"og:image:height\" content=\"1706\" \/>\n\t<meta property=\"og:image:type\" content=\"image\/jpeg\" \/>\n<meta name=\"twitter:card\" content=\"summary_large_image\" \/>\n<meta name=\"twitter:label1\" content=\"Estimated reading time\" \/>\n\t<meta name=\"twitter:data1\" content=\"5 minutes\" \/>\n<script type=\"application\/ld+json\" class=\"yoast-schema-graph\">{\"@context\":\"https:\\\/\\\/schema.org\",\"@graph\":[{\"@type\":\"WebPage\",\"@id\":\"https:\\\/\\\/novakweb2.eu\\\/aktuality\\\/prijmeni-novak-slavi-ve-svete-uspech-ve-spojeni-se-jmenem-matyas-a-s-klavirem\\\/\",\"url\":\"https:\\\/\\\/novakweb2.eu\\\/aktuality\\\/prijmeni-novak-slavi-ve-svete-uspech-ve-spojeni-se-jmenem-matyas-a-s-klavirem\\\/\",\"name\":\"P\u0159\u00edjmen\u00ed Nov\u00e1k slav\u00ed ve sv\u011bt\u011b \u00fasp\u011bch ve spojen\u00ed se jm\u00e9nem Maty\u00e1\u0161 a s klav\u00edrem ~ Maty\u00e1\u0161 Nov\u00e1k\",\"isPartOf\":{\"@id\":\"https:\\\/\\\/novakweb2.eu\\\/#website\"},\"primaryImageOfPage\":{\"@id\":\"https:\\\/\\\/novakweb2.eu\\\/aktuality\\\/prijmeni-novak-slavi-ve-svete-uspech-ve-spojeni-se-jmenem-matyas-a-s-klavirem\\\/#primaryimage\"},\"image\":{\"@id\":\"https:\\\/\\\/novakweb2.eu\\\/aktuality\\\/prijmeni-novak-slavi-ve-svete-uspech-ve-spojeni-se-jmenem-matyas-a-s-klavirem\\\/#primaryimage\"},\"thumbnailUrl\":\"https:\\\/\\\/www.matyasnovak.eu\\\/wp-content\\\/uploads\\\/2023\\\/04\\\/3A-Martina-Wiesner-scaled.jpg\",\"datePublished\":\"2022-06-15T12:13:00+00:00\",\"dateModified\":\"2023-06-12T13:09:18+00:00\",\"breadcrumb\":{\"@id\":\"https:\\\/\\\/novakweb2.eu\\\/aktuality\\\/prijmeni-novak-slavi-ve-svete-uspech-ve-spojeni-se-jmenem-matyas-a-s-klavirem\\\/#breadcrumb\"},\"inLanguage\":\"en-GB\",\"potentialAction\":[{\"@type\":\"ReadAction\",\"target\":[\"https:\\\/\\\/novakweb2.eu\\\/aktuality\\\/prijmeni-novak-slavi-ve-svete-uspech-ve-spojeni-se-jmenem-matyas-a-s-klavirem\\\/\"]}]},{\"@type\":\"ImageObject\",\"inLanguage\":\"en-GB\",\"@id\":\"https:\\\/\\\/novakweb2.eu\\\/aktuality\\\/prijmeni-novak-slavi-ve-svete-uspech-ve-spojeni-se-jmenem-matyas-a-s-klavirem\\\/#primaryimage\",\"url\":\"https:\\\/\\\/www.matyasnovak.eu\\\/wp-content\\\/uploads\\\/2023\\\/04\\\/3A-Martina-Wiesner-scaled.jpg\",\"contentUrl\":\"https:\\\/\\\/www.matyasnovak.eu\\\/wp-content\\\/uploads\\\/2023\\\/04\\\/3A-Martina-Wiesner-scaled.jpg\",\"width\":2560,\"height\":1706,\"caption\":\"mn-galerie Maty\u00e1\u0161 Nov\u00e1k\"},{\"@type\":\"BreadcrumbList\",\"@id\":\"https:\\\/\\\/novakweb2.eu\\\/aktuality\\\/prijmeni-novak-slavi-ve-svete-uspech-ve-spojeni-se-jmenem-matyas-a-s-klavirem\\\/#breadcrumb\",\"itemListElement\":[{\"@type\":\"ListItem\",\"position\":1,\"name\":\"Dom\u016f\",\"item\":\"https:\\\/\\\/www.matyasnovak.eu\\\/\"},{\"@type\":\"ListItem\",\"position\":2,\"name\":\"P\u0159\u00edjmen\u00ed Nov\u00e1k slav\u00ed ve sv\u011bt\u011b \u00fasp\u011bch ve spojen\u00ed se jm\u00e9nem Maty\u00e1\u0161 a s klav\u00edrem\"}]},{\"@type\":\"WebSite\",\"@id\":\"https:\\\/\\\/novakweb2.eu\\\/#website\",\"url\":\"https:\\\/\\\/novakweb2.eu\\\/\",\"name\":\"Maty\u00e1\u0161 Nov\u00e1k\",\"description\":\"\",\"publisher\":{\"@id\":\"https:\\\/\\\/novakweb2.eu\\\/#\\\/schema\\\/person\\\/3fd5dc2f65072c5a94a64eb54623e857\"},\"potentialAction\":[{\"@type\":\"SearchAction\",\"target\":{\"@type\":\"EntryPoint\",\"urlTemplate\":\"https:\\\/\\\/novakweb2.eu\\\/?s={search_term_string}\"},\"query-input\":{\"@type\":\"PropertyValueSpecification\",\"valueRequired\":true,\"valueName\":\"search_term_string\"}}],\"inLanguage\":\"en-GB\"},{\"@type\":[\"Person\",\"Organization\"],\"@id\":\"https:\\\/\\\/novakweb2.eu\\\/#\\\/schema\\\/person\\\/3fd5dc2f65072c5a94a64eb54623e857\",\"name\":\"Maty\u00e1\u0161 Nov\u00e1k\",\"image\":{\"@type\":\"ImageObject\",\"inLanguage\":\"en-GB\",\"@id\":\"https:\\\/\\\/www.matyasnovak.eu\\\/wp-content\\\/uploads\\\/2023\\\/07\\\/foto-lenka-hatasova7233-scaled-1.webp\",\"url\":\"https:\\\/\\\/www.matyasnovak.eu\\\/wp-content\\\/uploads\\\/2023\\\/07\\\/foto-lenka-hatasova7233-scaled-1.webp\",\"contentUrl\":\"https:\\\/\\\/www.matyasnovak.eu\\\/wp-content\\\/uploads\\\/2023\\\/07\\\/foto-lenka-hatasova7233-scaled-1.webp\",\"width\":1792,\"height\":1194,\"caption\":\"Maty\u00e1\u0161 Nov\u00e1k\"},\"logo\":{\"@id\":\"https:\\\/\\\/www.matyasnovak.eu\\\/wp-content\\\/uploads\\\/2023\\\/07\\\/foto-lenka-hatasova7233-scaled-1.webp\"},\"sameAs\":[\"https:\\\/\\\/www.matyasnovak.eu\\\/\",\"https:\\\/\\\/www.facebook.com\\\/matyasnovakpianist\\\/\",\"https:\\\/\\\/www.youtube.com\\\/@matyasnovakpianist1921\"]}]}<\/script>\n<!-- \/ Yoast SEO plugin. -->","yoast_head_json":{"title":"P\u0159\u00edjmen\u00ed Nov\u00e1k slav\u00ed ve sv\u011bt\u011b \u00fasp\u011bch ve spojen\u00ed se jm\u00e9nem Maty\u00e1\u0161 a s klav\u00edrem ~ Maty\u00e1\u0161 Nov\u00e1k","robots":{"index":"index","follow":"follow","max-snippet":"max-snippet:-1","max-image-preview":"max-image-preview:large","max-video-preview":"max-video-preview:-1"},"canonical":"https:\/\/novakweb2.eu\/aktuality\/prijmeni-novak-slavi-ve-svete-uspech-ve-spojeni-se-jmenem-matyas-a-s-klavirem\/","og_locale":"en_GB","og_type":"article","og_title":"P\u0159\u00edjmen\u00ed Nov\u00e1k slav\u00ed ve sv\u011bt\u011b \u00fasp\u011bch ve spojen\u00ed se jm\u00e9nem Maty\u00e1\u0161 a s klav\u00edrem ~ Maty\u00e1\u0161 Nov\u00e1k","og_description":"Jmenujete-li se Nov\u00e1k, pak mus\u00edte po\u010d\u00edtat s t\u00edm, \u017ee je va\u0161e p\u0159\u00edjmen\u00ed v \u010cesku obvykl\u00e9. Mnoho z Nov\u00e1k\u016f najdeme na seznamu osobnost\u00ed, kter\u00e9 vynikaj\u00ed ve sv\u00e9m oboru, nap\u0159\u00edklad klav\u00edristu Maty\u00e1\u0161e Nov\u00e1ka. Se sv\u00fdm s\u00f3lov\u00fdm koncertem se dostal i do programu slavn\u00e9 Carnegie Hall v Americe. Maty\u00e1\u0161 Nov\u00e1k je mlad\u00fd nad\u011bjn\u00fd um\u011blec, kter\u00fd se m\u016f\u017ee chlubit [&hellip;]","og_url":"https:\/\/novakweb2.eu\/aktuality\/prijmeni-novak-slavi-ve-svete-uspech-ve-spojeni-se-jmenem-matyas-a-s-klavirem\/","og_site_name":"Maty\u00e1\u0161 Nov\u00e1k","article_publisher":"https:\/\/www.facebook.com\/matyasnovakpianist\/","article_modified_time":"2023-06-12T13:09:18+00:00","og_image":[{"width":2560,"height":1706,"url":"https:\/\/novakweb2.eu\/wp-content\/uploads\/2023\/04\/3A-Martina-Wiesner-scaled.jpg","type":"image\/jpeg"}],"twitter_card":"summary_large_image","twitter_misc":{"Estimated reading time":"5 minutes"},"schema":{"@context":"https:\/\/schema.org","@graph":[{"@type":"WebPage","@id":"https:\/\/novakweb2.eu\/aktuality\/prijmeni-novak-slavi-ve-svete-uspech-ve-spojeni-se-jmenem-matyas-a-s-klavirem\/","url":"https:\/\/novakweb2.eu\/aktuality\/prijmeni-novak-slavi-ve-svete-uspech-ve-spojeni-se-jmenem-matyas-a-s-klavirem\/","name":"P\u0159\u00edjmen\u00ed Nov\u00e1k slav\u00ed ve sv\u011bt\u011b \u00fasp\u011bch ve spojen\u00ed se jm\u00e9nem Maty\u00e1\u0161 a s klav\u00edrem ~ Maty\u00e1\u0161 Nov\u00e1k","isPartOf":{"@id":"https:\/\/novakweb2.eu\/#website"},"primaryImageOfPage":{"@id":"https:\/\/novakweb2.eu\/aktuality\/prijmeni-novak-slavi-ve-svete-uspech-ve-spojeni-se-jmenem-matyas-a-s-klavirem\/#primaryimage"},"image":{"@id":"https:\/\/novakweb2.eu\/aktuality\/prijmeni-novak-slavi-ve-svete-uspech-ve-spojeni-se-jmenem-matyas-a-s-klavirem\/#primaryimage"},"thumbnailUrl":"https:\/\/www.matyasnovak.eu\/wp-content\/uploads\/2023\/04\/3A-Martina-Wiesner-scaled.jpg","datePublished":"2022-06-15T12:13:00+00:00","dateModified":"2023-06-12T13:09:18+00:00","breadcrumb":{"@id":"https:\/\/novakweb2.eu\/aktuality\/prijmeni-novak-slavi-ve-svete-uspech-ve-spojeni-se-jmenem-matyas-a-s-klavirem\/#breadcrumb"},"inLanguage":"en-GB","potentialAction":[{"@type":"ReadAction","target":["https:\/\/novakweb2.eu\/aktuality\/prijmeni-novak-slavi-ve-svete-uspech-ve-spojeni-se-jmenem-matyas-a-s-klavirem\/"]}]},{"@type":"ImageObject","inLanguage":"en-GB","@id":"https:\/\/novakweb2.eu\/aktuality\/prijmeni-novak-slavi-ve-svete-uspech-ve-spojeni-se-jmenem-matyas-a-s-klavirem\/#primaryimage","url":"https:\/\/www.matyasnovak.eu\/wp-content\/uploads\/2023\/04\/3A-Martina-Wiesner-scaled.jpg","contentUrl":"https:\/\/www.matyasnovak.eu\/wp-content\/uploads\/2023\/04\/3A-Martina-Wiesner-scaled.jpg","width":2560,"height":1706,"caption":"mn-galerie Maty\u00e1\u0161 Nov\u00e1k"},{"@type":"BreadcrumbList","@id":"https:\/\/novakweb2.eu\/aktuality\/prijmeni-novak-slavi-ve-svete-uspech-ve-spojeni-se-jmenem-matyas-a-s-klavirem\/#breadcrumb","itemListElement":[{"@type":"ListItem","position":1,"name":"Dom\u016f","item":"https:\/\/www.matyasnovak.eu\/"},{"@type":"ListItem","position":2,"name":"P\u0159\u00edjmen\u00ed Nov\u00e1k slav\u00ed ve sv\u011bt\u011b \u00fasp\u011bch ve spojen\u00ed se jm\u00e9nem Maty\u00e1\u0161 a s klav\u00edrem"}]},{"@type":"WebSite","@id":"https:\/\/novakweb2.eu\/#website","url":"https:\/\/novakweb2.eu\/","name":"Maty\u00e1\u0161 Nov\u00e1k","description":"","publisher":{"@id":"https:\/\/novakweb2.eu\/#\/schema\/person\/3fd5dc2f65072c5a94a64eb54623e857"},"potentialAction":[{"@type":"SearchAction","target":{"@type":"EntryPoint","urlTemplate":"https:\/\/novakweb2.eu\/?s={search_term_string}"},"query-input":{"@type":"PropertyValueSpecification","valueRequired":true,"valueName":"search_term_string"}}],"inLanguage":"en-GB"},{"@type":["Person","Organization"],"@id":"https:\/\/novakweb2.eu\/#\/schema\/person\/3fd5dc2f65072c5a94a64eb54623e857","name":"Maty\u00e1\u0161 Nov\u00e1k","image":{"@type":"ImageObject","inLanguage":"en-GB","@id":"https:\/\/www.matyasnovak.eu\/wp-content\/uploads\/2023\/07\/foto-lenka-hatasova7233-scaled-1.webp","url":"https:\/\/www.matyasnovak.eu\/wp-content\/uploads\/2023\/07\/foto-lenka-hatasova7233-scaled-1.webp","contentUrl":"https:\/\/www.matyasnovak.eu\/wp-content\/uploads\/2023\/07\/foto-lenka-hatasova7233-scaled-1.webp","width":1792,"height":1194,"caption":"Maty\u00e1\u0161 Nov\u00e1k"},"logo":{"@id":"https:\/\/www.matyasnovak.eu\/wp-content\/uploads\/2023\/07\/foto-lenka-hatasova7233-scaled-1.webp"},"sameAs":["https:\/\/www.matyasnovak.eu\/","https:\/\/www.facebook.com\/matyasnovakpianist\/","https:\/\/www.youtube.com\/@matyasnovakpianist1921"]}]}},"_links":{"self":[{"href":"http:\/\/www.matyasnovak.eu\/en\/wp-json\/wp\/v2\/aktuality\/4087","targetHints":{"allow":["GET"]}}],"collection":[{"href":"http:\/\/www.matyasnovak.eu\/en\/wp-json\/wp\/v2\/aktuality"}],"about":[{"href":"http:\/\/www.matyasnovak.eu\/en\/wp-json\/wp\/v2\/types\/aktuality"}],"version-history":[{"count":0,"href":"http:\/\/www.matyasnovak.eu\/en\/wp-json\/wp\/v2\/aktuality\/4087\/revisions"}],"wp:featuredmedia":[{"embeddable":true,"href":"http:\/\/www.matyasnovak.eu\/en\/wp-json\/wp\/v2\/media\/3045"}],"wp:attachment":[{"href":"http:\/\/www.matyasnovak.eu\/en\/wp-json\/wp\/v2\/media?parent=4087"}],"wp:term":[{"taxonomy":"category","embeddable":true,"href":"http:\/\/www.matyasnovak.eu\/en\/wp-json\/wp\/v2\/categories?post=4087"}],"curies":[{"name":"wp","href":"https:\/\/api.w.org\/{rel}","templated":true}]}}